{"id":4899,"date":"2023-07-26T16:24:48","date_gmt":"2023-07-26T14:24:48","guid":{"rendered":"https:\/\/www.domaine-valinches.fr\/location-salles-de-reunion\/"},"modified":"2023-08-23T16:36:33","modified_gmt":"2023-08-23T14:36:33","slug":"corporate-meetings-hosting","status":"publish","type":"page","link":"https:\/\/www.domaine-valinches.fr\/en\/corporate-meetings-hosting\/","title":{"rendered":"Host corporate meetings"},"content":{"rendered":"<div id='full_slider_1'  class='avia-fullwidth-slider main_color avia-shadow   avia-builder-el-0  el_before_av_one_full  avia-builder-el-first   container_wrap fullsize'  ><div  class='avia-slideshow av-66o7w7-fd8bedbaa60ef228367059605d79fe69 avia-slideshow-no scaling av_slideshow_full avia-slide-slider av-slideshow-ui av-control-hidden av-no-slider-navigation av-hide-nav-arrows av-slideshow-manual av-loop-once av-loop-manual-endless av-default-height-applied   avia-slideshow-1' data-slideshow-options=\"{&quot;animation&quot;:&quot;slide&quot;,&quot;autoplay&quot;:false,&quot;loop_autoplay&quot;:&quot;once&quot;,&quot;interval&quot;:5,&quot;loop_manual&quot;:&quot;manual-endless&quot;,&quot;autoplay_stopper&quot;:false,&quot;noNavigation&quot;:true,&quot;bg_slider&quot;:false,&quot;keep_padding&quot;:false,&quot;hoverpause&quot;:false,&quot;show_slide_delay&quot;:0}\"  itemprop=\"image\" itemscope=\"itemscope\" itemtype=\"https:\/\/schema.org\/ImageObject\" ><ul class='avia-slideshow-inner ' style='padding-bottom: 32.291666666667%;'><li  class='avia-slideshow-slide av-66o7w7-fd8bedbaa60ef228367059605d79fe69__0  av-single-slide slide-1 slide-odd'><div data-rel='slideshow-1' class='avia-slide-wrap '   ><img decoding=\"async\" fetchpriority=\"high\" class=\"wp-image-4733 avia-img-lazy-loading-not-4733\"  src=\"https:\/\/www.domaine-valinches.fr\/wp-content\/uploads\/2023\/07\/salle-reunion-loire-42.jpg\" width=\"1920\" height=\"620\" title='salle-reunion-loire-42' alt=''  itemprop=\"thumbnailUrl\" srcset=\"https:\/\/www.domaine-valinches.fr\/wp-content\/uploads\/2023\/07\/salle-reunion-loire-42.jpg 1920w, https:\/\/www.domaine-valinches.fr\/wp-content\/uploads\/2023\/07\/salle-reunion-loire-42-300x97.jpg 300w, https:\/\/www.domaine-valinches.fr\/wp-content\/uploads\/2023\/07\/salle-reunion-loire-42-1030x333.jpg 1030w, https:\/\/www.domaine-valinches.fr\/wp-content\/uploads\/2023\/07\/salle-reunion-loire-42-768x248.jpg 768w, https:\/\/www.domaine-valinches.fr\/wp-content\/uploads\/2023\/07\/salle-reunion-loire-42-1536x496.jpg 1536w, https:\/\/www.domaine-valinches.fr\/wp-content\/uploads\/2023\/07\/salle-reunion-loire-42-1500x484.jpg 1500w, https:\/\/www.domaine-valinches.fr\/wp-content\/uploads\/2023\/07\/salle-reunion-loire-42-705x228.jpg 705w\" sizes=\"(max-width: 1920px) 100vw, 1920px\" \/><\/div><\/li><\/ul><\/div><\/div><div id='after_full_slider_1'  class='main_color av_default_container_wrap container_wrap fullsize'  ><div class='container av-section-cont-open' ><div class='template-page content  av-content-full alpha units'><div class='post-entry post-entry-type-page post-entry-4899'><div class='entry-content-wrapper clearfix'>\n\n<style type=\"text\/css\" data-created_by=\"avia_inline_auto\" id=\"style-css-av-1n6ua07-6f86f51a0c868735ac15292a8d8eb8d2\">\n.flex_column.av-1n6ua07-6f86f51a0c868735ac15292a8d8eb8d2{\n-webkit-border-radius:0px 0px 0px 0px;\n-moz-border-radius:0px 0px 0px 0px;\nborder-radius:0px 0px 0px 0px;\npadding:0px 0px 0px 0px;\n}\n<\/style>\n<div  class='flex_column av-1n6ua07-6f86f51a0c868735ac15292a8d8eb8d2 av_one_full  avia-builder-el-1  el_after_av_slideshow_full  el_before_av_one_half  avia-builder-el-first  first flex_column_div av-zero-column-padding  '     ><section  class='av_textblock_section av-1l44lav-b9b2a0da710640a9c82bc14ea6622cf1 '   itemscope=\"itemscope\" itemtype=\"https:\/\/schema.org\/CreativeWork\" ><div class='avia_textblock'  itemprop=\"text\" ><h1 style=\"text-align: center;\">Host corporate meetings at Domaine et Ch\u00e2teau de Valinches<\/h1>\n<\/div><\/section><br \/>\n\n<style type=\"text\/css\" data-created_by=\"avia_inline_auto\" id=\"style-css-av-5ky413-8d40e7f9c16e3c9e73940cf1103a0004\">\n#top .hr.hr-invisible.av-5ky413-8d40e7f9c16e3c9e73940cf1103a0004{\nheight:10px;\n}\n<\/style>\n<div  class='hr av-5ky413-8d40e7f9c16e3c9e73940cf1103a0004 hr-invisible  avia-builder-el-3  el_after_av_textblock  el_before_av_textblock '><span class='hr-inner '><span class=\"hr-inner-style\"><\/span><\/span><\/div><br \/>\n<section  class='av_textblock_section av-1dvuy7b-f739b33e60a043c872dc0a1376ac1e5e '   itemscope=\"itemscope\" itemtype=\"https:\/\/schema.org\/CreativeWork\" ><div class='avia_textblock'  itemprop=\"text\" ><h2 style=\"text-align: center;\">A unique and authentic multipurpose seminar venue close to Lyon<\/h2>\n<p>All our corporate spaces are fitted with the necessary equipment to ensure your event is a success, offering perks with an ideal combination of modernity, flexibility, conviviality, and certainly a change of scenery.<br \/>\nOur team of experienced and creative events specialists will provide personalised assistance to help you put on a unique event that ticks all the boxes.<\/p>\n<\/div><\/section><br \/>\n\n<style type=\"text\/css\" data-created_by=\"avia_inline_auto\" id=\"style-css-av-lkjtbsed-66f5154065ead7d7c3a47d15322a3ef8\">\n#top .hr.hr-invisible.av-lkjtbsed-66f5154065ead7d7c3a47d15322a3ef8{\nheight:10px;\n}\n<\/style>\n<div  class='hr av-lkjtbsed-66f5154065ead7d7c3a47d15322a3ef8 hr-invisible  avia-builder-el-5  el_after_av_textblock  el_before_av_textblock '><span class='hr-inner '><span class=\"hr-inner-style\"><\/span><\/span><\/div><br \/>\n<section  class='av_textblock_section av-11jyd9z-ac974f3e34a91a0ca22d6c23143eba9e '   itemscope=\"itemscope\" itemtype=\"https:\/\/schema.org\/CreativeWork\" ><div class='avia_textblock'  itemprop=\"text\" ><h3>Our assembly rooms:<\/h3>\n<p>Our grounds include a majestic reception room spanning 290 m2, and 3 seminar rooms of approximately 40 m2 each.<\/p>\n<ul>\n<li><strong>The Grand Reception Room<\/strong> (290m\u00b2 floor space with a 45m\u00b2 stage) offers a blend of traditional charm and the convenience of a multipurpose meeting room for your corporate gatherings, dinners and parties. Capacity:\n<ul class=\"piktos\">\n<li class=\"debout\" title=\"250 personnes debout\">250<\/li>\n<li class=\"assis\" title=\"250 personnes assises en format th\u00e9\u00e2tre\">250<\/li>\n<li class=\"table\" title=\"jusqu\u2019\u00e0 200 places assises en format table\">200<\/li>\n<\/ul>\n<\/li>\n<li><strong>The Roseraie Salon <\/strong> (42m\u00b2), offers a cosy atmosphere in a characterful setting. Perfect for small-attendance meetings. Capacity:\n<ul class=\"piktos\">\n<li class=\"debout\" title=\"42 personnes debout\">42<\/li>\n<li class=\"assis\" title=\"23 personnes assises en format conf\u00e9rence\">23<\/li>\n<li class=\"table\" title=\"20 places assises en format table\">20<\/li>\n<\/ul>\n<\/li>\n<li><strong>The Park Salon<\/strong> \u00a0(29m\u00b2), features a balcony that opens out onto the Domaine\u2019s pond and 15 hectares of greenery. Perfect for brainstorming workshops. Capacity :\n<ul class=\"piktos\">\n<li class=\"debout\" title=\"30 personnes debout\">30<\/li>\n<li class=\"table\" title=\"18 places assises en format table\">18<\/li>\n<\/ul>\n<\/li>\n<li><strong>The Tower Salon <\/strong> (43m\u00b2), is a versatile venue in terms of possible layouts. Its refined decor makes it an ideal location for formal sessions. Capacity:\n<ul class=\"piktos\">\n<li class=\"debout\" title=\"43 personnes debout\">43<\/li>\n<li class=\"assis\" title=\"40 personnes assises en format conf\u00e9rence\">40<\/li>\n<li class=\"table\" title=\"30 places assises en format table\">30<\/li>\n<\/ul>\n<\/li>\n<\/ul>\n<\/div><\/section><\/p><\/div>\n<div  class='flex_column av-av_one_half-7420270dda896a7728e3c90b94d24f81 av_one_half  avia-builder-el-7  el_after_av_one_full  el_before_av_one_half  first flex_column_div  column-top-margin'     ><style type=\"text\/css\" data-created_by=\"avia_inline_auto\" id=\"style-css-av-av_image-c292fe5752ea763e8fca5d8d7a54a6a7\">\n.avia-image-container.av-av_image-c292fe5752ea763e8fca5d8d7a54a6a7 img.avia_image{\n-webkit-box-shadow:none;\n-moz-box-shadow:none;\nbox-shadow:none;\n}\n.avia-image-container.av-av_image-c292fe5752ea763e8fca5d8d7a54a6a7 .av-image-caption-overlay-center{\ncolor:#ffffff;\n}\n<\/style>\n<div  class='avia-image-container av-av_image-c292fe5752ea763e8fca5d8d7a54a6a7 av-styling- avia-align-center  avia-builder-el-8  avia-builder-el-no-sibling '   itemprop=\"image\" itemscope=\"itemscope\" itemtype=\"https:\/\/schema.org\/ImageObject\" ><div class=\"avia-image-container-inner\"><div class=\"avia-image-overlay-wrap\"><img decoding=\"async\" fetchpriority=\"high\" class='wp-image-5082 avia-img-lazy-loading-not-5082 avia_image ' src=\"https:\/\/www.domaine-valinches.fr\/wp-content\/uploads\/2023\/08\/IMG_0962_WEB-1030x579.jpg\" alt='' title='IMG_0962_WEB'  height=\"579\" width=\"1030\"  itemprop=\"thumbnailUrl\" srcset=\"https:\/\/www.domaine-valinches.fr\/wp-content\/uploads\/2023\/08\/IMG_0962_WEB-1030x579.jpg 1030w, https:\/\/www.domaine-valinches.fr\/wp-content\/uploads\/2023\/08\/IMG_0962_WEB-300x169.jpg 300w, https:\/\/www.domaine-valinches.fr\/wp-content\/uploads\/2023\/08\/IMG_0962_WEB-768x432.jpg 768w, https:\/\/www.domaine-valinches.fr\/wp-content\/uploads\/2023\/08\/IMG_0962_WEB-705x396.jpg 705w, https:\/\/www.domaine-valinches.fr\/wp-content\/uploads\/2023\/08\/IMG_0962_WEB.jpg 1210w\" sizes=\"(max-width: 1030px) 100vw, 1030px\" \/><\/div><\/div><\/div><\/div>\n<div  class='flex_column av-av_one_half-690ccb7c49e0b924437f49b53a34614c av_one_half  avia-builder-el-9  el_after_av_one_half  el_before_av_promobox  flex_column_div  column-top-margin'     ><style type=\"text\/css\" data-created_by=\"avia_inline_auto\" id=\"style-css-av-av_image-9d7f56363c5cde9f20b526c4041411a2\">\n.avia-image-container.av-av_image-9d7f56363c5cde9f20b526c4041411a2 img.avia_image{\n-webkit-box-shadow:none;\n-moz-box-shadow:none;\nbox-shadow:none;\n}\n.avia-image-container.av-av_image-9d7f56363c5cde9f20b526c4041411a2 .av-image-caption-overlay-center{\ncolor:#ffffff;\n}\n<\/style>\n<div  class='avia-image-container av-av_image-9d7f56363c5cde9f20b526c4041411a2 av-styling- avia-align-center  avia-builder-el-10  avia-builder-el-no-sibling '   itemprop=\"image\" itemscope=\"itemscope\" itemtype=\"https:\/\/schema.org\/ImageObject\" ><div class=\"avia-image-container-inner\"><div class=\"avia-image-overlay-wrap\"><img decoding=\"async\" fetchpriority=\"high\" class='wp-image-5085 avia-img-lazy-loading-not-5085 avia_image ' src=\"https:\/\/www.domaine-valinches.fr\/wp-content\/uploads\/2023\/08\/IMG_0955-copie_WEB-1030x579.jpg\" alt='' title='IMG_0955-copie_WEB'  height=\"579\" width=\"1030\"  itemprop=\"thumbnailUrl\" srcset=\"https:\/\/www.domaine-valinches.fr\/wp-content\/uploads\/2023\/08\/IMG_0955-copie_WEB-1030x579.jpg 1030w, https:\/\/www.domaine-valinches.fr\/wp-content\/uploads\/2023\/08\/IMG_0955-copie_WEB-300x169.jpg 300w, https:\/\/www.domaine-valinches.fr\/wp-content\/uploads\/2023\/08\/IMG_0955-copie_WEB-768x432.jpg 768w, https:\/\/www.domaine-valinches.fr\/wp-content\/uploads\/2023\/08\/IMG_0955-copie_WEB-705x396.jpg 705w, https:\/\/www.domaine-valinches.fr\/wp-content\/uploads\/2023\/08\/IMG_0955-copie_WEB.jpg 1210w\" sizes=\"(max-width: 1030px) 100vw, 1030px\" \/><\/div><\/div><\/div><\/div>\n<div  class='av_promobox av-drtw8n-940f08e4f1594fc417f5224645d96be7 avia-button-yes  avia-builder-el-11  el_after_av_one_half  el_before_av_one_half '><div class='avia-promocontent'><\/p>\n<h3>Our seminar packages:<\/h3>\n<p>Looking to organise a work session, seminar, workshop, team-building activity, or any other type of corporate event?<br \/>\nWe cater to all sorts of requests: full day or half-day workshops, residential seminars, activities, all-inclusive events with our Liberty package, etc.<\/p>\n<p>Feel free to contact us to receive our brochure.<br \/>\nPrices start at \u20ac30 pp excl. VAT.<\/p>\n<\/div><div  class='avia-button-wrap av-drtw8n-c1ec5449f1c56aa8ffbddbb6bcfdacba-wrap avia-button-right '><a href='https:\/\/www.domaine-valinches.fr\/en\/seminar-event\/'  class='avia-button av-drtw8n-c1ec5449f1c56aa8ffbddbb6bcfdacba av-link-btn avia-icon_select-no avia-size-large avia-position-right avia-color-theme-color'   aria-label=\"Discover\"><span class='avia_iconbox_title' >Discover<\/span><\/a><\/div><\/div>\n<div class='flex_column_table av-bxns2f-96f1bde84437cc8bea03d7a90894979c sc-av_one_half av-equal-height-column-flextable'><div  class='flex_column av-bxns2f-96f1bde84437cc8bea03d7a90894979c av_one_half  avia-builder-el-12  el_after_av_promobox  el_before_av_one_half  first flex_column_table_cell av-equal-height-column av-align-middle  '     ><style type=\"text\/css\" data-created_by=\"avia_inline_auto\" id=\"style-css-av-b3tqxz-0df18767e9eadc1d13d855a3987b4b63\">\n.avia-image-container.av-b3tqxz-0df18767e9eadc1d13d855a3987b4b63 img.avia_image{\n-webkit-box-shadow:none;\n-moz-box-shadow:none;\nbox-shadow:none;\n}\n.avia-image-container.av-b3tqxz-0df18767e9eadc1d13d855a3987b4b63 .av-image-caption-overlay-center{\ncolor:#ffffff;\n}\n<\/style>\n<div  class='avia-image-container av-b3tqxz-0df18767e9eadc1d13d855a3987b4b63 av-styling- avia-align-center  avia-builder-el-13  avia-builder-el-no-sibling '   itemprop=\"image\" itemscope=\"itemscope\" itemtype=\"https:\/\/schema.org\/ImageObject\" ><div class=\"avia-image-container-inner\"><div class=\"avia-image-overlay-wrap\"><img decoding=\"async\" fetchpriority=\"high\" class='wp-image-4719 avia-img-lazy-loading-not-4719 avia_image ' src=\"https:\/\/www.domaine-valinches.fr\/wp-content\/uploads\/2023\/07\/emotions.jpg\" alt='' title='emotions'  height=\"450\" width=\"450\"  itemprop=\"thumbnailUrl\" srcset=\"https:\/\/www.domaine-valinches.fr\/wp-content\/uploads\/2023\/07\/emotions.jpg 450w, https:\/\/www.domaine-valinches.fr\/wp-content\/uploads\/2023\/07\/emotions-300x300.jpg 300w, https:\/\/www.domaine-valinches.fr\/wp-content\/uploads\/2023\/07\/emotions-80x80.jpg 80w, https:\/\/www.domaine-valinches.fr\/wp-content\/uploads\/2023\/07\/emotions-36x36.jpg 36w, https:\/\/www.domaine-valinches.fr\/wp-content\/uploads\/2023\/07\/emotions-180x180.jpg 180w\" sizes=\"(max-width: 450px) 100vw, 450px\" \/><\/div><\/div><\/div><\/div>\n<div class='av-flex-placeholder'><\/div><div  class='flex_column av-9eko87-7e4fae63880ba2f823a16813896b4815 av_one_half  avia-builder-el-14  el_after_av_one_half  el_before_av_one_full  flex_column_table_cell av-equal-height-column av-align-middle  '     ><section  class='av_textblock_section av-6zndwn-7f2f59e5e9ac65ae1ccf6614094d7a82 '   itemscope=\"itemscope\" itemtype=\"https:\/\/schema.org\/CreativeWork\" ><div class='avia_textblock'  itemprop=\"text\" ><h2>A seminar venue to unwind and boost team spirit<\/h2>\n<p>Located at the heart of 15 hectares of parkland, on the edge of France\u2019s Auvergne greenbelt, Domaine et Ch\u00e2teau de Valinches nests harmoniously in the midst of a nature haven which our team strives to preserve. Abounding with serenity, the oasis of greenery is the perfect setting to provide your colleagues with a sensory retreat that combines relaxation, well-being, and positive energy.<\/p>\n<p>In order to help your team make the most of the nature surroundings and strengthen team spirit, Ch\u00e2teau de Valinches\u2019s staff have put together a range of activities. Feel free to contact us with more suggestions.<\/p>\n<\/div><\/section><\/div><\/div><!--close column table wrapper. Autoclose: 1 -->\n<div  class='flex_column av-5fo7lz-6a98cb3a928050ede404a9a2e341b8a9 av_one_full  avia-builder-el-16  el_after_av_one_half  el_before_av_textblock  first flex_column_div  column-top-margin'     ><div  class='avia-button-wrap av-4832ev-732b27be480285892950dca9a8741ba1-wrap avia-button-center  avia-builder-el-17  avia-builder-el-no-sibling '><a href='https:\/\/www.domaine-valinches.fr\/en\/activities\/'  class='avia-button av-4832ev-732b27be480285892950dca9a8741ba1 av-link-btn avia-icon_select-no avia-size-medium avia-position-center avia-color-theme-color'   aria-label=\"Explore our range of offers\"><span class='avia_iconbox_title' >Explore our range of offers<\/span><\/a><\/div><\/div>\n<section  class='av_textblock_section av-2hpwsn-c3ecc48936ea8ce8af1f68984f13028d '   itemscope=\"itemscope\" itemtype=\"https:\/\/schema.org\/CreativeWork\" ><div class='avia_textblock'  itemprop=\"text\" ><div  class='flex_column av-ip67p0-6e94b67120d47fe84bf5ff659811d136 av_one_full first flex_column_div  '     ><p>\n<style type=\"text\/css\" data-created_by=\"avia_inline_auto\" id=\"style-css-av-hxludw-e6ce77107f7d2a0d156b5f309c6f0f2d\">\n#top .hr.hr-invisible.av-hxludw-e6ce77107f7d2a0d156b5f309c6f0f2d{\nheight:70px;\n}\n<\/style>\n<div  class='hr av-hxludw-e6ce77107f7d2a0d156b5f309c6f0f2d hr-invisible  avia-builder-el-19  el_after_av_textblock  avia-builder-el-last '><span class='hr-inner '><span class=\"hr-inner-style\"><\/span><\/span><\/div><br \/>\n<section  class='av_textblock_section av-f6b644-60de20d871553016541992880b69bef2 '   itemscope=\"itemscope\" itemtype=\"https:\/\/schema.org\/CreativeWork\" ><div class='avia_textblock testititle'  itemprop=\"text\" ><h2 class=\"rr\">T\u00e9moignages<\/h2>\n<\/div><\/section><br \/>\n\n<style type=\"text\/css\" data-created_by=\"avia_inline_auto\" id=\"style-css-av-dlwrz8-e10ebf93ce5291406e5ea686c11ace87\">\n#top .av-slideshow-ui.av-dlwrz8-e10ebf93ce5291406e5ea686c11ace87 .avia-slideshow-arrows a{\ncolor:#321921;\n}\n#top .av-slideshow-ui.av-dlwrz8-e10ebf93ce5291406e5ea686c11ace87 .avia-slideshow-arrows a.avia-svg-icon svg:first-child{\nstroke:#321921 !important;\nfill:#321921 !important;\n}\n<\/style>\n<div  class='avia-testimonial-wrapper av-dlwrz8-e10ebf93ce5291406e5ea686c11ace87 avia-slider-testimonials avia-slider-2-testimonials avia_animate_when_almost_visible cktestis av-large-testimonial-slider av-slideshow-ui av-control-default av-nav-arrows-visible av-no-slider-navigation av-slider-hover-pause av-slideshow-autoplay av-loop-endless av-loop-manual-endless' data-slideshow-options=\"{&quot;animation&quot;:&quot;fade&quot;,&quot;autoplay&quot;:true,&quot;loop_autoplay&quot;:&quot;endless&quot;,&quot;interval&quot;:5,&quot;loop_manual&quot;:&quot;manual-endless&quot;,&quot;autoplay_stopper&quot;:false,&quot;noNavigation&quot;:false,&quot;bg_slider&quot;:false,&quot;keep_padding&quot;:&quot;&quot;,&quot;hoverpause&quot;:true,&quot;show_slide_delay&quot;:0}\">\n<section class=\"avia-testimonial-row\"><div class='avia-testimonial av-lzl0nav6-8a6ee81d9bc8ec69b6ff1ed78abcf5ce avia-testimonial-row-1 avia-first-testimonial flex_column no_margin av_one_half'><div class='avia-testimonial_inner'  itemscope=\"itemscope\" itemtype=\"https:\/\/schema.org\/CreativeWork\" ><div class='avia-testimonial-content '><div class='avia-testimonial-markup-entry-content'  itemprop=\"text\" ><p>Nous sommes arriv\u00e9s chez vous par hasard et qu&#8217;elle magnifique surprise. Le lieu est splendide. Le ch\u00e2teau est magnifiquement bien r\u00e9nov\u00e9 \u00e9norm\u00e9ment de go\u00fbt . Les chambres tr\u00e8s belles et tr\u00e8s agr\u00e9ables. La literie est parfaite. La table est savoureuse. Le petit d\u00e9jeuner parfait copieux et des produits de qualit\u00e9. En plus le personnel est charmant disponible attentif et agr\u00e9able. L ext\u00e9rieur du ch\u00e2teau est magnifique es tr\u00e8s bien entretenu. Pour r\u00e9sum\u00e9 tout est parfait. Je reconseille cet \u00e9tablissement.<\/p>\n<\/div><\/div><div class=\"avia-testimonial-meta\"><div class=\"avia-testimonial-arrow-wrap\"><div class=\"avia-arrow\"><\/div><\/div><div class='avia-testimonial-meta-mini'  itemprop=\"author\" itemscope=\"itemscope\" itemtype=\"https:\/\/schema.org\/Person\" ><strong  class='avia-testimonial-name'  itemprop=\"name\" >Rodolphe<\/strong><\/div><\/div><\/div><\/div>\n<div class='avia-testimonial av-lzl0mo61-0bd1ef4f137c5b06794234e0698e2876 avia-testimonial-row-1 flex_column no_margin av_one_half'><div class='avia-testimonial_inner'  itemscope=\"itemscope\" itemtype=\"https:\/\/schema.org\/CreativeWork\" ><div class='avia-testimonial-content '><div class='avia-testimonial-markup-entry-content'  itemprop=\"text\" ><p>Lors de mon repas ce dimanche apr\u00e8s midi, j&#8217;ai pass\u00e9 un agr\u00e9able moment. Les plats sont succulents, le service y est joyeux et agr\u00e9able. Le parc est vraiment tr\u00e8s beau : des chemins \u00e0 travers la for\u00eat d&#8217;une longueur d&#8217;environ 2km proposent une balade tr\u00e8s agr\u00e9able. Des terrains de p\u00e9tanque et un terrain de golf sont \u00e0 disposition. Cette exp\u00e9rience \u00e9tait vraiment super, je recommande vivement ! A midi le magret de canard et le fondant au chocolat \u00e9taient d\u00e9licieux !<\/p>\n<\/div><\/div><div class=\"avia-testimonial-meta\"><div class=\"avia-testimonial-arrow-wrap\"><div class=\"avia-arrow\"><\/div><\/div><div class='avia-testimonial-meta-mini'  itemprop=\"author\" itemscope=\"itemscope\" itemtype=\"https:\/\/schema.org\/Person\" ><strong  class='avia-testimonial-name'  itemprop=\"name\" >Famille Insardi<\/strong><\/div><\/div><\/div><\/div>\n<div class='avia-testimonial av-lq3hmjst-48d9261471e4679d37148195ee86a980 avia-testimonial-row-1 flex_column no_margin av_one_half'><div class='avia-testimonial_inner'  itemscope=\"itemscope\" itemtype=\"https:\/\/schema.org\/CreativeWork\" ><div class='avia-testimonial-content '><div class='avia-testimonial-markup-entry-content'  itemprop=\"text\" ><p style=\"font-weight: 400;\">C\u2019est toujours un r\u00e9el plaisir de d\u00e9jeuner au Domaine.<\/p>\n<p style=\"font-weight: 400;\">Tout est parfait !<\/p>\n<p style=\"font-weight: 400;\">Au plaisir d\u2019un nouvel \u00e9v\u00e8nement \u00e0 organiser au sein de votre \u00e9tablissement.<\/p>\n<p>(Journ\u00e9e d&#8217;\u00e9tude, d\u00e9cembre 2023).<\/p>\n<\/div><\/div><div class=\"avia-testimonial-meta\"><div class=\"avia-testimonial-arrow-wrap\"><div class=\"avia-arrow\"><\/div><\/div><div class='avia-testimonial-meta-mini'  itemprop=\"author\" itemscope=\"itemscope\" itemtype=\"https:\/\/schema.org\/Person\" ><strong  class='avia-testimonial-name'  itemprop=\"name\" >Eiffage<\/strong><\/div><\/div><\/div><\/div>\n<div class='avia-testimonial av-lq3hr2ui-a75fb0367fc9a7abb13c94f84d84ea9b avia-testimonial-row-1 flex_column no_margin av_one_half'><div class='avia-testimonial_inner'  itemscope=\"itemscope\" itemtype=\"https:\/\/schema.org\/CreativeWork\" ><div class='avia-testimonial-content '><div class='avia-testimonial-markup-entry-content'  itemprop=\"text\" ><p style=\"font-weight: 400;\">Lieu tr\u00e8s agr\u00e9able et calme, parfait pour un s\u00e9minaire r\u00e9sidentiel (salles de r\u00e9union, chambres, repas et pauses, tout est de qualit\u00e9).<\/p>\n<p>(S\u00e9minaire r\u00e9sidentiel, novembre 2023).<\/p>\n<\/div><\/div><div class=\"avia-testimonial-meta\"><div class=\"avia-testimonial-arrow-wrap\"><div class=\"avia-arrow\"><\/div><\/div><div class='avia-testimonial-meta-mini'  itemprop=\"author\" itemscope=\"itemscope\" itemtype=\"https:\/\/schema.org\/Person\" ><strong  class='avia-testimonial-name'  itemprop=\"name\" >Boehringer Ingelheim<\/strong><\/div><\/div><\/div><\/div>\n<div class='avia-testimonial av-lzl0krcw-dbfdb18b9aecbd344281218b5c2fd14d avia-testimonial-row-1 flex_column no_margin av_one_half'><div class='avia-testimonial_inner'  itemscope=\"itemscope\" itemtype=\"https:\/\/schema.org\/CreativeWork\" ><div class='avia-testimonial-content '><div class='avia-testimonial-markup-entry-content'  itemprop=\"text\" ><p>Nous avons d\u00e9gust\u00e9 le menu du jour avec grand plaisir. Le cadre est tr\u00e8s beau . Le service est impeccable. Merci pour ce bon moment que nous renouvellerons.<\/p>\n<\/div><\/div><div class=\"avia-testimonial-meta\"><div class=\"avia-testimonial-arrow-wrap\"><div class=\"avia-arrow\"><\/div><\/div><div class='avia-testimonial-meta-mini'  itemprop=\"author\" itemscope=\"itemscope\" itemtype=\"https:\/\/schema.org\/Person\" ><strong  class='avia-testimonial-name'  itemprop=\"name\" >Famille Merle<\/strong><\/div><\/div><\/div><\/div>\n<div class='avia-testimonial av-lzl0luw2-dd043cff912af73143041f009ce82c2e avia-testimonial-row-1 flex_column no_margin av_one_half'><div class='avia-testimonial_inner'  itemscope=\"itemscope\" itemtype=\"https:\/\/schema.org\/CreativeWork\" ><div class='avia-testimonial-content '><div class='avia-testimonial-markup-entry-content'  itemprop=\"text\" ><p>Bravo aux chefs et aux serveurs jeunes, souriants et dynamiques du restaurant l&#8217;instant pr\u00e9sent. Nous avons r\u00e9serv\u00e9 par GRoupon et cela nous a permis de connaitre les superbes lieux que nous avons dans notre r\u00e9gion. Bravo aux g\u00e9rants pour avoir redonn\u00e9 naissance \u00e0 ce superbe lieu.<\/p>\n<\/div><\/div><div class=\"avia-testimonial-meta\"><div class=\"avia-testimonial-arrow-wrap\"><div class=\"avia-arrow\"><\/div><\/div><div class='avia-testimonial-meta-mini'  itemprop=\"author\" itemscope=\"itemscope\" itemtype=\"https:\/\/schema.org\/Person\" ><strong  class='avia-testimonial-name'  itemprop=\"name\" >Ortenza<\/strong><\/div><\/div><\/div><\/div>\n<div class='avia-testimonial av-37zwxg-048b3241fc63f673b4bd343b9bc66bd7 avia-testimonial-row-1 flex_column no_margin av_one_half'><div class='avia-testimonial_inner'  itemscope=\"itemscope\" itemtype=\"https:\/\/schema.org\/CreativeWork\" ><div class='avia-testimonial-content '><div class='avia-testimonial-markup-entry-content'  itemprop=\"text\" ><p>Accueil parfait, dans un cadre d&#8217;exception et avec un professionnalisme de tr\u00e8s haut standing ! Encore merci.<\/p>\n<p>(S\u00e9minaire r\u00e9sidentiel, janvier 2023).<\/p>\n<\/div><\/div><div class=\"avia-testimonial-meta\"><div class=\"avia-testimonial-arrow-wrap\"><div class=\"avia-arrow\"><\/div><\/div><div class='avia-testimonial-meta-mini'  itemprop=\"author\" itemscope=\"itemscope\" itemtype=\"https:\/\/schema.org\/Person\" ><strong  class='avia-testimonial-name'  itemprop=\"name\" >GRDF<\/strong><\/div><\/div><\/div><\/div>\n<div class='avia-testimonial av-lzl0ozt7-8be563dd7adec19c82d21a6c0b01b70f avia-testimonial-row-1 flex_column no_margin av_one_half'><div class='avia-testimonial_inner'  itemscope=\"itemscope\" itemtype=\"https:\/\/schema.org\/CreativeWork\" ><div class='avia-testimonial-content '><div class='avia-testimonial-markup-entry-content'  itemprop=\"text\" ><p>Lieu magique, accueil exceptionnel. Un joyau \u00e0 d\u00e9couvrir dans le Forez. Nous rajoutons cette adresse incontournable pour notre retour annuel dans notre r\u00e9gion d&#8217;origine<\/p>\n<\/div><\/div><div class=\"avia-testimonial-meta\"><div class=\"avia-testimonial-arrow-wrap\"><div class=\"avia-arrow\"><\/div><\/div><div class='avia-testimonial-meta-mini'  itemprop=\"author\" itemscope=\"itemscope\" itemtype=\"https:\/\/schema.org\/Person\" ><strong  class='avia-testimonial-name'  itemprop=\"name\" >Sylvain<\/strong><\/div><\/div><\/div><\/div>\n<div class='avia-testimonial av-c9giro-7c789dfd9fe07161c7e6cceb783ba055 avia-testimonial-row-1 flex_column no_margin av_one_half'><div class='avia-testimonial_inner'  itemscope=\"itemscope\" itemtype=\"https:\/\/schema.org\/CreativeWork\" ><div class='avia-testimonial-content '><div class='avia-testimonial-markup-entry-content'  itemprop=\"text\" ><p>Nous venons vous remercier pour l&#8217;accueil sympathique et chaleureux le 12 juillet dans un salon mis \u00e0 notre disposition pour partager un repas avec nos enfants , petits enfants et conjoints , dans un cadre agr\u00e9able , un repas d\u00e9licieux et tr\u00e8s abordable ; le parc est reposant et a permis de mettre en m\u00e9moire de tr\u00e8s bons souvenirs \u00e0 notre famille.<\/p>\n<\/div><\/div><div class=\"avia-testimonial-meta\"><div class=\"avia-testimonial-arrow-wrap\"><div class=\"avia-arrow\"><\/div><\/div><div class='avia-testimonial-meta-mini'  itemprop=\"author\" itemscope=\"itemscope\" itemtype=\"https:\/\/schema.org\/Person\" ><strong  class='avia-testimonial-name'  itemprop=\"name\" >Marie-Jos\u00e9e<\/strong><\/div><\/div><\/div><\/div>\n<div class='avia-testimonial av-bdph2s-081bffb50eb721d6c38650a4d3b9abca avia-testimonial-row-1 flex_column no_margin av_one_half'><div class='avia-testimonial_inner'  itemscope=\"itemscope\" itemtype=\"https:\/\/schema.org\/CreativeWork\" ><div class='avia-testimonial-content '><div class='avia-testimonial-markup-entry-content'  itemprop=\"text\" ><p>L&#8217;accueil est chaleureux, les chambres sont tr\u00e8s bien. Nous avons din\u00e9 plusieurs soir au restaurant de l&#8217;h\u00f4tel, nous nous sommes r\u00e9gal\u00e9. Bref, un beau s\u00e9jour dans un cadre unique et reposant. Que du bonheur.<\/p>\n<\/div><\/div><div class=\"avia-testimonial-meta\"><div class=\"avia-testimonial-arrow-wrap\"><div class=\"avia-arrow\"><\/div><\/div><div class='avia-testimonial-meta-mini'  itemprop=\"author\" itemscope=\"itemscope\" itemtype=\"https:\/\/schema.org\/Person\" ><strong  class='avia-testimonial-name'  itemprop=\"name\" >Jean-R\u00e9my<\/strong><\/div><\/div><\/div><\/div>\n<div class='avia-testimonial av-9osegk-43defe3d4c38b17497503c7975bf70de avia-testimonial-row-1 flex_column no_margin av_one_half'><div class='avia-testimonial_inner'  itemscope=\"itemscope\" itemtype=\"https:\/\/schema.org\/CreativeWork\" ><div class='avia-testimonial-content '><div class='avia-testimonial-markup-entry-content'  itemprop=\"text\" ><p>Exceptionnel, nous sommes venus d\u00e9jeuner au restaurant ce midi, une \u00e9quipe dynamique, souriante, aimable et un service irr\u00e9prochable. La cuisine \u00e9tait raffin\u00e9e. Je reviendrai sans h\u00e9sitation.<\/p>\n<\/div><\/div><div class=\"avia-testimonial-meta\"><div class=\"avia-testimonial-arrow-wrap\"><div class=\"avia-arrow\"><\/div><\/div><div class='avia-testimonial-meta-mini'  itemprop=\"author\" itemscope=\"itemscope\" itemtype=\"https:\/\/schema.org\/Person\" ><strong  class='avia-testimonial-name'  itemprop=\"name\" >Jodie<\/strong><\/div><\/div><\/div><\/div>\n<div class='avia-testimonial av-7jxc9g-174eb5adba0591eba9b74d5587882b3e avia-testimonial-row-1 flex_column no_margin av_one_half'><div class='avia-testimonial_inner'  itemscope=\"itemscope\" itemtype=\"https:\/\/schema.org\/CreativeWork\" ><div class='avia-testimonial-content '><div class='avia-testimonial-markup-entry-content'  itemprop=\"text\" ><p>Un cadre magique, un repas exceptionnel, le personnel est magnifique, agr\u00e9able, souriant. Un tr\u00e8s bon moment dans ce tr\u00e8s beau ch\u00e2teau.<\/p>\n<\/div><\/div><div class=\"avia-testimonial-meta\"><div class=\"avia-testimonial-arrow-wrap\"><div class=\"avia-arrow\"><\/div><\/div><div class='avia-testimonial-meta-mini'  itemprop=\"author\" itemscope=\"itemscope\" itemtype=\"https:\/\/schema.org\/Person\" ><strong  class='avia-testimonial-name'  itemprop=\"name\" >Ben<\/strong><\/div><\/div><\/div><\/div>\n<div class='avia-testimonial av-5am66c-df7b1a7f9cbb611edfbb6d996b35c6b3 avia-testimonial-row-1 flex_column no_margin av_one_half'><div class='avia-testimonial_inner'  itemscope=\"itemscope\" itemtype=\"https:\/\/schema.org\/CreativeWork\" ><div class='avia-testimonial-content '><div class='avia-testimonial-markup-entry-content'  itemprop=\"text\" ><p>Tr\u00e8s bel endroit, havre de paix pour r\u00e9ceptions, s\u00e9minaires, etc. Dans un beau parc avec un joli parcours de golf.<\/p>\n<\/div><\/div><div class=\"avia-testimonial-meta\"><div class=\"avia-testimonial-arrow-wrap\"><div class=\"avia-arrow\"><\/div><\/div><div class='avia-testimonial-meta-mini'  itemprop=\"author\" itemscope=\"itemscope\" itemtype=\"https:\/\/schema.org\/Person\" ><strong  class='avia-testimonial-name'  itemprop=\"name\" >Catherine<\/strong><\/div><\/div><\/div><\/div>\n<div class='avia-testimonial av-g3dmc-d780b64b3b612b55c3e6c8c2bf8d45e0 avia-testimonial-row-1 flex_column no_margin av_one_half'><div class='avia-testimonial_inner'  itemscope=\"itemscope\" itemtype=\"https:\/\/schema.org\/CreativeWork\" ><div class='avia-testimonial-content '><div class='avia-testimonial-markup-entry-content'  itemprop=\"text\" ><p>Nous souhaitions vous dire un grand merci pour notre repas d&#8217;hier. Le repas \u00e9tait d\u00e9licieux, le cadre magnifique, le ma\u00eetre d&#8217;h\u00f4tel tr\u00e8s disponible et \u00e0 l&#8217;\u00e9coute. Tout \u00e9tait parfait. Nous reviendrons sans h\u00e9sitation. Encore merci pour tout.<\/p>\n<\/div><\/div><div class=\"avia-testimonial-meta\"><div class=\"avia-testimonial-arrow-wrap\"><div class=\"avia-arrow\"><\/div><\/div><div class='avia-testimonial-meta-mini'  itemprop=\"author\" itemscope=\"itemscope\" itemtype=\"https:\/\/schema.org\/Person\" ><strong  class='avia-testimonial-name'  itemprop=\"name\" >Lydie et c\u00e9dric<\/strong><\/div><\/div><\/div><\/div>\n<div class='avia-testimonial av-lsx3xx80-b391dfb5dd02d39ec169c00559774fdb avia-testimonial-row-1 flex_column no_margin av_one_half'><div class='avia-testimonial_inner'  itemscope=\"itemscope\" itemtype=\"https:\/\/schema.org\/CreativeWork\" ><div class='avia-testimonial-content '><div class='avia-testimonial-markup-entry-content'  itemprop=\"text\" ><p>Un lieu splendide pour l&#8217;organisation d&#8217;un \u00e9v\u00e9nement avec une \u00e9quipe attentive aux d\u00e9tails et disponible. Un grand merci au ch\u00e2teau pour son accueil.<\/p>\n<\/div><\/div><div class=\"avia-testimonial-meta\"><div class=\"avia-testimonial-arrow-wrap\"><div class=\"avia-arrow\"><\/div><\/div><div class='avia-testimonial-meta-mini'  itemprop=\"author\" itemscope=\"itemscope\" itemtype=\"https:\/\/schema.org\/Person\" ><strong  class='avia-testimonial-name'  itemprop=\"name\" >Marina<\/strong><\/div><\/div><\/div><\/div>\n<\/section><div class='avia-slideshow-arrows avia-slideshow-controls' ><a href='#prev' class='prev-slide  avia-svg-icon avia-font-svg_entypo-fontello' data-av_svg_icon='left-open-big' data-av_iconset='svg_entypo-fontello' tabindex='-1' title=\"Previous\"><svg version=\"1.1\" xmlns=\"http:\/\/www.w3.org\/2000\/svg\" width=\"15\" height=\"32\" viewBox=\"0 0 15 32\" preserveAspectRatio=\"xMidYMid meet\" aria-labelledby='av-svg-title-1' aria-describedby='av-svg-desc-1' role=\"graphics-symbol\" aria-hidden=\"true\">\n<title id='av-svg-title-1'>Previous<\/title>\n<desc id='av-svg-desc-1'>Previous<\/desc>\n<path d=\"M14.464 27.84q0.832 0.832 0 1.536-0.832 0.832-1.536 0l-12.544-12.608q-0.768-0.768 0-1.6l12.544-12.608q0.704-0.832 1.536 0 0.832 0.704 0 1.536l-11.456 11.904z\"><\/path>\n<\/svg><span class='avia_hidden_link_text'>Previous<\/span><\/a><a href='#next' class='next-slide  avia-svg-icon avia-font-svg_entypo-fontello' data-av_svg_icon='right-open-big' data-av_iconset='svg_entypo-fontello' tabindex='-1' title=\"Next\"><svg version=\"1.1\" xmlns=\"http:\/\/www.w3.org\/2000\/svg\" width=\"15\" height=\"32\" viewBox=\"0 0 15 32\" preserveAspectRatio=\"xMidYMid meet\" aria-labelledby='av-svg-title-2' aria-describedby='av-svg-desc-2' role=\"graphics-symbol\" aria-hidden=\"true\">\n<title id='av-svg-title-2'>Next<\/title>\n<desc id='av-svg-desc-2'>Next<\/desc>\n<path d=\"M0.416 27.84l11.456-11.84-11.456-11.904q-0.832-0.832 0-1.536 0.832-0.832 1.536 0l12.544 12.608q0.768 0.832 0 1.6l-12.544 12.608q-0.704 0.832-1.536 0-0.832-0.704 0-1.536z\"><\/path>\n<\/svg><span class='avia_hidden_link_text'>Next<\/span><\/a><\/div><\/div><\/p><\/div>\n\n<\/div><\/section>\n\n<style type=\"text\/css\" data-created_by=\"avia_inline_auto\" id=\"style-css-av-2ccsmv-373b860566255edc58f622dd153d533e\">\n#top .hr.hr-invisible.av-2ccsmv-373b860566255edc58f622dd153d533e{\nheight:20px;\n}\n<\/style>\n<div  class='hr av-2ccsmv-373b860566255edc58f622dd153d533e hr-invisible'><span class='hr-inner '><span class=\"hr-inner-style\"><\/span><\/span><\/div>\n","protected":false},"excerpt":{"rendered":"","protected":false},"author":1,"featured_media":0,"parent":0,"menu_order":0,"comment_status":"closed","ping_status":"closed","template":"","meta":{"_acf_changed":false,"footnotes":""},"class_list":["post-4899","page","type-page","status-publish","hentry"],"acf":[],"aioseo_notices":[],"_links":{"self":[{"href":"https:\/\/www.domaine-valinches.fr\/en\/wp-json\/wp\/v2\/pages\/4899","targetHints":{"allow":["GET"]}}],"collection":[{"href":"https:\/\/www.domaine-valinches.fr\/en\/wp-json\/wp\/v2\/pages"}],"about":[{"href":"https:\/\/www.domaine-valinches.fr\/en\/wp-json\/wp\/v2\/types\/page"}],"author":[{"embeddable":true,"href":"https:\/\/www.domaine-valinches.fr\/en\/wp-json\/wp\/v2\/users\/1"}],"replies":[{"embeddable":true,"href":"https:\/\/www.domaine-valinches.fr\/en\/wp-json\/wp\/v2\/comments?post=4899"}],"version-history":[{"count":2,"href":"https:\/\/www.domaine-valinches.fr\/en\/wp-json\/wp\/v2\/pages\/4899\/revisions"}],"predecessor-version":[{"id":5176,"href":"https:\/\/www.domaine-valinches.fr\/en\/wp-json\/wp\/v2\/pages\/4899\/revisions\/5176"}],"wp:attachment":[{"href":"https:\/\/www.domaine-valinches.fr\/en\/wp-json\/wp\/v2\/media?parent=4899"}],"curies":[{"name":"wp","href":"https:\/\/api.w.org\/{rel}","templated":true}]}}