{"id":3518,"date":"2021-12-23T10:25:01","date_gmt":"2021-12-23T09:25:01","guid":{"rendered":"https:\/\/www.domaine-valinches.fr\/unsere-exquisite-bistrotkuche\/formules-groupes-et-reception\/"},"modified":"2023-08-18T15:04:10","modified_gmt":"2023-08-18T13:04:10","slug":"gruppen-veranstaltungspauschalen","status":"publish","type":"page","link":"https:\/\/www.domaine-valinches.fr\/de\/unsere-exquisite-bistrotkuche\/gruppen-veranstaltungspauschalen\/","title":{"rendered":"Gruppen- und Veranstaltungspauschalen"},"content":{"rendered":"<div id='full_slider_1'  class='avia-fullwidth-slider main_color avia-shadow   avia-builder-el-0  el_before_av_one_full  avia-builder-el-first   container_wrap fullsize'  ><div  class='avia-slideshow av-piqve0-64dc91bf3eed2de80f8147fc940faf45 avia-slideshow-no scaling av_slideshow_full avia-slide-slider av-slideshow-ui av-control-hidden av-no-slider-navigation av-hide-nav-arrows av-slideshow-manual av-loop-once av-loop-manual-endless av-default-height-applied   avia-slideshow-1' data-slideshow-options=\"{&quot;animation&quot;:&quot;slide&quot;,&quot;autoplay&quot;:false,&quot;loop_autoplay&quot;:&quot;once&quot;,&quot;interval&quot;:5,&quot;loop_manual&quot;:&quot;manual-endless&quot;,&quot;autoplay_stopper&quot;:false,&quot;noNavigation&quot;:true,&quot;bg_slider&quot;:false,&quot;keep_padding&quot;:false,&quot;hoverpause&quot;:false,&quot;show_slide_delay&quot;:0}\"  itemprop=\"image\" itemscope=\"itemscope\" itemtype=\"https:\/\/schema.org\/ImageObject\" ><ul class='avia-slideshow-inner ' style='padding-bottom: 32.291666666667%;'><li  class='avia-slideshow-slide av-piqve0-64dc91bf3eed2de80f8147fc940faf45__0  av-single-slide slide-1 slide-odd'><div data-rel='slideshow-1' class='avia-slide-wrap '   ><img decoding=\"async\" fetchpriority=\"high\" class=\"wp-image-4803 avia-img-lazy-loading-not-4803\"  src=\"https:\/\/www.domaine-valinches.fr\/wp-content\/uploads\/2023\/08\/valinche-20230629-085_SITE.jpg\" width=\"1920\" height=\"620\" title='valinche-20230629-085_SITE' alt=''  itemprop=\"thumbnailUrl\" srcset=\"https:\/\/www.domaine-valinches.fr\/wp-content\/uploads\/2023\/08\/valinche-20230629-085_SITE.jpg 1920w, https:\/\/www.domaine-valinches.fr\/wp-content\/uploads\/2023\/08\/valinche-20230629-085_SITE-300x97.jpg 300w, https:\/\/www.domaine-valinches.fr\/wp-content\/uploads\/2023\/08\/valinche-20230629-085_SITE-1030x333.jpg 1030w, https:\/\/www.domaine-valinches.fr\/wp-content\/uploads\/2023\/08\/valinche-20230629-085_SITE-768x248.jpg 768w, https:\/\/www.domaine-valinches.fr\/wp-content\/uploads\/2023\/08\/valinche-20230629-085_SITE-1536x496.jpg 1536w, https:\/\/www.domaine-valinches.fr\/wp-content\/uploads\/2023\/08\/valinche-20230629-085_SITE-1500x484.jpg 1500w, https:\/\/www.domaine-valinches.fr\/wp-content\/uploads\/2023\/08\/valinche-20230629-085_SITE-705x228.jpg 705w\" sizes=\"(max-width: 1920px) 100vw, 1920px\" \/><\/div><\/li><\/ul><\/div><\/div><div id='after_full_slider_1'  class='main_color av_default_container_wrap container_wrap fullsize'  ><div class='container av-section-cont-open' ><div class='template-page content  av-content-full alpha units'><div class='post-entry post-entry-type-page post-entry-3518'><div class='entry-content-wrapper clearfix'>\n\n<style type=\"text\/css\" data-created_by=\"avia_inline_auto\" id=\"style-css-av-m4zxw8-dab8fb410804eb42a2aa235208c0392e\">\n.flex_column.av-m4zxw8-dab8fb410804eb42a2aa235208c0392e{\n-webkit-border-radius:0px 0px 0px 0px;\n-moz-border-radius:0px 0px 0px 0px;\nborder-radius:0px 0px 0px 0px;\npadding:0px 0px 0px 0px;\n}\n<\/style>\n<div  class='flex_column av-m4zxw8-dab8fb410804eb42a2aa235208c0392e av_one_full  avia-builder-el-1  el_after_av_slideshow_full  el_before_av_one_full  avia-builder-el-first  first flex_column_div av-zero-column-padding  '     ><section  class='av_textblock_section av-kkurjs-ad977b070c6ca6a442c1a236a74c5960 '   itemscope=\"itemscope\" itemtype=\"https:\/\/schema.org\/CreativeWork\" ><div class='avia_textblock'  itemprop=\"text\" ><h1 style=\"text-align: center;\">Kommen Sie zum Essen mit der Familie oder Freunden in die Park- und Schlossanlage von Valinches<\/h1>\n<p style=\"text-align: center;\"><em><strong>\u00ab Zu Tisch mit Freunden spielt die Zeit keine Rolle mehr \u00bb<br \/>\nPaul Bocuse<\/strong><\/em><\/p>\n<\/div><\/section><br \/>\n\n<style type=\"text\/css\" data-created_by=\"avia_inline_auto\" id=\"style-css-av-jjttfs-c1d82a1d53ad78a89c98988063ca5135\">\n#top .hr.hr-invisible.av-jjttfs-c1d82a1d53ad78a89c98988063ca5135{\nheight:10px;\n}\n<\/style>\n<div  class='hr av-jjttfs-c1d82a1d53ad78a89c98988063ca5135 hr-invisible  avia-builder-el-3  el_after_av_textblock  el_before_av_textblock '><span class='hr-inner '><span class=\"hr-inner-style\"><\/span><\/span><\/div><br \/>\n<section  class='av_textblock_section av-hdrobc-7a1e019677288f013f164a342ed05496 '   itemscope=\"itemscope\" itemtype=\"https:\/\/schema.org\/CreativeWork\" ><div class='avia_textblock'  itemprop=\"text\" ><p>Unser Restaurant \u201eL\u2018Instant Pr\u00e9sent\u201c bietet Ihnen Gruppenmahlzeiten mit ma\u00dfgeschneiderten Pauschalen ab 8 Personen an.<\/p>\n<p>Unser K\u00fcchenchef wird Sie mit einer einfachen und gro\u00dfz\u00fcgigen K\u00fcche verw\u00f6hnen, die auf Ihren Empfang abgestimmt ist: Geburtstagspartys oder -essen, Cocktails, Taufessen, Familientreffen, Gartenparty mit Feuerschalen-Grill&#8230;<\/p>\n<\/div><\/section><br \/>\n\n<style type=\"text\/css\" data-created_by=\"avia_inline_auto\" id=\"style-css-av-g4b0k8-a1f836f7932bae1860a69835c244c703\">\n#top .hr.hr-invisible.av-g4b0k8-a1f836f7932bae1860a69835c244c703{\nheight:30px;\n}\n<\/style>\n<div  class='hr av-g4b0k8-a1f836f7932bae1860a69835c244c703 hr-invisible  avia-builder-el-5  el_after_av_textblock  el_before_av_button '><span class='hr-inner '><span class=\"hr-inner-style\"><\/span><\/span><\/div><br \/>\n<div  class='avia-button-wrap av-dqc0t4-f463536ef2356f31d671513ce047f459-wrap avia-button-center  avia-builder-el-6  el_after_av_hr  el_before_av_hr '><a href='https:\/\/www.domaine-valinches.fr\/de\/unsere-exquisite-bistrotkuche\/'  class='avia-button av-dqc0t4-f463536ef2356f31d671513ce047f459 av-link-btn avia-icon_select-no avia-size-medium avia-position-center avia-color-theme-color'   aria-label=\"Mehr \u00fcber unsere K\u00fcche\"><span class='avia_iconbox_title' >Mehr \u00fcber unsere K\u00fcche<\/span><\/a><\/div><br \/>\n\n<style type=\"text\/css\" data-created_by=\"avia_inline_auto\" id=\"style-css-av-d0s3iw-19dda74a3dfa48857c6386846681961b\">\n#top .hr.hr-invisible.av-d0s3iw-19dda74a3dfa48857c6386846681961b{\nheight:40px;\n}\n<\/style>\n<div  class='hr av-d0s3iw-19dda74a3dfa48857c6386846681961b hr-invisible  avia-builder-el-7  el_after_av_button  el_before_av_textblock '><span class='hr-inner '><span class=\"hr-inner-style\"><\/span><\/span><\/div><br \/>\n<section  class='av_textblock_section av-ayscgo-75ec1289a4a325d774dd5c8f448c15da '   itemscope=\"itemscope\" itemtype=\"https:\/\/schema.org\/CreativeWork\" ><div class='avia_textblock'  itemprop=\"text\" ><h2>Eine elegante Kulisse mit kulinarischen Welten f\u00fcr jeden Anlass<\/h2>\n<p>Das Restaurant \u201eL\u2018Instant Pr\u00e9sent\u201c hat verschiedene Speises\u00e4le, um jedes kulinarische Erlebnis am besten an die Bed\u00fcrfnisse anpassen zu k\u00f6nnen.<\/p>\n<ul>\n<li>Ein gem\u00fctlicher und geselliger Speisesaal, der von Montag- bis Sonntagmittag auf Reservierung ge\u00f6ffnet ist (M\u00f6glichkeit f\u00fcr einen Geschenkgutschein).<\/li>\n<li>Ein Raum mit Verkostungsbar f\u00fcr gesellige Momente.<\/li>\n<li>Separate R\u00e4umlichkeiten f\u00fcr private Momente oder Firmenevents mit bis zu 30 Personen<\/li>\n<li>M\u00f6glichkeit bei sch\u00f6nem Wetter auf der Terrasse zu Mittag oder zu Abend zu essen.<\/li>\n<li><strong>Gruppenreservierung m\u00f6glich<\/strong> (bis zu 200 Personen).<\/li>\n<\/ul>\n<\/div><\/section><\/p><\/div>\n<div  class='flex_column av-8p0giw-55c78ae66122bb14e3d1bb0ac974c879 av_one_full  avia-builder-el-9  el_after_av_one_full  el_before_av_one_full  first flex_column_div  column-top-margin'     ><div  class='av_promobox av-70zjbc-2d4741d546f1dbe0aedef3629d526d02 avia-button-no  avia-builder-el-10  avia-builder-el-no-sibling '><div class='avia-promocontent'><\/p>\n<h2>Praktische Informationen &amp; Reservierung<\/h2>\n<p>Unser Restaurant \u201eL\u2018Instant Pr\u00e9sent\u201c mit exquisiter Bistrok\u00fcche ist von Montag- bis Sonntagmittag f\u00fcr Sie ge\u00f6ffnet, aber nur auf Reservierung.<\/p>\n<p><strong>So k\u00f6nnen Sie reservieren:<\/strong><br \/>\n<a href=\"https:\/\/widget.thefork.com\/9c99eb6e-3d40-4ffe-b62a-002889759959\" target=\"_blank\" rel=\"nofollow noopener\">On-line<\/a><br \/>\nPer Telefon: <a href=\"tel:+33477522247\">+33(0)4 77 52 22 47<\/a><br \/>\nPer mail: <a href=\"mailto:contact@domaine-valinches.fr\">contact@domaine-valinches.fr<\/a>.<\/p>\n<\/div><\/div><\/div><div  class='flex_column av-59wvhk-f4bede02935e2b8cad67ab8cfb0d5d0f av_one_full  avia-builder-el-11  el_after_av_one_full  el_before_av_textblock  first flex_column_div  column-top-margin'     ><div  class='av_promobox av-4xkzjs-fc73ed6d80535fdf46343768e45011e6 avia-button-yes  avia-builder-el-12  avia-builder-el-no-sibling '><div class='avia-promocontent'><p>\nF\u00fcr Ihre Seminare<br \/>\nbieten wir ma\u00dfgeschneiderte Pauschalen!<\/p>\n<\/div><div  class='avia-button-wrap av-4xkzjs-967e7567c0cf09d05dd438278ac47bb8-wrap avia-button-right '><a href='https:\/\/www.domaine-valinches.fr\/de\/seminare-events\/'  class='avia-button av-4xkzjs-967e7567c0cf09d05dd438278ac47bb8 av-link-btn avia-icon_select-no avia-size-large avia-position-right avia-color-theme-color'   aria-label=\"Entdecken Sie unsere Seminarangebote\"><span class='avia_iconbox_title' >Entdecken Sie unsere Seminarangebote<\/span><\/a><\/div><\/div><\/div><section  class='av_textblock_section av-39b9zc-7ff3fd73dddfc9e68efa1eefd6608568 '   itemscope=\"itemscope\" itemtype=\"https:\/\/schema.org\/CreativeWork\" ><div class='avia_textblock'  itemprop=\"text\" ><div  class='flex_column av-ip67p0-6e94b67120d47fe84bf5ff659811d136 av_one_full first flex_column_div  '     ><p>\n<style type=\"text\/css\" data-created_by=\"avia_inline_auto\" id=\"style-css-av-hxludw-e6ce77107f7d2a0d156b5f309c6f0f2d\">\n#top .hr.hr-invisible.av-hxludw-e6ce77107f7d2a0d156b5f309c6f0f2d{\nheight:70px;\n}\n<\/style>\n<div  class='hr av-hxludw-e6ce77107f7d2a0d156b5f309c6f0f2d hr-invisible  avia-builder-el-14  el_after_av_textblock  avia-builder-el-last '><span class='hr-inner '><span class=\"hr-inner-style\"><\/span><\/span><\/div><br \/>\n<section  class='av_textblock_section av-f6b644-60de20d871553016541992880b69bef2 '   itemscope=\"itemscope\" itemtype=\"https:\/\/schema.org\/CreativeWork\" ><div class='avia_textblock testititle'  itemprop=\"text\" ><h2 class=\"rr\">T\u00e9moignages<\/h2>\n<\/div><\/section><br \/>\n\n<style type=\"text\/css\" data-created_by=\"avia_inline_auto\" id=\"style-css-av-dlwrz8-e10ebf93ce5291406e5ea686c11ace87\">\n#top .av-slideshow-ui.av-dlwrz8-e10ebf93ce5291406e5ea686c11ace87 .avia-slideshow-arrows a{\ncolor:#321921;\n}\n#top .av-slideshow-ui.av-dlwrz8-e10ebf93ce5291406e5ea686c11ace87 .avia-slideshow-arrows a.avia-svg-icon svg:first-child{\nstroke:#321921 !important;\nfill:#321921 !important;\n}\n<\/style>\n<div  class='avia-testimonial-wrapper av-dlwrz8-e10ebf93ce5291406e5ea686c11ace87 avia-slider-testimonials avia-slider-2-testimonials avia_animate_when_almost_visible cktestis av-large-testimonial-slider av-slideshow-ui av-control-default av-nav-arrows-visible av-no-slider-navigation av-slider-hover-pause av-slideshow-autoplay av-loop-endless av-loop-manual-endless' data-slideshow-options=\"{&quot;animation&quot;:&quot;fade&quot;,&quot;autoplay&quot;:true,&quot;loop_autoplay&quot;:&quot;endless&quot;,&quot;interval&quot;:5,&quot;loop_manual&quot;:&quot;manual-endless&quot;,&quot;autoplay_stopper&quot;:false,&quot;noNavigation&quot;:false,&quot;bg_slider&quot;:false,&quot;keep_padding&quot;:&quot;&quot;,&quot;hoverpause&quot;:true,&quot;show_slide_delay&quot;:0}\">\n<section class=\"avia-testimonial-row\"><div class='avia-testimonial av-lzl0nav6-8a6ee81d9bc8ec69b6ff1ed78abcf5ce avia-testimonial-row-1 avia-first-testimonial flex_column no_margin av_one_half'><div class='avia-testimonial_inner'  itemscope=\"itemscope\" itemtype=\"https:\/\/schema.org\/CreativeWork\" ><div class='avia-testimonial-content '><div class='avia-testimonial-markup-entry-content'  itemprop=\"text\" ><p>Nous sommes arriv\u00e9s chez vous par hasard et qu&#8217;elle magnifique surprise. Le lieu est splendide. Le ch\u00e2teau est magnifiquement bien r\u00e9nov\u00e9 \u00e9norm\u00e9ment de go\u00fbt . Les chambres tr\u00e8s belles et tr\u00e8s agr\u00e9ables. La literie est parfaite. La table est savoureuse. Le petit d\u00e9jeuner parfait copieux et des produits de qualit\u00e9. En plus le personnel est charmant disponible attentif et agr\u00e9able. L ext\u00e9rieur du ch\u00e2teau est magnifique es tr\u00e8s bien entretenu. Pour r\u00e9sum\u00e9 tout est parfait. Je reconseille cet \u00e9tablissement.<\/p>\n<\/div><\/div><div class=\"avia-testimonial-meta\"><div class=\"avia-testimonial-arrow-wrap\"><div class=\"avia-arrow\"><\/div><\/div><div class='avia-testimonial-meta-mini'  itemprop=\"author\" itemscope=\"itemscope\" itemtype=\"https:\/\/schema.org\/Person\" ><strong  class='avia-testimonial-name'  itemprop=\"name\" >Rodolphe<\/strong><\/div><\/div><\/div><\/div>\n<div class='avia-testimonial av-lzl0mo61-0bd1ef4f137c5b06794234e0698e2876 avia-testimonial-row-1 flex_column no_margin av_one_half'><div class='avia-testimonial_inner'  itemscope=\"itemscope\" itemtype=\"https:\/\/schema.org\/CreativeWork\" ><div class='avia-testimonial-content '><div class='avia-testimonial-markup-entry-content'  itemprop=\"text\" ><p>Lors de mon repas ce dimanche apr\u00e8s midi, j&#8217;ai pass\u00e9 un agr\u00e9able moment. Les plats sont succulents, le service y est joyeux et agr\u00e9able. Le parc est vraiment tr\u00e8s beau : des chemins \u00e0 travers la for\u00eat d&#8217;une longueur d&#8217;environ 2km proposent une balade tr\u00e8s agr\u00e9able. Des terrains de p\u00e9tanque et un terrain de golf sont \u00e0 disposition. Cette exp\u00e9rience \u00e9tait vraiment super, je recommande vivement ! A midi le magret de canard et le fondant au chocolat \u00e9taient d\u00e9licieux !<\/p>\n<\/div><\/div><div class=\"avia-testimonial-meta\"><div class=\"avia-testimonial-arrow-wrap\"><div class=\"avia-arrow\"><\/div><\/div><div class='avia-testimonial-meta-mini'  itemprop=\"author\" itemscope=\"itemscope\" itemtype=\"https:\/\/schema.org\/Person\" ><strong  class='avia-testimonial-name'  itemprop=\"name\" >Famille Insardi<\/strong><\/div><\/div><\/div><\/div>\n<div class='avia-testimonial av-lq3hmjst-48d9261471e4679d37148195ee86a980 avia-testimonial-row-1 flex_column no_margin av_one_half'><div class='avia-testimonial_inner'  itemscope=\"itemscope\" itemtype=\"https:\/\/schema.org\/CreativeWork\" ><div class='avia-testimonial-content '><div class='avia-testimonial-markup-entry-content'  itemprop=\"text\" ><p style=\"font-weight: 400;\">C\u2019est toujours un r\u00e9el plaisir de d\u00e9jeuner au Domaine.<\/p>\n<p style=\"font-weight: 400;\">Tout est parfait !<\/p>\n<p style=\"font-weight: 400;\">Au plaisir d\u2019un nouvel \u00e9v\u00e8nement \u00e0 organiser au sein de votre \u00e9tablissement.<\/p>\n<p>(Journ\u00e9e d&#8217;\u00e9tude, d\u00e9cembre 2023).<\/p>\n<\/div><\/div><div class=\"avia-testimonial-meta\"><div class=\"avia-testimonial-arrow-wrap\"><div class=\"avia-arrow\"><\/div><\/div><div class='avia-testimonial-meta-mini'  itemprop=\"author\" itemscope=\"itemscope\" itemtype=\"https:\/\/schema.org\/Person\" ><strong  class='avia-testimonial-name'  itemprop=\"name\" >Eiffage<\/strong><\/div><\/div><\/div><\/div>\n<div class='avia-testimonial av-lq3hr2ui-a75fb0367fc9a7abb13c94f84d84ea9b avia-testimonial-row-1 flex_column no_margin av_one_half'><div class='avia-testimonial_inner'  itemscope=\"itemscope\" itemtype=\"https:\/\/schema.org\/CreativeWork\" ><div class='avia-testimonial-content '><div class='avia-testimonial-markup-entry-content'  itemprop=\"text\" ><p style=\"font-weight: 400;\">Lieu tr\u00e8s agr\u00e9able et calme, parfait pour un s\u00e9minaire r\u00e9sidentiel (salles de r\u00e9union, chambres, repas et pauses, tout est de qualit\u00e9).<\/p>\n<p>(S\u00e9minaire r\u00e9sidentiel, novembre 2023).<\/p>\n<\/div><\/div><div class=\"avia-testimonial-meta\"><div class=\"avia-testimonial-arrow-wrap\"><div class=\"avia-arrow\"><\/div><\/div><div class='avia-testimonial-meta-mini'  itemprop=\"author\" itemscope=\"itemscope\" itemtype=\"https:\/\/schema.org\/Person\" ><strong  class='avia-testimonial-name'  itemprop=\"name\" >Boehringer Ingelheim<\/strong><\/div><\/div><\/div><\/div>\n<div class='avia-testimonial av-lzl0krcw-dbfdb18b9aecbd344281218b5c2fd14d avia-testimonial-row-1 flex_column no_margin av_one_half'><div class='avia-testimonial_inner'  itemscope=\"itemscope\" itemtype=\"https:\/\/schema.org\/CreativeWork\" ><div class='avia-testimonial-content '><div class='avia-testimonial-markup-entry-content'  itemprop=\"text\" ><p>Nous avons d\u00e9gust\u00e9 le menu du jour avec grand plaisir. Le cadre est tr\u00e8s beau . Le service est impeccable. Merci pour ce bon moment que nous renouvellerons.<\/p>\n<\/div><\/div><div class=\"avia-testimonial-meta\"><div class=\"avia-testimonial-arrow-wrap\"><div class=\"avia-arrow\"><\/div><\/div><div class='avia-testimonial-meta-mini'  itemprop=\"author\" itemscope=\"itemscope\" itemtype=\"https:\/\/schema.org\/Person\" ><strong  class='avia-testimonial-name'  itemprop=\"name\" >Famille Merle<\/strong><\/div><\/div><\/div><\/div>\n<div class='avia-testimonial av-lzl0luw2-dd043cff912af73143041f009ce82c2e avia-testimonial-row-1 flex_column no_margin av_one_half'><div class='avia-testimonial_inner'  itemscope=\"itemscope\" itemtype=\"https:\/\/schema.org\/CreativeWork\" ><div class='avia-testimonial-content '><div class='avia-testimonial-markup-entry-content'  itemprop=\"text\" ><p>Bravo aux chefs et aux serveurs jeunes, souriants et dynamiques du restaurant l&#8217;instant pr\u00e9sent. Nous avons r\u00e9serv\u00e9 par GRoupon et cela nous a permis de connaitre les superbes lieux que nous avons dans notre r\u00e9gion. Bravo aux g\u00e9rants pour avoir redonn\u00e9 naissance \u00e0 ce superbe lieu.<\/p>\n<\/div><\/div><div class=\"avia-testimonial-meta\"><div class=\"avia-testimonial-arrow-wrap\"><div class=\"avia-arrow\"><\/div><\/div><div class='avia-testimonial-meta-mini'  itemprop=\"author\" itemscope=\"itemscope\" itemtype=\"https:\/\/schema.org\/Person\" ><strong  class='avia-testimonial-name'  itemprop=\"name\" >Ortenza<\/strong><\/div><\/div><\/div><\/div>\n<div class='avia-testimonial av-37zwxg-048b3241fc63f673b4bd343b9bc66bd7 avia-testimonial-row-1 flex_column no_margin av_one_half'><div class='avia-testimonial_inner'  itemscope=\"itemscope\" itemtype=\"https:\/\/schema.org\/CreativeWork\" ><div class='avia-testimonial-content '><div class='avia-testimonial-markup-entry-content'  itemprop=\"text\" ><p>Accueil parfait, dans un cadre d&#8217;exception et avec un professionnalisme de tr\u00e8s haut standing ! Encore merci.<\/p>\n<p>(S\u00e9minaire r\u00e9sidentiel, janvier 2023).<\/p>\n<\/div><\/div><div class=\"avia-testimonial-meta\"><div class=\"avia-testimonial-arrow-wrap\"><div class=\"avia-arrow\"><\/div><\/div><div class='avia-testimonial-meta-mini'  itemprop=\"author\" itemscope=\"itemscope\" itemtype=\"https:\/\/schema.org\/Person\" ><strong  class='avia-testimonial-name'  itemprop=\"name\" >GRDF<\/strong><\/div><\/div><\/div><\/div>\n<div class='avia-testimonial av-lzl0ozt7-8be563dd7adec19c82d21a6c0b01b70f avia-testimonial-row-1 flex_column no_margin av_one_half'><div class='avia-testimonial_inner'  itemscope=\"itemscope\" itemtype=\"https:\/\/schema.org\/CreativeWork\" ><div class='avia-testimonial-content '><div class='avia-testimonial-markup-entry-content'  itemprop=\"text\" ><p>Lieu magique, accueil exceptionnel. Un joyau \u00e0 d\u00e9couvrir dans le Forez. Nous rajoutons cette adresse incontournable pour notre retour annuel dans notre r\u00e9gion d&#8217;origine<\/p>\n<\/div><\/div><div class=\"avia-testimonial-meta\"><div class=\"avia-testimonial-arrow-wrap\"><div class=\"avia-arrow\"><\/div><\/div><div class='avia-testimonial-meta-mini'  itemprop=\"author\" itemscope=\"itemscope\" itemtype=\"https:\/\/schema.org\/Person\" ><strong  class='avia-testimonial-name'  itemprop=\"name\" >Sylvain<\/strong><\/div><\/div><\/div><\/div>\n<div class='avia-testimonial av-c9giro-7c789dfd9fe07161c7e6cceb783ba055 avia-testimonial-row-1 flex_column no_margin av_one_half'><div class='avia-testimonial_inner'  itemscope=\"itemscope\" itemtype=\"https:\/\/schema.org\/CreativeWork\" ><div class='avia-testimonial-content '><div class='avia-testimonial-markup-entry-content'  itemprop=\"text\" ><p>Nous venons vous remercier pour l&#8217;accueil sympathique et chaleureux le 12 juillet dans un salon mis \u00e0 notre disposition pour partager un repas avec nos enfants , petits enfants et conjoints , dans un cadre agr\u00e9able , un repas d\u00e9licieux et tr\u00e8s abordable ; le parc est reposant et a permis de mettre en m\u00e9moire de tr\u00e8s bons souvenirs \u00e0 notre famille.<\/p>\n<\/div><\/div><div class=\"avia-testimonial-meta\"><div class=\"avia-testimonial-arrow-wrap\"><div class=\"avia-arrow\"><\/div><\/div><div class='avia-testimonial-meta-mini'  itemprop=\"author\" itemscope=\"itemscope\" itemtype=\"https:\/\/schema.org\/Person\" ><strong  class='avia-testimonial-name'  itemprop=\"name\" >Marie-Jos\u00e9e<\/strong><\/div><\/div><\/div><\/div>\n<div class='avia-testimonial av-bdph2s-081bffb50eb721d6c38650a4d3b9abca avia-testimonial-row-1 flex_column no_margin av_one_half'><div class='avia-testimonial_inner'  itemscope=\"itemscope\" itemtype=\"https:\/\/schema.org\/CreativeWork\" ><div class='avia-testimonial-content '><div class='avia-testimonial-markup-entry-content'  itemprop=\"text\" ><p>L&#8217;accueil est chaleureux, les chambres sont tr\u00e8s bien. Nous avons din\u00e9 plusieurs soir au restaurant de l&#8217;h\u00f4tel, nous nous sommes r\u00e9gal\u00e9. Bref, un beau s\u00e9jour dans un cadre unique et reposant. Que du bonheur.<\/p>\n<\/div><\/div><div class=\"avia-testimonial-meta\"><div class=\"avia-testimonial-arrow-wrap\"><div class=\"avia-arrow\"><\/div><\/div><div class='avia-testimonial-meta-mini'  itemprop=\"author\" itemscope=\"itemscope\" itemtype=\"https:\/\/schema.org\/Person\" ><strong  class='avia-testimonial-name'  itemprop=\"name\" >Jean-R\u00e9my<\/strong><\/div><\/div><\/div><\/div>\n<div class='avia-testimonial av-9osegk-43defe3d4c38b17497503c7975bf70de avia-testimonial-row-1 flex_column no_margin av_one_half'><div class='avia-testimonial_inner'  itemscope=\"itemscope\" itemtype=\"https:\/\/schema.org\/CreativeWork\" ><div class='avia-testimonial-content '><div class='avia-testimonial-markup-entry-content'  itemprop=\"text\" ><p>Exceptionnel, nous sommes venus d\u00e9jeuner au restaurant ce midi, une \u00e9quipe dynamique, souriante, aimable et un service irr\u00e9prochable. La cuisine \u00e9tait raffin\u00e9e. Je reviendrai sans h\u00e9sitation.<\/p>\n<\/div><\/div><div class=\"avia-testimonial-meta\"><div class=\"avia-testimonial-arrow-wrap\"><div class=\"avia-arrow\"><\/div><\/div><div class='avia-testimonial-meta-mini'  itemprop=\"author\" itemscope=\"itemscope\" itemtype=\"https:\/\/schema.org\/Person\" ><strong  class='avia-testimonial-name'  itemprop=\"name\" >Jodie<\/strong><\/div><\/div><\/div><\/div>\n<div class='avia-testimonial av-7jxc9g-174eb5adba0591eba9b74d5587882b3e avia-testimonial-row-1 flex_column no_margin av_one_half'><div class='avia-testimonial_inner'  itemscope=\"itemscope\" itemtype=\"https:\/\/schema.org\/CreativeWork\" ><div class='avia-testimonial-content '><div class='avia-testimonial-markup-entry-content'  itemprop=\"text\" ><p>Un cadre magique, un repas exceptionnel, le personnel est magnifique, agr\u00e9able, souriant. Un tr\u00e8s bon moment dans ce tr\u00e8s beau ch\u00e2teau.<\/p>\n<\/div><\/div><div class=\"avia-testimonial-meta\"><div class=\"avia-testimonial-arrow-wrap\"><div class=\"avia-arrow\"><\/div><\/div><div class='avia-testimonial-meta-mini'  itemprop=\"author\" itemscope=\"itemscope\" itemtype=\"https:\/\/schema.org\/Person\" ><strong  class='avia-testimonial-name'  itemprop=\"name\" >Ben<\/strong><\/div><\/div><\/div><\/div>\n<div class='avia-testimonial av-5am66c-df7b1a7f9cbb611edfbb6d996b35c6b3 avia-testimonial-row-1 flex_column no_margin av_one_half'><div class='avia-testimonial_inner'  itemscope=\"itemscope\" itemtype=\"https:\/\/schema.org\/CreativeWork\" ><div class='avia-testimonial-content '><div class='avia-testimonial-markup-entry-content'  itemprop=\"text\" ><p>Tr\u00e8s bel endroit, havre de paix pour r\u00e9ceptions, s\u00e9minaires, etc. Dans un beau parc avec un joli parcours de golf.<\/p>\n<\/div><\/div><div class=\"avia-testimonial-meta\"><div class=\"avia-testimonial-arrow-wrap\"><div class=\"avia-arrow\"><\/div><\/div><div class='avia-testimonial-meta-mini'  itemprop=\"author\" itemscope=\"itemscope\" itemtype=\"https:\/\/schema.org\/Person\" ><strong  class='avia-testimonial-name'  itemprop=\"name\" >Catherine<\/strong><\/div><\/div><\/div><\/div>\n<div class='avia-testimonial av-g3dmc-d780b64b3b612b55c3e6c8c2bf8d45e0 avia-testimonial-row-1 flex_column no_margin av_one_half'><div class='avia-testimonial_inner'  itemscope=\"itemscope\" itemtype=\"https:\/\/schema.org\/CreativeWork\" ><div class='avia-testimonial-content '><div class='avia-testimonial-markup-entry-content'  itemprop=\"text\" ><p>Nous souhaitions vous dire un grand merci pour notre repas d&#8217;hier. Le repas \u00e9tait d\u00e9licieux, le cadre magnifique, le ma\u00eetre d&#8217;h\u00f4tel tr\u00e8s disponible et \u00e0 l&#8217;\u00e9coute. Tout \u00e9tait parfait. Nous reviendrons sans h\u00e9sitation. Encore merci pour tout.<\/p>\n<\/div><\/div><div class=\"avia-testimonial-meta\"><div class=\"avia-testimonial-arrow-wrap\"><div class=\"avia-arrow\"><\/div><\/div><div class='avia-testimonial-meta-mini'  itemprop=\"author\" itemscope=\"itemscope\" itemtype=\"https:\/\/schema.org\/Person\" ><strong  class='avia-testimonial-name'  itemprop=\"name\" >Lydie et c\u00e9dric<\/strong><\/div><\/div><\/div><\/div>\n<div class='avia-testimonial av-lsx3xx80-b391dfb5dd02d39ec169c00559774fdb avia-testimonial-row-1 flex_column no_margin av_one_half'><div class='avia-testimonial_inner'  itemscope=\"itemscope\" itemtype=\"https:\/\/schema.org\/CreativeWork\" ><div class='avia-testimonial-content '><div class='avia-testimonial-markup-entry-content'  itemprop=\"text\" ><p>Un lieu splendide pour l&#8217;organisation d&#8217;un \u00e9v\u00e9nement avec une \u00e9quipe attentive aux d\u00e9tails et disponible. Un grand merci au ch\u00e2teau pour son accueil.<\/p>\n<\/div><\/div><div class=\"avia-testimonial-meta\"><div class=\"avia-testimonial-arrow-wrap\"><div class=\"avia-arrow\"><\/div><\/div><div class='avia-testimonial-meta-mini'  itemprop=\"author\" itemscope=\"itemscope\" itemtype=\"https:\/\/schema.org\/Person\" ><strong  class='avia-testimonial-name'  itemprop=\"name\" >Marina<\/strong><\/div><\/div><\/div><\/div>\n<\/section><div class='avia-slideshow-arrows avia-slideshow-controls' ><a href='#prev' class='prev-slide  avia-svg-icon avia-font-svg_entypo-fontello' data-av_svg_icon='left-open-big' data-av_iconset='svg_entypo-fontello' tabindex='-1' title=\"Zur\u00fcck\"><svg version=\"1.1\" xmlns=\"http:\/\/www.w3.org\/2000\/svg\" width=\"15\" height=\"32\" viewBox=\"0 0 15 32\" preserveAspectRatio=\"xMidYMid meet\" aria-labelledby='av-svg-title-1' aria-describedby='av-svg-desc-1' role=\"graphics-symbol\" aria-hidden=\"true\">\n<title id='av-svg-title-1'>Zur\u00fcck<\/title>\n<desc id='av-svg-desc-1'>Zur\u00fcck<\/desc>\n<path d=\"M14.464 27.84q0.832 0.832 0 1.536-0.832 0.832-1.536 0l-12.544-12.608q-0.768-0.768 0-1.6l12.544-12.608q0.704-0.832 1.536 0 0.832 0.704 0 1.536l-11.456 11.904z\"><\/path>\n<\/svg><span class='avia_hidden_link_text'>Zur\u00fcck<\/span><\/a><a href='#next' class='next-slide  avia-svg-icon avia-font-svg_entypo-fontello' data-av_svg_icon='right-open-big' data-av_iconset='svg_entypo-fontello' tabindex='-1' title=\"Weiter\"><svg version=\"1.1\" xmlns=\"http:\/\/www.w3.org\/2000\/svg\" width=\"15\" height=\"32\" viewBox=\"0 0 15 32\" preserveAspectRatio=\"xMidYMid meet\" aria-labelledby='av-svg-title-2' aria-describedby='av-svg-desc-2' role=\"graphics-symbol\" aria-hidden=\"true\">\n<title id='av-svg-title-2'>Weiter<\/title>\n<desc id='av-svg-desc-2'>Weiter<\/desc>\n<path d=\"M0.416 27.84l11.456-11.84-11.456-11.904q-0.832-0.832 0-1.536 0.832-0.832 1.536 0l12.544 12.608q0.768 0.832 0 1.6l-12.544 12.608q-0.704 0.832-1.536 0-0.832-0.704 0-1.536z\"><\/path>\n<\/svg><span class='avia_hidden_link_text'>Weiter<\/span><\/a><\/div><\/div><\/p><\/div>\n\n<\/div><\/section><\/p>\n\n<style type=\"text\/css\" data-created_by=\"avia_inline_auto\" id=\"style-css-av-32e07s-123691593f87c72783fd35262e414c18\">\n#top .hr.hr-invisible.av-32e07s-123691593f87c72783fd35262e414c18{\nheight:20px;\n}\n<\/style>\n<div  class='hr av-32e07s-123691593f87c72783fd35262e414c18 hr-invisible'><span class='hr-inner '><span class=\"hr-inner-style\"><\/span><\/span><\/div>\n","protected":false},"excerpt":{"rendered":"","protected":false},"author":1,"featured_media":0,"parent":3470,"menu_order":0,"comment_status":"closed","ping_status":"closed","template":"","meta":{"_acf_changed":false,"footnotes":""},"class_list":["post-3518","page","type-page","status-publish","hentry"],"acf":[],"aioseo_notices":[],"_links":{"self":[{"href":"https:\/\/www.domaine-valinches.fr\/de\/wp-json\/wp\/v2\/pages\/3518","targetHints":{"allow":["GET"]}}],"collection":[{"href":"https:\/\/www.domaine-valinches.fr\/de\/wp-json\/wp\/v2\/pages"}],"about":[{"href":"https:\/\/www.domaine-valinches.fr\/de\/wp-json\/wp\/v2\/types\/page"}],"author":[{"embeddable":true,"href":"https:\/\/www.domaine-valinches.fr\/de\/wp-json\/wp\/v2\/users\/1"}],"replies":[{"embeddable":true,"href":"https:\/\/www.domaine-valinches.fr\/de\/wp-json\/wp\/v2\/comments?post=3518"}],"version-history":[{"count":4,"href":"https:\/\/www.domaine-valinches.fr\/de\/wp-json\/wp\/v2\/pages\/3518\/revisions"}],"predecessor-version":[{"id":4988,"href":"https:\/\/www.domaine-valinches.fr\/de\/wp-json\/wp\/v2\/pages\/3518\/revisions\/4988"}],"up":[{"embeddable":true,"href":"https:\/\/www.domaine-valinches.fr\/de\/wp-json\/wp\/v2\/pages\/3470"}],"wp:attachment":[{"href":"https:\/\/www.domaine-valinches.fr\/de\/wp-json\/wp\/v2\/media?parent=3518"}],"curies":[{"name":"wp","href":"https:\/\/api.w.org\/{rel}","templated":true}]}}