{"id":3453,"date":"2021-12-23T10:30:30","date_gmt":"2021-12-23T09:30:30","guid":{"rendered":"https:\/\/www.domaine-valinches.fr\/tourisme\/"},"modified":"2023-08-18T11:39:55","modified_gmt":"2023-08-18T09:39:55","slug":"tourismus","status":"publish","type":"page","link":"https:\/\/www.domaine-valinches.fr\/de\/tourismus\/","title":{"rendered":"City guide"},"content":{"rendered":"<div id='full_slider_1'  class='avia-fullwidth-slider main_color avia-shadow   avia-builder-el-0  el_before_av_one_full  avia-builder-el-first   container_wrap fullsize'  ><div  class='avia-slideshow av-lkic9alp-b49e1d11e750a51a48478c466915f0b5 avia-slideshow-no scaling av_slideshow_full avia-slide-slider av-slideshow-ui av-control-hidden av-no-slider-navigation av-hide-nav-arrows av-slideshow-manual av-loop-once av-loop-manual-endless av-default-height-applied   avia-slideshow-1' data-slideshow-options=\"{&quot;animation&quot;:&quot;slide&quot;,&quot;autoplay&quot;:false,&quot;loop_autoplay&quot;:&quot;once&quot;,&quot;interval&quot;:5,&quot;loop_manual&quot;:&quot;manual-endless&quot;,&quot;autoplay_stopper&quot;:false,&quot;noNavigation&quot;:true,&quot;bg_slider&quot;:false,&quot;keep_padding&quot;:false,&quot;hoverpause&quot;:false,&quot;show_slide_delay&quot;:0}\"  itemprop=\"image\" itemscope=\"itemscope\" itemtype=\"https:\/\/schema.org\/ImageObject\" ><ul class='avia-slideshow-inner ' style='padding-bottom: 32.291666666667%;'><li  class='avia-slideshow-slide av-lkic9alp-b49e1d11e750a51a48478c466915f0b5__0  av-single-slide slide-1 slide-odd'><div data-rel='slideshow-1' class='avia-slide-wrap '   ><img decoding=\"async\" fetchpriority=\"high\" class=\"wp-image-4494 avia-img-lazy-loading-not-4494\"  src=\"https:\/\/www.domaine-valinches.fr\/wp-content\/uploads\/2023\/07\/engagement_envir_2023.jpg\" width=\"1920\" height=\"620\" title='engagement_envir_2023' alt='Domaine et Ch\u00e2teau de Valinches'  itemprop=\"thumbnailUrl\" srcset=\"https:\/\/www.domaine-valinches.fr\/wp-content\/uploads\/2023\/07\/engagement_envir_2023.jpg 1920w, https:\/\/www.domaine-valinches.fr\/wp-content\/uploads\/2023\/07\/engagement_envir_2023-300x97.jpg 300w, https:\/\/www.domaine-valinches.fr\/wp-content\/uploads\/2023\/07\/engagement_envir_2023-1030x333.jpg 1030w, https:\/\/www.domaine-valinches.fr\/wp-content\/uploads\/2023\/07\/engagement_envir_2023-768x248.jpg 768w, https:\/\/www.domaine-valinches.fr\/wp-content\/uploads\/2023\/07\/engagement_envir_2023-1536x496.jpg 1536w, https:\/\/www.domaine-valinches.fr\/wp-content\/uploads\/2023\/07\/engagement_envir_2023-1500x484.jpg 1500w, https:\/\/www.domaine-valinches.fr\/wp-content\/uploads\/2023\/07\/engagement_envir_2023-705x228.jpg 705w\" sizes=\"(max-width: 1920px) 100vw, 1920px\" \/><\/div><\/li><\/ul><\/div><\/div><div id='after_full_slider_1'  class='main_color av_default_container_wrap container_wrap fullsize'  ><div class='container av-section-cont-open' ><div class='template-page content  av-content-full alpha units'><div class='post-entry post-entry-type-page post-entry-3453'><div class='entry-content-wrapper clearfix'>\n\n<style type=\"text\/css\" data-created_by=\"avia_inline_auto\" id=\"style-css-av-17w8qs0-c5ec66a0421eaa10c2f1e5a46f67b918\">\n.flex_column.av-17w8qs0-c5ec66a0421eaa10c2f1e5a46f67b918{\n-webkit-border-radius:0px 0px 0px 0px;\n-moz-border-radius:0px 0px 0px 0px;\nborder-radius:0px 0px 0px 0px;\npadding:0px 0px 0px 0px;\n}\n<\/style>\n<div  class='flex_column av-17w8qs0-c5ec66a0421eaa10c2f1e5a46f67b918 av_one_full  avia-builder-el-1  el_after_av_slideshow_full  el_before_av_hr  avia-builder-el-first  first flex_column_div av-zero-column-padding  '     ><section  class='av_textblock_section av-164ci4w-8ce41a6c5840080587fbf279a6d386c2 '   itemscope=\"itemscope\" itemtype=\"https:\/\/schema.org\/CreativeWork\" ><div class='avia_textblock'  itemprop=\"text\" ><h1 style=\"text-align: center;\">Entdecken Sie die Umgebung der Park- und Schlossanalge von Valinches<\/h1>\n<\/div><\/section><br \/>\n\n<style type=\"text\/css\" data-created_by=\"avia_inline_auto\" id=\"style-css-av-14dgwxs-88e2f933e6f7a07e8abd6cc69029e25b\">\n#top .hr.hr-invisible.av-14dgwxs-88e2f933e6f7a07e8abd6cc69029e25b{\nheight:10px;\n}\n<\/style>\n<div  class='hr av-14dgwxs-88e2f933e6f7a07e8abd6cc69029e25b hr-invisible  avia-builder-el-3  el_after_av_textblock  el_before_av_textblock '><span class='hr-inner '><span class=\"hr-inner-style\"><\/span><\/span><\/div><br \/>\n<section  class='av_textblock_section av-13a2vk0-2015cf7caaf2e41680c89786668c3e73 '   itemscope=\"itemscope\" itemtype=\"https:\/\/schema.org\/CreativeWork\" ><div class='avia_textblock'  itemprop=\"text\" ><p>Wenn Sie sich f\u00fcr einen Natururlaub in der Schloss- und Parkanlage von Valinches entscheiden, bedeutet das nicht nur, dass Sie sich in eine einf\u00fchlsam geborgene Pflanzenwelt in der N\u00e4he von Lyon, Saint Etienne und Clermont-Ferrand zur\u00fcckziehen k\u00f6nnen, die Kulturerbe, Komfort und Natur miteinander verbindet. In Wirklichkeit f\u00fcgt sich diese kleine, gr\u00fcne Oase, die erholsam und zugleich belebend ist, harmonisch in einen viel gr\u00f6\u00dferen Natur- und Kulturraum ein, n\u00e4mlich in die Region Livradois Forez am Fu\u00dfe der Auvergne, einer wahren, \u201egr\u00fcnen Lunge\u201c. Bezeichnete Katharina von Medici ihrerzeit den Westen der Region Livradois nicht als Toskana der Auvergne?!<\/p>\n<\/div><\/section><br \/>\n\n<style type=\"text\/css\" data-created_by=\"avia_inline_auto\" id=\"style-css-av-116t99c-86e7207ff973c31b9075616c11d589c3\">\n#top .hr.hr-invisible.av-116t99c-86e7207ff973c31b9075616c11d589c3{\nheight:30px;\n}\n<\/style>\n<div  class='hr av-116t99c-86e7207ff973c31b9075616c11d589c3 hr-invisible  avia-builder-el-5  el_after_av_textblock  el_before_av_textblock '><span class='hr-inner '><span class=\"hr-inner-style\"><\/span><\/span><\/div><br \/>\n<section  class='av_textblock_section av-yylb7k-de03a7489d26c10ed9220ab4ba5ec5ea '   itemscope=\"itemscope\" itemtype=\"https:\/\/schema.org\/CreativeWork\" ><div class='avia_textblock'  itemprop=\"text\" ><h2 style=\"text-align: center;\">Ausfl\u00fcge rund um die Park- und Schlossanalge von Valinches<\/h2>\n<p>Von den majest\u00e4tischen Basaltstr\u00f6men von Chenereilles bis zum Krater des Vulkans Montpeloux gibt es in der Umgebung der Parkanlage von Valinches viele spektakul\u00e4re Orte, an denen man sich mit der wilden Sch\u00f6nheit der Landschaft und den Kr\u00e4ften der Natur auseinandersetzen kann. W\u00e4hrend Ihres Aufenthalts im Schloss von Valinches im Herzen des Forez und vor den Toren der Auvergne d\u00fcrfen Sie sich jederzeit gerne von Ihren Gastgebern Muriel und Bruno beraten lassen, die beide Liebhaber und Kenner der Region sind.<\/p>\n<h3>Die Hochebenen \u201eMonts du Forez\u201c und \u201eHautes Chaumes\u201c, Natura 2000 klassifizierte Orte<\/h3>\n<p>In 1.200m H\u00f6he, in einer wundersch\u00f6nen Umgebung, in der Tier- und Pflanzenwelt unter Schutz stehen, k\u00f6nnen Sie mal wieder richtig reine und erfrischende Luft schnappen: 8.000 Hektar Torfmoor, Heide oder kleine W\u00e4ldchen lassen neugierige Wanderherzen zwischen \u00f6rtlich begrenzter Tierwelt und Auftrieb von Rinder- und Schafsherden (Sommertranshumanz) h\u00f6her schlagen. Eine wahre R\u00fcckkehr zur Natur, authentisch und exotisch.<\/p>\n<h3>Die Haut-Forez-Bahn, ein nostalgischer Touristenzug<\/h3>\n<p>Eine originelle Art, um die Region mit der Familie oder mit Freunden zu erkunden, ist der Touristenzug des Haut-Forez, dessen Abfahrt vom Bahnhof in Estivareilles nur 10km vom Schloss entfernt ist. Dieser typische Zug aus den 50er Jahren ist zwischen Juni und September in Betrieb und f\u00e4hrt an atemberaubenden Landschaften vorbei, wie z.B. dem Eisenbahnviadukt von Pontempeyrat an der Schnittstelle der Departements Loire, Haute-Loire und Puy de D\u00f4me.<\/p>\n<p>Sie k\u00f6nnen am Bahnhof Ihrer Wahl aussteigen, um in den herrlichen Nadelw\u00e4ldern tief durchzuatmen oder vor einer wundersch\u00f6nen Kulisse ein Picknick zu machen.<br \/>\n<strong>F\u00fcr Gruppen (Teambuilding, Betriebsratsveranstaltungen, Firmenseminare, Familienausfl\u00fcge, &#8230;) oder auch f\u00fcr private Veranstaltungen<\/strong>, die in unvergesslicher Erinnerung bleiben sollen (Hochzeiten, Geburtstage, Pensionierungen, &#8230;), sind spezielle, gesondert organisierte Touren m\u00f6glich.<\/p>\n<h3>Die Schluchten der Loire, ein verstecktes Juwel<\/h3>\n<p>Wussten sie, dass die Tageszeitung \u201eLe Monde\u201c 2023 die Schluchten der Loire in seine Top 20 der weltweit zu besichtigenden Orte aufgenommen hat? In der Tat sind die Landschaften dort beeindruckend, wie zum Beispiel der 28 km lange, majest\u00e4tische See, der durch <strong>den Grangent-Stausee<\/strong> gebildet wird und ideal f\u00fcr Wassersportaktivit\u00e4ten mit der ganzen Familie ist.<\/p>\n<p>Keine 20 km vom Schloss von Valinches entfernt liegt auch <strong>das Schloss von Essalois<\/strong>, das zum Kulturerbe der Loire-Schluchten geh\u00f6rt. Von seinem Felsvorsprung aus, der f\u00fcr einen Familienausflug leicht zug\u00e4nglich ist, bietet sich ein herrlicher 360\u00b0-Blick \u00fcber den majest\u00e4tischen, wilden Fluss mit seinen gr\u00fcnen H\u00e4ngen und der Forez-Ebene. Rundherum erstreckt sich ein 355 Hektar gro\u00dfes Naturschutzgebiet, das die Region zu einem idealen Ausgangspunkt f\u00fcr Wanderwege aller Schwierigkeitsgrade macht.<\/p>\n<p><img loading=\"lazy\" decoding=\"async\" class=\"alignnone size-full wp-image-4592\" src=\"https:\/\/www.domaine-valinches.fr\/wp-content\/uploads\/2023\/07\/grangent.jpg\" alt=\"grangent\" width=\"1210\" height=\"683\" srcset=\"https:\/\/www.domaine-valinches.fr\/wp-content\/uploads\/2023\/07\/grangent.jpg 1210w, https:\/\/www.domaine-valinches.fr\/wp-content\/uploads\/2023\/07\/grangent-300x169.jpg 300w, https:\/\/www.domaine-valinches.fr\/wp-content\/uploads\/2023\/07\/grangent-1030x581.jpg 1030w, https:\/\/www.domaine-valinches.fr\/wp-content\/uploads\/2023\/07\/grangent-768x434.jpg 768w, https:\/\/www.domaine-valinches.fr\/wp-content\/uploads\/2023\/07\/grangent-705x398.jpg 705w\" sizes=\"auto, (max-width: 1210px) 100vw, 1210px\" \/><\/p>\n<h3>Die Hochebene \u201eMonts du Forez\u201c, ein herrliches Wandergebiet<\/h3>\n<p>Mit mehr als 5.000 km markierten Wanderwegen enth\u00fcllt die Region des Forez atemberaubende Landschaften, von den Wasserf\u00e4llen von Chorsin bis zum Saut du Diable (Teufelssprung), durch die Schluchten der Loire oder die Hochebene der Hautes Chaumes. Egal, ob Sie eine sportliche Wanderung oder einen Ausflug mit der Familie bevorzugen, zu Fu\u00df, zu Pferd oder mit dem Mountainbike &#8211; alles ist m\u00f6glich!<\/p>\n<\/div><\/section><\/p><\/div>\n\n<style type=\"text\/css\" data-created_by=\"avia_inline_auto\" id=\"style-css-av-xus1zk-4994ade3a63f5bf6c29e349c6211f6ae\">\n#top .hr.hr-invisible.av-xus1zk-4994ade3a63f5bf6c29e349c6211f6ae{\nheight:30px;\n}\n<\/style>\n<div  class='hr av-xus1zk-4994ade3a63f5bf6c29e349c6211f6ae hr-invisible  avia-builder-el-7  el_after_av_one_full  el_before_av_textblock '><span class='hr-inner '><span class=\"hr-inner-style\"><\/span><\/span><\/div>\n<section  class='av_textblock_section av-wsmt9c-d8fe85a21971bf12a7c5e7c13e71e746 '   itemscope=\"itemscope\" itemtype=\"https:\/\/schema.org\/CreativeWork\" ><div class='avia_textblock'  itemprop=\"text\" ><h2 style=\"text-align: center;\">Kulturelle Ausfl\u00fcge rund um die Park- und Schlossanalge von Valinches<\/h2>\n<p>Kultur- und Kulturerbe-Liebhaber, die sich im Schloss von Valinches aufhalten, kommen auch in den Genuss eines wundersch\u00f6nen, touristischen Erbgutes am Fu\u00dfe des Forez.<\/p>\n<h3>Marols, sch\u00f6nstes Dorf des Departements der Loire<\/h3>\n<p>Das mittelalterliche Dorf von Marols, zu dem das Schloss geh\u00f6rt, ist einen Besuch wert, der Charme und Abwechslung verspricht. Es wurde 2022 zum sch\u00f6nsten Dorf des Departements der Loire gek\u00fcrt.<\/p>\n<h3>Die Abtei von Chaise-Dieu, gotischer Schatz in der Auvergne<\/h3>\n<p>Das benediktinische Kloster ist ein Modell gotischer Architektur und ein Kulturerbe-Juwel der Auvergne in einem au\u00dfergew\u00f6hnlichen Rahmen, der durch seinen \u00fcber 1.000 Meter hohen Felsvorsprung gepr\u00e4gt ist.<\/p>\n<h3>Das mittelalterliche Herz von Billom<\/h3>\n<p>Das Dorf Billom mit seiner mittelalterlichen Altstadt und der Rue des Boucheries versetzt Sie in eine andere Zeit, zwischen kleinen Fachwerkh\u00e4usern und engen, wundersch\u00f6n restaurierten Gassen. Die Stiftskirche Saint-Cernoeuf, ein Meisterwerk der Romanik, ist ein absolutes Muss.<\/p>\n<h3>B\u00e2tie d\u2019Urf\u00e9, ein Schloss voller \u00dcberraschungen<\/h3>\n<p>Das unter Denkmalschutz stehende Schloss \u201eB\u00e2tie d&#8217;Urf\u00e9\u201c bietet einen eleganten Renaissance-Stil, der durch einen sch\u00f6nen Garten mit geometrischen Beeten, einer dezenten Rotunde und einem Springbrunnen aus wei\u00dfem Marmor erg\u00e4nzt wird.<\/p>\n<\/div><\/section>\n\n<style type=\"text\/css\" data-created_by=\"avia_inline_auto\" id=\"style-css-av-v9li3k-8e2f14a2e1c26ae90edd7ba6e066e83c\">\n#top .hr.hr-invisible.av-v9li3k-8e2f14a2e1c26ae90edd7ba6e066e83c{\nheight:30px;\n}\n<\/style>\n<div  class='hr av-v9li3k-8e2f14a2e1c26ae90edd7ba6e066e83c hr-invisible  avia-builder-el-9  el_after_av_textblock  el_before_av_textblock '><span class='hr-inner '><span class=\"hr-inner-style\"><\/span><\/span><\/div>\n<section  class='av_textblock_section av-tdfsrk-9ace1ea8c10c9bbd808dc6c3bc5655ad '   itemscope=\"itemscope\" itemtype=\"https:\/\/schema.org\/CreativeWork\" ><div class='avia_textblock'  itemprop=\"text\" ><h2 style=\"text-align: center;\">Feinschmecker-Ausfl\u00fcge rund um die Park- und Schlossanalge von Valinches<\/h2>\n<p>Mit acht 3*-Restaurants, 15 **-Restaurants und 72 1*-Restaurants ist die Region Auvergne Rh\u00f4ne-Alpes eine feste Gr\u00f6\u00dfe in der franz\u00f6sischen Gastronomie. Davon zeugt auch die exquisite Bistrok\u00fcche im Restaurant \u201eL&#8217;Instant Pr\u00e9sent\u201c der Schlossanlage von Valinches. Von der Loire bis zu den Ausl\u00e4ufern der Auvergne veredeln lokale Handwerker au\u00dfergew\u00f6hnliche Produkte und bieten vor allem K\u00e4se und Wurstwaren an, die weit \u00fcber die Region hinaus bekannt sind.<\/p>\n<p>Gastronomieliebhaber sollten sich nat\u00fcrlich einen Besuch in Ambert nicht entgehen lassen, das nur 35 km von Marols und dem Ch\u00e2teau de Valinches entfernt liegt. Im \u201eMaison de la Fourme d&#8217;Ambert AOP et des fromages d&#8217;Auvergne\u201c (Haus der Original-Fourme d\u2018Ambert und der K\u00e4sesorten der Auvergne) k\u00f6nnen Sie die verschiedenen Etappen der K\u00e4seherstellung kennenlernen, mit Workshops f\u00fcr Gro\u00df und Klein: K\u00e4se- und Butterherstellung, eine fiktive Kuh zum Melken oder die Verkostung von k\u00f6stlichen Hamburgern mit der \u00f6rtlichen K\u00e4sespezialit\u00e4t \u201e<strong>Fourme d&#8217;Ambert<\/strong>\u201c stehen dabei auf dem Programm.<\/p>\n<\/div><\/section>\n\n<style type=\"text\/css\" data-created_by=\"avia_inline_auto\" id=\"style-css-av-s1b480-dd1d46ba0108701e7d20afd40144319f\">\n#top .hr.hr-invisible.av-s1b480-dd1d46ba0108701e7d20afd40144319f{\nheight:30px;\n}\n<\/style>\n<div  class='hr av-s1b480-dd1d46ba0108701e7d20afd40144319f hr-invisible  avia-builder-el-11  el_after_av_textblock  el_before_av_textblock '><span class='hr-inner '><span class=\"hr-inner-style\"><\/span><\/span><\/div>\n<section  class='av_textblock_section av-phq08g-b985ae089945c230ae8a66a436671588 '   itemscope=\"itemscope\" itemtype=\"https:\/\/schema.org\/CreativeWork\" ><div class='avia_textblock'  itemprop=\"text\" ><h2 style=\"text-align: center;\">Stadt-Ausfl\u00fcge rund um Marols und die Schlossanalge von Valinches<\/h2>\n<p>Dank seiner zentralen Lage in der Hochebene \u201eMonts du Forez\u201c kommen Sie von der Park- und Schlossanlage von Valinches schnell zu den wichtigsten Metropolen der Region Auvergne-Rh\u00f4ne-Alpes. In etwa <strong>1 Stunde und 15 Minuten<\/strong> Entfernung k\u00f6nnen Sie beispielsweise die vier historischen Viertel <strong>von Lyon<\/strong> entdecken, die zum UNESCO-Weltkulturerbe geh\u00f6ren. Noch n\u00e4her liegt Saint-Etienne, das von den Touristenstr\u00f6men oft vergessen wird, obwohl das Minenmuseum oder der Designkomplex wirklich interessant sind.<\/p>\n<p>In der Auvergne k\u00f6nnen Sie die Stadt Le Puy mit ihrer ber\u00fchmten Schwarzen Madonna, die Stadt Thiers, die Welthauptstadt des Messers, oder die Stadt Clermont-Ferrand am Fu\u00dfe der Vulkane der Auvergne erkunden.<\/p>\n<\/div><\/section>\n\n<style type=\"text\/css\" data-created_by=\"avia_inline_auto\" id=\"style-css-av-nycoz4-7da1969b87aad91f13fef0b87c881b28\">\n#top .hr.hr-invisible.av-nycoz4-7da1969b87aad91f13fef0b87c881b28{\nheight:35px;\n}\n<\/style>\n<div  class='hr av-nycoz4-7da1969b87aad91f13fef0b87c881b28 hr-invisible  avia-builder-el-13  el_after_av_textblock  el_before_av_textblock '><span class='hr-inner '><span class=\"hr-inner-style\"><\/span><\/span><\/div>\n<section  class='av_textblock_section av-lptteo-d8da61e8a22de2976c09d23c1bf526cf '   itemscope=\"itemscope\" itemtype=\"https:\/\/schema.org\/CreativeWork\" ><div class='avia_textblock'  itemprop=\"text\" ><h2 style=\"text-align: center;\">Einige gro\u00dfe Ereignisse in der Auvergne-Rh\u00f4ne-Alpes in der Saison 2023\/2024<\/h2>\n<\/div><\/section>\n<div  class='avia-content-slider-element-container av-jg0n68-263cba082a07325b3a1cc0c80b8f8bcc avia-content-slider-element-slider avia-content-slider avia-smallarrow-slider avia-content-slider-active avia-content-slider-odd  avia-builder-el-15  el_after_av_textblock  el_before_av_textblock  nagenda av-slideshow-ui av-control-default av-nav-arrows-visible av-nav-dots-visible av-hide-nav-arrows av-slideshow-manual av-loop-once av-loop-manual-endless avia-content-slider1' data-slideshow-options=\"{&quot;animation&quot;:&quot;slide&quot;,&quot;autoplay&quot;:false,&quot;loop_autoplay&quot;:&quot;once&quot;,&quot;interval&quot;:5,&quot;loop_manual&quot;:&quot;manual-endless&quot;,&quot;autoplay_stopper&quot;:false,&quot;noNavigation&quot;:false,&quot;bg_slider&quot;:false,&quot;keep_padding&quot;:&quot;&quot;,&quot;hoverpause&quot;:false,&quot;show_slide_delay&quot;:30}\"><div class='avia-smallarrow-slider-heading  no-content-slider-heading '><div class='new-special-heading'>&nbsp;<\/div><div class='avia-slideshow-arrows avia-slideshow-controls' ><a href='#prev' class='prev-slide  avia-svg-icon avia-font-svg_entypo-fontello' data-av_svg_icon='left-open-big' data-av_iconset='svg_entypo-fontello' tabindex='-1' title=\"Zur\u00fcck\"><svg version=\"1.1\" xmlns=\"http:\/\/www.w3.org\/2000\/svg\" width=\"15\" height=\"32\" viewBox=\"0 0 15 32\" preserveAspectRatio=\"xMidYMid meet\" aria-labelledby='av-svg-title-1' aria-describedby='av-svg-desc-1' role=\"graphics-symbol\" aria-hidden=\"true\">\n<title id='av-svg-title-1'>Zur\u00fcck<\/title>\n<desc id='av-svg-desc-1'>Zur\u00fcck<\/desc>\n<path d=\"M14.464 27.84q0.832 0.832 0 1.536-0.832 0.832-1.536 0l-12.544-12.608q-0.768-0.768 0-1.6l12.544-12.608q0.704-0.832 1.536 0 0.832 0.704 0 1.536l-11.456 11.904z\"><\/path>\n<\/svg><span class='avia_hidden_link_text'>Zur\u00fcck<\/span><\/a><a href='#next' class='next-slide  avia-svg-icon avia-font-svg_entypo-fontello' data-av_svg_icon='right-open-big' data-av_iconset='svg_entypo-fontello' tabindex='-1' title=\"Weiter\"><svg version=\"1.1\" xmlns=\"http:\/\/www.w3.org\/2000\/svg\" width=\"15\" height=\"32\" viewBox=\"0 0 15 32\" preserveAspectRatio=\"xMidYMid meet\" aria-labelledby='av-svg-title-2' aria-describedby='av-svg-desc-2' role=\"graphics-symbol\" aria-hidden=\"true\">\n<title id='av-svg-title-2'>Weiter<\/title>\n<desc id='av-svg-desc-2'>Weiter<\/desc>\n<path d=\"M0.416 27.84l11.456-11.84-11.456-11.904q-0.832-0.832 0-1.536 0.832-0.832 1.536 0l12.544 12.608q0.768 0.832 0 1.6l-12.544 12.608q-0.704 0.832-1.536 0-0.832-0.704 0-1.536z\"><\/path>\n<\/svg><span class='avia_hidden_link_text'>Weiter<\/span><\/a><\/div><div class='avia-slideshow-dots avia-slideshow-controls'><a href='#1' class='goto-slide active' >1<\/a><a href='#2' class='goto-slide ' >2<\/a><a href='#3' class='goto-slide ' >3<\/a><a href='#4' class='goto-slide ' >4<\/a><\/div><\/div><div class=\"avia-content-slider-inner\"><div class=\"slide-entry-wrap\"><section class='slide-entry av-fxp3r4-61c3dd781c36da37b8956e5a56eed7a9 flex_column av_one_third post-entry slide-entry-overview slide-loop-1 slide-parity-odd  first'  itemscope=\"itemscope\" itemtype=\"https:\/\/schema.org\/CreativeWork\" ><h3 class='slide-entry-title entry-title '  itemprop=\"headline\" >August 2023<\/h3><div class='slide-entry-excerpt entry-content'  itemprop=\"text\" ><ul>\n<li><a href=\"https:\/\/eaap2023.org\/\" target=\"_blank\" rel=\"nofollow noopener\">World Congress of Animal Production<\/a> WAAP<\/li>\n<li><a href=\"https:\/\/woodstower.com\/\" target=\"_blank\" rel=\"nofollow noopener\">Festival Woodstower 2023<\/a><\/li>\n<li><a href=\"https:\/\/efnr-congress.org\/general-information\/lyon\" target=\"_blank\" rel=\"nofollow noopener\">European Congress of Neurohabilitation<\/a> ENCR<\/li>\n<\/ul>\n<\/div><\/section><section class='slide-entry av-ehpbhs-a68961448ccc5e8c3d3f7d4f2d21d39e flex_column av_one_third post-entry slide-entry-overview slide-loop-2 slide-parity-even  '  itemscope=\"itemscope\" itemtype=\"https:\/\/schema.org\/CreativeWork\" ><h3 class='slide-entry-title entry-title '  itemprop=\"headline\" >September 2023<\/h3><div class='slide-entry-excerpt entry-content'  itemprop=\"text\" ><ul>\n<li><a href=\"https:\/\/www.labiennaledelyon.com\/la-biennale-de-lyon\" target=\"_blank\" rel=\"nofollow noopener\">Tanzbiennale in Lyon<\/a><\/li>\n<li>Europ\u00e4ische Kulturtage<\/li>\n<li><a href=\"https:\/\/www.salon-automobile-lyon.com\/\" target=\"_blank\" rel=\"nofollow noopener\">Automobilausstellung 2023 in Lyon<\/a><\/li>\n<li><a href=\"https:\/\/tickets.rugbyworldcup.com\/fr\/lyon\" target=\"_blank\" rel=\"nofollow noopener\">Rugby-Weiltmeisterschaft 2023<\/a><\/li>\n<\/ul>\n<\/div><\/section><section class='slide-entry av-bzz2ww-c6f52c3275267dce1a35fa2e14e7f77e flex_column av_one_third post-entry slide-entry-overview slide-loop-3 slide-parity-odd  '  itemscope=\"itemscope\" itemtype=\"https:\/\/schema.org\/CreativeWork\" ><h3 class='slide-entry-title entry-title '  itemprop=\"headline\" >Oktober 2023<\/h3><div class='slide-entry-excerpt entry-content'  itemprop=\"text\" ><ul>\n<li><a href=\"https:\/\/www.peinturefraichefestival.fr\/\" target=\"_blank\" rel=\"nofollow noopener\">Peinture Fra\u00eeche Festival Lyon 2023<\/a>, das Street art-Festival<\/li>\n<li><a href=\"https:\/\/www.festival-lumiere.org\/\" target=\"_blank\" rel=\"nofollow noopener\">Festival Lumi\u00e8re 2023<\/a> &#8211; Grand Lyon Film Festival<\/li>\n<\/ul>\n<\/div><\/section><\/div><div class=\"slide-entry-wrap\"><section class='slide-entry av-b9y0cg-7675ccce414350888a42074c2ee27f01 flex_column av_one_third post-entry slide-entry-overview slide-loop-4 slide-parity-odd  first'  itemscope=\"itemscope\" itemtype=\"https:\/\/schema.org\/CreativeWork\" ><h3 class='slide-entry-title entry-title '  itemprop=\"headline\" >November 2023<\/h3><div class='slide-entry-excerpt entry-content'  itemprop=\"text\" ><ul>\n<li>Weihnachtsmarkt (Marols, Lyon, \u2026)<\/li>\n<li><a href=\"https:\/\/www.equitalyon.com\/fr\" target=\"_blank\" rel=\"nofollow noopener\">Longines Equita Lyon<\/a> und Pferdemesse 2023<\/li>\n<li><a href=\"https:\/\/www.japan-touch.com\/lyon\/\" target=\"_blank\" rel=\"nofollow noopener\">Japan Touch 2023<\/a> \u00e0 Lyon<\/li>\n<li><a href=\"https:\/\/epoquauto.com\/\" target=\"_blank\" rel=\"nofollow noopener\">Epoqu&#8217;Auto<\/a> \u00e0 Lyon<\/li>\n<li><a href=\"https:\/\/lyon.salon-du-chocolat.com\/\" target=\"_blank\" rel=\"nofollow noopener\">Schokoloadenmesse Lyon 2023\u00a0<\/a><\/li>\n<\/ul>\n<\/div><\/section><section class='slide-entry av-xly1s-89126c0560719a25bda025f8bacf044a flex_column av_one_third post-entry slide-entry-overview slide-loop-5 slide-parity-even  '  itemscope=\"itemscope\" itemtype=\"https:\/\/schema.org\/CreativeWork\" ><h3 class='slide-entry-title entry-title '  itemprop=\"headline\" >Dezember 2023<\/h3><div class='slide-entry-excerpt entry-content'  itemprop=\"text\" ><ul>\n<li><a href=\"https:\/\/www.fetedeslumieres.lyon.fr\/fr\" target=\"_blank\" rel=\"nofollow noopener\">Lichterfest 2023 in Lyon<\/a><\/li>\n<\/ul>\n<\/div><\/section><section class='slide-entry av-7v9000-dc8ed8e78b1ef768e1c735982281acde flex_column av_one_third post-entry slide-entry-overview slide-loop-6 slide-parity-odd  '  itemscope=\"itemscope\" itemtype=\"https:\/\/schema.org\/CreativeWork\" ><h3 class='slide-entry-title entry-title '  itemprop=\"headline\" >Februar 2024<\/h3><div class='slide-entry-excerpt entry-content'  itemprop=\"text\" ><ul>\n<li><a href=\"https:\/\/www.salondu2roues.com\/\" target=\"_blank\" rel=\"nofollow noopener\">2-Rad-Messe in Lyon<\/a><\/li>\n<\/ul>\n<\/div><\/section><\/div><div class=\"slide-entry-wrap\"><section class='slide-entry av-5qviio-169bdd373cefb6cb5c5c7cb40393cb88 flex_column av_one_third post-entry slide-entry-overview slide-loop-7 slide-parity-odd  first'  itemscope=\"itemscope\" itemtype=\"https:\/\/schema.org\/CreativeWork\" ><h3 class='slide-entry-title entry-title '  itemprop=\"headline\" >M\u00e4rz &amp; April 2024<\/h3><div class='slide-entry-excerpt entry-content'  itemprop=\"text\" ><ul>\n<li><a href=\"https:\/\/www.foiredelyon.com\/fr\" target=\"_blank\" rel=\"nofollow noopener\">Internationale Messe von Lyon<\/a><\/li>\n<\/ul>\n<\/div><\/section><section class='slide-entry av-4iyd80-75c317d44651e26cdf1e29283246fbf6 flex_column av_one_third post-entry slide-entry-overview slide-loop-8 slide-parity-even  '  itemscope=\"itemscope\" itemtype=\"https:\/\/schema.org\/CreativeWork\" ><h3 class='slide-entry-title entry-title '  itemprop=\"headline\" >Juli &amp; August 2024<\/h3><div class='slide-entry-excerpt entry-content'  itemprop=\"text\" ><p><strong>OLYMPISCHE SOMMERSPIELE 2024<\/strong><\/p>\n<ul>\n<li><a href=\"https:\/\/www.paris2024.org\/fr\/site\/stade-de-lyon\/\" target=\"_blank\" rel=\"nofollow noopener\">11 Damen- und Herren-Fussballspiele im GROUPAMA STADIUM \u00e0 LYON<\/a><\/li>\n<li><a href=\"https:\/\/www.paris2024.org\/fr\/site\/stade-de-saint-etienne\/\" target=\"_blank\" rel=\"nofollow noopener\">6 Fussballspiele im STADE GEOFFROY GUICHARD \u00e0 SAINT-\u00c9TIENNE<\/a><\/li>\n<\/ul>\n<\/div><\/section><section class='slide-entry av-llgedi56-a061f7ae1a2ac14cb0efbab2d82c39b1 flex_column av_one_third post-entry slide-entry-overview slide-loop-9 slide-parity-odd  '  itemscope=\"itemscope\" itemtype=\"https:\/\/schema.org\/CreativeWork\" ><h3 class='slide-entry-title entry-title '  itemprop=\"headline\" >September 2024<\/h3><div class='slide-entry-excerpt entry-content'  itemprop=\"text\" ><ul>\n<li><a href=\"https:\/\/www.labiennaledelyon.com\/art-contemporain\" target=\"_blank\" rel=\"nofollow noopener\">Moderne Kunst-Biennale Lyon 2024<\/a><\/li>\n<li><a href=\"https:\/\/www.worldskills-france.org\/worldskills-lyon-2024\/\" target=\"_blank\" rel=\"nofollow noopener\">Internationale Worldskills-Meisterschaft<\/a><\/li>\n<\/ul>\n<\/div><\/section><\/div><div class=\"slide-entry-wrap\"><section class='slide-entry av-llgeeig6-f42dba1076a142f6688488fdb3d2eee3 flex_column av_one_third post-entry slide-entry-overview slide-loop-10 slide-parity-odd  first'  itemscope=\"itemscope\" itemtype=\"https:\/\/schema.org\/CreativeWork\" ><h3 class='slide-entry-title entry-title '  itemprop=\"headline\" >Oktober 2024<\/h3><div class='slide-entry-excerpt entry-content'  itemprop=\"text\" ><ul>\n<li><a href=\"https:\/\/sfecologie.org\/actions\/colloques\/\" target=\"_blank\" rel=\"nofollow noopener\">International Conference of Ecological Sciences \u00e0 Lyon<\/a><\/li>\n<\/ul>\n<\/div><\/section><section class='slide-entry av-llgef9q7-2e6607293c5bcc7870454481b15080e8 flex_column av_one_third post-entry slide-entry-overview slide-loop-11 slide-parity-even  '  itemscope=\"itemscope\" itemtype=\"https:\/\/schema.org\/CreativeWork\" ><h3 class='slide-entry-title entry-title '  itemprop=\"headline\" >November 2024<\/h3><div class='slide-entry-excerpt entry-content'  itemprop=\"text\" ><ul>\n<li><a href=\"https:\/\/afvac.com\/\" target=\"_blank\" rel=\"nofollow noopener\">Jahreskongress der Haustier\u00e4rzte &#8211; AFVAC<\/a><\/li>\n<\/ul>\n<\/div><\/section><section class='slide-entry av-llgegk8f-8964a57b5bdc05b6dd3b3680e7fce8cd flex_column av_one_third post-entry slide-entry-overview slide-loop-12 slide-parity-odd  post-entry-last  '  itemscope=\"itemscope\" itemtype=\"https:\/\/schema.org\/CreativeWork\" ><h3 class='slide-entry-title entry-title '  itemprop=\"headline\" >Dezember 2024<\/h3><div class='slide-entry-excerpt entry-content'  itemprop=\"text\" ><ul>\n<li><a href=\"https:\/\/www.fetedeslumieres.lyon.fr\/fr\" target=\"_blank\" rel=\"nofollow noopener\">Lichterfest 2024 in Lyon<\/a><\/li>\n<\/ul>\n<\/div><\/section><\/div><\/div><\/div>\n<section  class='av_textblock_section av-2e0ips-94f324df8f97c9368beb9f3d44867655 '   itemscope=\"itemscope\" itemtype=\"https:\/\/schema.org\/CreativeWork\" ><div class='avia_textblock'  itemprop=\"text\" ><div  class='flex_column av-ip67p0-6e94b67120d47fe84bf5ff659811d136 av_one_full first flex_column_div  '     ><p>\n<style type=\"text\/css\" data-created_by=\"avia_inline_auto\" id=\"style-css-av-hxludw-e6ce77107f7d2a0d156b5f309c6f0f2d\">\n#top .hr.hr-invisible.av-hxludw-e6ce77107f7d2a0d156b5f309c6f0f2d{\nheight:70px;\n}\n<\/style>\n<div  class='hr av-hxludw-e6ce77107f7d2a0d156b5f309c6f0f2d hr-invisible'><span class='hr-inner '><span class=\"hr-inner-style\"><\/span><\/span><\/div><br \/>\n<section  class='av_textblock_section av-f6b644-60de20d871553016541992880b69bef2 '   itemscope=\"itemscope\" itemtype=\"https:\/\/schema.org\/CreativeWork\" ><div class='avia_textblock testititle'  itemprop=\"text\" ><h2 class=\"rr\">T\u00e9moignages<\/h2>\n<\/div><\/section><br \/>\n\n<style type=\"text\/css\" data-created_by=\"avia_inline_auto\" id=\"style-css-av-dlwrz8-e10ebf93ce5291406e5ea686c11ace87\">\n#top .av-slideshow-ui.av-dlwrz8-e10ebf93ce5291406e5ea686c11ace87 .avia-slideshow-arrows a{\ncolor:#321921;\n}\n#top .av-slideshow-ui.av-dlwrz8-e10ebf93ce5291406e5ea686c11ace87 .avia-slideshow-arrows a.avia-svg-icon svg:first-child{\nstroke:#321921 !important;\nfill:#321921 !important;\n}\n<\/style>\n<div  class='avia-testimonial-wrapper av-dlwrz8-e10ebf93ce5291406e5ea686c11ace87 avia-slider-testimonials avia-slider-2-testimonials avia_animate_when_almost_visible cktestis av-large-testimonial-slider av-slideshow-ui av-control-default av-nav-arrows-visible av-no-slider-navigation av-slider-hover-pause av-slideshow-autoplay av-loop-endless av-loop-manual-endless' data-slideshow-options=\"{&quot;animation&quot;:&quot;fade&quot;,&quot;autoplay&quot;:true,&quot;loop_autoplay&quot;:&quot;endless&quot;,&quot;interval&quot;:5,&quot;loop_manual&quot;:&quot;manual-endless&quot;,&quot;autoplay_stopper&quot;:false,&quot;noNavigation&quot;:false,&quot;bg_slider&quot;:false,&quot;keep_padding&quot;:&quot;&quot;,&quot;hoverpause&quot;:true,&quot;show_slide_delay&quot;:0}\">\n<section class=\"avia-testimonial-row\"><div class='avia-testimonial av-lzl0nav6-8a6ee81d9bc8ec69b6ff1ed78abcf5ce avia-testimonial-row-1 avia-first-testimonial flex_column no_margin av_one_half'><div class='avia-testimonial_inner'  itemscope=\"itemscope\" itemtype=\"https:\/\/schema.org\/CreativeWork\" ><div class='avia-testimonial-content '><div class='avia-testimonial-markup-entry-content'  itemprop=\"text\" ><p>Nous sommes arriv\u00e9s chez vous par hasard et qu&#8217;elle magnifique surprise. Le lieu est splendide. Le ch\u00e2teau est magnifiquement bien r\u00e9nov\u00e9 \u00e9norm\u00e9ment de go\u00fbt . Les chambres tr\u00e8s belles et tr\u00e8s agr\u00e9ables. La literie est parfaite. La table est savoureuse. Le petit d\u00e9jeuner parfait copieux et des produits de qualit\u00e9. En plus le personnel est charmant disponible attentif et agr\u00e9able. L ext\u00e9rieur du ch\u00e2teau est magnifique es tr\u00e8s bien entretenu. Pour r\u00e9sum\u00e9 tout est parfait. Je reconseille cet \u00e9tablissement.<\/p>\n<\/div><\/div><div class=\"avia-testimonial-meta\"><div class=\"avia-testimonial-arrow-wrap\"><div class=\"avia-arrow\"><\/div><\/div><div class='avia-testimonial-meta-mini'  itemprop=\"author\" itemscope=\"itemscope\" itemtype=\"https:\/\/schema.org\/Person\" ><strong  class='avia-testimonial-name'  itemprop=\"name\" >Rodolphe<\/strong><\/div><\/div><\/div><\/div>\n<div class='avia-testimonial av-lzl0mo61-0bd1ef4f137c5b06794234e0698e2876 avia-testimonial-row-1 flex_column no_margin av_one_half'><div class='avia-testimonial_inner'  itemscope=\"itemscope\" itemtype=\"https:\/\/schema.org\/CreativeWork\" ><div class='avia-testimonial-content '><div class='avia-testimonial-markup-entry-content'  itemprop=\"text\" ><p>Lors de mon repas ce dimanche apr\u00e8s midi, j&#8217;ai pass\u00e9 un agr\u00e9able moment. Les plats sont succulents, le service y est joyeux et agr\u00e9able. Le parc est vraiment tr\u00e8s beau : des chemins \u00e0 travers la for\u00eat d&#8217;une longueur d&#8217;environ 2km proposent une balade tr\u00e8s agr\u00e9able. Des terrains de p\u00e9tanque et un terrain de golf sont \u00e0 disposition. Cette exp\u00e9rience \u00e9tait vraiment super, je recommande vivement ! A midi le magret de canard et le fondant au chocolat \u00e9taient d\u00e9licieux !<\/p>\n<\/div><\/div><div class=\"avia-testimonial-meta\"><div class=\"avia-testimonial-arrow-wrap\"><div class=\"avia-arrow\"><\/div><\/div><div class='avia-testimonial-meta-mini'  itemprop=\"author\" itemscope=\"itemscope\" itemtype=\"https:\/\/schema.org\/Person\" ><strong  class='avia-testimonial-name'  itemprop=\"name\" >Famille Insardi<\/strong><\/div><\/div><\/div><\/div>\n<div class='avia-testimonial av-lq3hmjst-48d9261471e4679d37148195ee86a980 avia-testimonial-row-1 flex_column no_margin av_one_half'><div class='avia-testimonial_inner'  itemscope=\"itemscope\" itemtype=\"https:\/\/schema.org\/CreativeWork\" ><div class='avia-testimonial-content '><div class='avia-testimonial-markup-entry-content'  itemprop=\"text\" ><p style=\"font-weight: 400;\">C\u2019est toujours un r\u00e9el plaisir de d\u00e9jeuner au Domaine.<\/p>\n<p style=\"font-weight: 400;\">Tout est parfait !<\/p>\n<p style=\"font-weight: 400;\">Au plaisir d\u2019un nouvel \u00e9v\u00e8nement \u00e0 organiser au sein de votre \u00e9tablissement.<\/p>\n<p>(Journ\u00e9e d&#8217;\u00e9tude, d\u00e9cembre 2023).<\/p>\n<\/div><\/div><div class=\"avia-testimonial-meta\"><div class=\"avia-testimonial-arrow-wrap\"><div class=\"avia-arrow\"><\/div><\/div><div class='avia-testimonial-meta-mini'  itemprop=\"author\" itemscope=\"itemscope\" itemtype=\"https:\/\/schema.org\/Person\" ><strong  class='avia-testimonial-name'  itemprop=\"name\" >Eiffage<\/strong><\/div><\/div><\/div><\/div>\n<div class='avia-testimonial av-lq3hr2ui-a75fb0367fc9a7abb13c94f84d84ea9b avia-testimonial-row-1 flex_column no_margin av_one_half'><div class='avia-testimonial_inner'  itemscope=\"itemscope\" itemtype=\"https:\/\/schema.org\/CreativeWork\" ><div class='avia-testimonial-content '><div class='avia-testimonial-markup-entry-content'  itemprop=\"text\" ><p style=\"font-weight: 400;\">Lieu tr\u00e8s agr\u00e9able et calme, parfait pour un s\u00e9minaire r\u00e9sidentiel (salles de r\u00e9union, chambres, repas et pauses, tout est de qualit\u00e9).<\/p>\n<p>(S\u00e9minaire r\u00e9sidentiel, novembre 2023).<\/p>\n<\/div><\/div><div class=\"avia-testimonial-meta\"><div class=\"avia-testimonial-arrow-wrap\"><div class=\"avia-arrow\"><\/div><\/div><div class='avia-testimonial-meta-mini'  itemprop=\"author\" itemscope=\"itemscope\" itemtype=\"https:\/\/schema.org\/Person\" ><strong  class='avia-testimonial-name'  itemprop=\"name\" >Boehringer Ingelheim<\/strong><\/div><\/div><\/div><\/div>\n<div class='avia-testimonial av-lzl0krcw-dbfdb18b9aecbd344281218b5c2fd14d avia-testimonial-row-1 flex_column no_margin av_one_half'><div class='avia-testimonial_inner'  itemscope=\"itemscope\" itemtype=\"https:\/\/schema.org\/CreativeWork\" ><div class='avia-testimonial-content '><div class='avia-testimonial-markup-entry-content'  itemprop=\"text\" ><p>Nous avons d\u00e9gust\u00e9 le menu du jour avec grand plaisir. Le cadre est tr\u00e8s beau . Le service est impeccable. Merci pour ce bon moment que nous renouvellerons.<\/p>\n<\/div><\/div><div class=\"avia-testimonial-meta\"><div class=\"avia-testimonial-arrow-wrap\"><div class=\"avia-arrow\"><\/div><\/div><div class='avia-testimonial-meta-mini'  itemprop=\"author\" itemscope=\"itemscope\" itemtype=\"https:\/\/schema.org\/Person\" ><strong  class='avia-testimonial-name'  itemprop=\"name\" >Famille Merle<\/strong><\/div><\/div><\/div><\/div>\n<div class='avia-testimonial av-lzl0luw2-dd043cff912af73143041f009ce82c2e avia-testimonial-row-1 flex_column no_margin av_one_half'><div class='avia-testimonial_inner'  itemscope=\"itemscope\" itemtype=\"https:\/\/schema.org\/CreativeWork\" ><div class='avia-testimonial-content '><div class='avia-testimonial-markup-entry-content'  itemprop=\"text\" ><p>Bravo aux chefs et aux serveurs jeunes, souriants et dynamiques du restaurant l&#8217;instant pr\u00e9sent. Nous avons r\u00e9serv\u00e9 par GRoupon et cela nous a permis de connaitre les superbes lieux que nous avons dans notre r\u00e9gion. Bravo aux g\u00e9rants pour avoir redonn\u00e9 naissance \u00e0 ce superbe lieu.<\/p>\n<\/div><\/div><div class=\"avia-testimonial-meta\"><div class=\"avia-testimonial-arrow-wrap\"><div class=\"avia-arrow\"><\/div><\/div><div class='avia-testimonial-meta-mini'  itemprop=\"author\" itemscope=\"itemscope\" itemtype=\"https:\/\/schema.org\/Person\" ><strong  class='avia-testimonial-name'  itemprop=\"name\" >Ortenza<\/strong><\/div><\/div><\/div><\/div>\n<div class='avia-testimonial av-37zwxg-048b3241fc63f673b4bd343b9bc66bd7 avia-testimonial-row-1 flex_column no_margin av_one_half'><div class='avia-testimonial_inner'  itemscope=\"itemscope\" itemtype=\"https:\/\/schema.org\/CreativeWork\" ><div class='avia-testimonial-content '><div class='avia-testimonial-markup-entry-content'  itemprop=\"text\" ><p>Accueil parfait, dans un cadre d&#8217;exception et avec un professionnalisme de tr\u00e8s haut standing ! Encore merci.<\/p>\n<p>(S\u00e9minaire r\u00e9sidentiel, janvier 2023).<\/p>\n<\/div><\/div><div class=\"avia-testimonial-meta\"><div class=\"avia-testimonial-arrow-wrap\"><div class=\"avia-arrow\"><\/div><\/div><div class='avia-testimonial-meta-mini'  itemprop=\"author\" itemscope=\"itemscope\" itemtype=\"https:\/\/schema.org\/Person\" ><strong  class='avia-testimonial-name'  itemprop=\"name\" >GRDF<\/strong><\/div><\/div><\/div><\/div>\n<div class='avia-testimonial av-lzl0ozt7-8be563dd7adec19c82d21a6c0b01b70f avia-testimonial-row-1 flex_column no_margin av_one_half'><div class='avia-testimonial_inner'  itemscope=\"itemscope\" itemtype=\"https:\/\/schema.org\/CreativeWork\" ><div class='avia-testimonial-content '><div class='avia-testimonial-markup-entry-content'  itemprop=\"text\" ><p>Lieu magique, accueil exceptionnel. Un joyau \u00e0 d\u00e9couvrir dans le Forez. Nous rajoutons cette adresse incontournable pour notre retour annuel dans notre r\u00e9gion d&#8217;origine<\/p>\n<\/div><\/div><div class=\"avia-testimonial-meta\"><div class=\"avia-testimonial-arrow-wrap\"><div class=\"avia-arrow\"><\/div><\/div><div class='avia-testimonial-meta-mini'  itemprop=\"author\" itemscope=\"itemscope\" itemtype=\"https:\/\/schema.org\/Person\" ><strong  class='avia-testimonial-name'  itemprop=\"name\" >Sylvain<\/strong><\/div><\/div><\/div><\/div>\n<div class='avia-testimonial av-c9giro-7c789dfd9fe07161c7e6cceb783ba055 avia-testimonial-row-1 flex_column no_margin av_one_half'><div class='avia-testimonial_inner'  itemscope=\"itemscope\" itemtype=\"https:\/\/schema.org\/CreativeWork\" ><div class='avia-testimonial-content '><div class='avia-testimonial-markup-entry-content'  itemprop=\"text\" ><p>Nous venons vous remercier pour l&#8217;accueil sympathique et chaleureux le 12 juillet dans un salon mis \u00e0 notre disposition pour partager un repas avec nos enfants , petits enfants et conjoints , dans un cadre agr\u00e9able , un repas d\u00e9licieux et tr\u00e8s abordable ; le parc est reposant et a permis de mettre en m\u00e9moire de tr\u00e8s bons souvenirs \u00e0 notre famille.<\/p>\n<\/div><\/div><div class=\"avia-testimonial-meta\"><div class=\"avia-testimonial-arrow-wrap\"><div class=\"avia-arrow\"><\/div><\/div><div class='avia-testimonial-meta-mini'  itemprop=\"author\" itemscope=\"itemscope\" itemtype=\"https:\/\/schema.org\/Person\" ><strong  class='avia-testimonial-name'  itemprop=\"name\" >Marie-Jos\u00e9e<\/strong><\/div><\/div><\/div><\/div>\n<div class='avia-testimonial av-bdph2s-081bffb50eb721d6c38650a4d3b9abca avia-testimonial-row-1 flex_column no_margin av_one_half'><div class='avia-testimonial_inner'  itemscope=\"itemscope\" itemtype=\"https:\/\/schema.org\/CreativeWork\" ><div class='avia-testimonial-content '><div class='avia-testimonial-markup-entry-content'  itemprop=\"text\" ><p>L&#8217;accueil est chaleureux, les chambres sont tr\u00e8s bien. Nous avons din\u00e9 plusieurs soir au restaurant de l&#8217;h\u00f4tel, nous nous sommes r\u00e9gal\u00e9. Bref, un beau s\u00e9jour dans un cadre unique et reposant. Que du bonheur.<\/p>\n<\/div><\/div><div class=\"avia-testimonial-meta\"><div class=\"avia-testimonial-arrow-wrap\"><div class=\"avia-arrow\"><\/div><\/div><div class='avia-testimonial-meta-mini'  itemprop=\"author\" itemscope=\"itemscope\" itemtype=\"https:\/\/schema.org\/Person\" ><strong  class='avia-testimonial-name'  itemprop=\"name\" >Jean-R\u00e9my<\/strong><\/div><\/div><\/div><\/div>\n<div class='avia-testimonial av-9osegk-43defe3d4c38b17497503c7975bf70de avia-testimonial-row-1 flex_column no_margin av_one_half'><div class='avia-testimonial_inner'  itemscope=\"itemscope\" itemtype=\"https:\/\/schema.org\/CreativeWork\" ><div class='avia-testimonial-content '><div class='avia-testimonial-markup-entry-content'  itemprop=\"text\" ><p>Exceptionnel, nous sommes venus d\u00e9jeuner au restaurant ce midi, une \u00e9quipe dynamique, souriante, aimable et un service irr\u00e9prochable. La cuisine \u00e9tait raffin\u00e9e. Je reviendrai sans h\u00e9sitation.<\/p>\n<\/div><\/div><div class=\"avia-testimonial-meta\"><div class=\"avia-testimonial-arrow-wrap\"><div class=\"avia-arrow\"><\/div><\/div><div class='avia-testimonial-meta-mini'  itemprop=\"author\" itemscope=\"itemscope\" itemtype=\"https:\/\/schema.org\/Person\" ><strong  class='avia-testimonial-name'  itemprop=\"name\" >Jodie<\/strong><\/div><\/div><\/div><\/div>\n<div class='avia-testimonial av-7jxc9g-174eb5adba0591eba9b74d5587882b3e avia-testimonial-row-1 flex_column no_margin av_one_half'><div class='avia-testimonial_inner'  itemscope=\"itemscope\" itemtype=\"https:\/\/schema.org\/CreativeWork\" ><div class='avia-testimonial-content '><div class='avia-testimonial-markup-entry-content'  itemprop=\"text\" ><p>Un cadre magique, un repas exceptionnel, le personnel est magnifique, agr\u00e9able, souriant. Un tr\u00e8s bon moment dans ce tr\u00e8s beau ch\u00e2teau.<\/p>\n<\/div><\/div><div class=\"avia-testimonial-meta\"><div class=\"avia-testimonial-arrow-wrap\"><div class=\"avia-arrow\"><\/div><\/div><div class='avia-testimonial-meta-mini'  itemprop=\"author\" itemscope=\"itemscope\" itemtype=\"https:\/\/schema.org\/Person\" ><strong  class='avia-testimonial-name'  itemprop=\"name\" >Ben<\/strong><\/div><\/div><\/div><\/div>\n<div class='avia-testimonial av-5am66c-df7b1a7f9cbb611edfbb6d996b35c6b3 avia-testimonial-row-1 flex_column no_margin av_one_half'><div class='avia-testimonial_inner'  itemscope=\"itemscope\" itemtype=\"https:\/\/schema.org\/CreativeWork\" ><div class='avia-testimonial-content '><div class='avia-testimonial-markup-entry-content'  itemprop=\"text\" ><p>Tr\u00e8s bel endroit, havre de paix pour r\u00e9ceptions, s\u00e9minaires, etc. Dans un beau parc avec un joli parcours de golf.<\/p>\n<\/div><\/div><div class=\"avia-testimonial-meta\"><div class=\"avia-testimonial-arrow-wrap\"><div class=\"avia-arrow\"><\/div><\/div><div class='avia-testimonial-meta-mini'  itemprop=\"author\" itemscope=\"itemscope\" itemtype=\"https:\/\/schema.org\/Person\" ><strong  class='avia-testimonial-name'  itemprop=\"name\" >Catherine<\/strong><\/div><\/div><\/div><\/div>\n<div class='avia-testimonial av-g3dmc-d780b64b3b612b55c3e6c8c2bf8d45e0 avia-testimonial-row-1 flex_column no_margin av_one_half'><div class='avia-testimonial_inner'  itemscope=\"itemscope\" itemtype=\"https:\/\/schema.org\/CreativeWork\" ><div class='avia-testimonial-content '><div class='avia-testimonial-markup-entry-content'  itemprop=\"text\" ><p>Nous souhaitions vous dire un grand merci pour notre repas d&#8217;hier. Le repas \u00e9tait d\u00e9licieux, le cadre magnifique, le ma\u00eetre d&#8217;h\u00f4tel tr\u00e8s disponible et \u00e0 l&#8217;\u00e9coute. Tout \u00e9tait parfait. Nous reviendrons sans h\u00e9sitation. Encore merci pour tout.<\/p>\n<\/div><\/div><div class=\"avia-testimonial-meta\"><div class=\"avia-testimonial-arrow-wrap\"><div class=\"avia-arrow\"><\/div><\/div><div class='avia-testimonial-meta-mini'  itemprop=\"author\" itemscope=\"itemscope\" itemtype=\"https:\/\/schema.org\/Person\" ><strong  class='avia-testimonial-name'  itemprop=\"name\" >Lydie et c\u00e9dric<\/strong><\/div><\/div><\/div><\/div>\n<div class='avia-testimonial av-lsx3xx80-b391dfb5dd02d39ec169c00559774fdb avia-testimonial-row-1 flex_column no_margin av_one_half'><div class='avia-testimonial_inner'  itemscope=\"itemscope\" itemtype=\"https:\/\/schema.org\/CreativeWork\" ><div class='avia-testimonial-content '><div class='avia-testimonial-markup-entry-content'  itemprop=\"text\" ><p>Un lieu splendide pour l&#8217;organisation d&#8217;un \u00e9v\u00e9nement avec une \u00e9quipe attentive aux d\u00e9tails et disponible. Un grand merci au ch\u00e2teau pour son accueil.<\/p>\n<\/div><\/div><div class=\"avia-testimonial-meta\"><div class=\"avia-testimonial-arrow-wrap\"><div class=\"avia-arrow\"><\/div><\/div><div class='avia-testimonial-meta-mini'  itemprop=\"author\" itemscope=\"itemscope\" itemtype=\"https:\/\/schema.org\/Person\" ><strong  class='avia-testimonial-name'  itemprop=\"name\" >Marina<\/strong><\/div><\/div><\/div><\/div>\n<\/section><div class='avia-slideshow-arrows avia-slideshow-controls' ><a href='#prev' class='prev-slide  avia-svg-icon avia-font-svg_entypo-fontello' data-av_svg_icon='left-open-big' data-av_iconset='svg_entypo-fontello' tabindex='-1' title=\"Zur\u00fcck\"><svg version=\"1.1\" xmlns=\"http:\/\/www.w3.org\/2000\/svg\" width=\"15\" height=\"32\" viewBox=\"0 0 15 32\" preserveAspectRatio=\"xMidYMid meet\" aria-labelledby='av-svg-title-3' aria-describedby='av-svg-desc-3' role=\"graphics-symbol\" aria-hidden=\"true\">\n<title id='av-svg-title-3'>Zur\u00fcck<\/title>\n<desc id='av-svg-desc-3'>Zur\u00fcck<\/desc>\n<path d=\"M14.464 27.84q0.832 0.832 0 1.536-0.832 0.832-1.536 0l-12.544-12.608q-0.768-0.768 0-1.6l12.544-12.608q0.704-0.832 1.536 0 0.832 0.704 0 1.536l-11.456 11.904z\"><\/path>\n<\/svg><span class='avia_hidden_link_text'>Zur\u00fcck<\/span><\/a><a href='#next' class='next-slide  avia-svg-icon avia-font-svg_entypo-fontello' data-av_svg_icon='right-open-big' data-av_iconset='svg_entypo-fontello' tabindex='-1' title=\"Weiter\"><svg version=\"1.1\" xmlns=\"http:\/\/www.w3.org\/2000\/svg\" width=\"15\" height=\"32\" viewBox=\"0 0 15 32\" preserveAspectRatio=\"xMidYMid meet\" aria-labelledby='av-svg-title-4' aria-describedby='av-svg-desc-4' role=\"graphics-symbol\" aria-hidden=\"true\">\n<title id='av-svg-title-4'>Weiter<\/title>\n<desc id='av-svg-desc-4'>Weiter<\/desc>\n<path d=\"M0.416 27.84l11.456-11.84-11.456-11.904q-0.832-0.832 0-1.536 0.832-0.832 1.536 0l12.544 12.608q0.768 0.832 0 1.6l-12.544 12.608q-0.704 0.832-1.536 0-0.832-0.704 0-1.536z\"><\/path>\n<\/svg><span class='avia_hidden_link_text'>Weiter<\/span><\/a><\/div><\/div><\/p><\/div>\n\n<\/div><\/section>\n<div  class='flex_column av-2ndo28-dc2c5dcf183df17b09211a14acb3181b av_one_fifth  avia-builder-el-17  el_after_av_textblock  el_before_av_three_fifth  first flex_column_div av-hide-on-mobile  column-top-margin'     ><\/div>\n<div  class='flex_column av-3o6oog-4c6e5493c8ab0ea4506d3833d8a7d7ae av_three_fifth  avia-builder-el-18  el_after_av_one_fifth  el_before_av_one_fifth  flex_column_div  column-top-margin'     ><section  class='av_textblock_section av-lki9sblq-41e01d8e2960f1a85cb21b0718973c3b '   itemscope=\"itemscope\" itemtype=\"https:\/\/schema.org\/CreativeWork\" ><div class='avia_textblock rvforez'  itemprop=\"text\" ><p><em><img loading=\"lazy\" decoding=\"async\" class=\"alignright wp-image-2309\" src=\"https:\/\/www.domaine-valinches.fr\/wp-content\/uploads\/2022\/01\/rvforez.png\" alt=\"Rendez-vous en Forez\" width=\"294\" height=\"70\" \/><\/em><em>Denn der Naturpark Forez ist nicht nur<br \/>\nein Ausflugsziel sondern auch ein Ort<br \/>\nder Begegnung, der uns wohlwollend einl\u00e4dt,<br \/>\nseine Sch\u00e4tze und Einwohner zu entdecken.<\/em><\/p>\n<\/div><\/section><\/div>\n<div  class='flex_column av-5r1ikg-99e601711567150fbea1928b704d855c av_one_fifth  avia-builder-el-20  el_after_av_three_fifth  el_before_av_hr  flex_column_div av-hide-on-mobile  column-top-margin'     ><\/div>\n\n<style type=\"text\/css\" data-created_by=\"avia_inline_auto\" id=\"style-css-av-2fxyps-dd83df728c743b502144d6f323bbc213\">\n#top .hr.hr-invisible.av-2fxyps-dd83df728c743b502144d6f323bbc213{\nheight:20px;\n}\n<\/style>\n<div  class='hr av-2fxyps-dd83df728c743b502144d6f323bbc213 hr-invisible  avia-builder-el-21  el_after_av_one_fifth  avia-builder-el-last '><span class='hr-inner '><span class=\"hr-inner-style\"><\/span><\/span><\/div>\n","protected":false},"excerpt":{"rendered":"","protected":false},"author":1,"featured_media":0,"parent":0,"menu_order":0,"comment_status":"closed","ping_status":"closed","template":"","meta":{"_acf_changed":false,"footnotes":""},"class_list":["post-3453","page","type-page","status-publish","hentry"],"acf":[],"aioseo_notices":[],"_links":{"self":[{"href":"https:\/\/www.domaine-valinches.fr\/de\/wp-json\/wp\/v2\/pages\/3453","targetHints":{"allow":["GET"]}}],"collection":[{"href":"https:\/\/www.domaine-valinches.fr\/de\/wp-json\/wp\/v2\/pages"}],"about":[{"href":"https:\/\/www.domaine-valinches.fr\/de\/wp-json\/wp\/v2\/types\/page"}],"author":[{"embeddable":true,"href":"https:\/\/www.domaine-valinches.fr\/de\/wp-json\/wp\/v2\/users\/1"}],"replies":[{"embeddable":true,"href":"https:\/\/www.domaine-valinches.fr\/de\/wp-json\/wp\/v2\/comments?post=3453"}],"version-history":[{"count":4,"href":"https:\/\/www.domaine-valinches.fr\/de\/wp-json\/wp\/v2\/pages\/3453\/revisions"}],"predecessor-version":[{"id":4975,"href":"https:\/\/www.domaine-valinches.fr\/de\/wp-json\/wp\/v2\/pages\/3453\/revisions\/4975"}],"wp:attachment":[{"href":"https:\/\/www.domaine-valinches.fr\/de\/wp-json\/wp\/v2\/media?parent=3453"}],"curies":[{"name":"wp","href":"https:\/\/api.w.org\/{rel}","templated":true}]}}