{"id":3441,"date":"2020-09-07T08:21:35","date_gmt":"2020-09-07T06:21:35","guid":{"rendered":"https:\/\/www.domaine-valinches.fr\/nature-et-bien-etre\/"},"modified":"2023-08-18T11:17:46","modified_gmt":"2023-08-18T09:17:46","slug":"natur-wohlbefinden","status":"publish","type":"page","link":"https:\/\/www.domaine-valinches.fr\/de\/natur-wohlbefinden\/","title":{"rendered":"Umweltengagement"},"content":{"rendered":"<div id='full_slider_1'  class='avia-fullwidth-slider main_color avia-shadow   avia-builder-el-0  el_before_av_one_full  avia-builder-el-first   container_wrap fullsize'  ><div  class='avia-slideshow av-lkicau9a-f626b6917c5abcddb90b7f17bcee68c8 avia-slideshow-no scaling av_slideshow_full avia-slide-slider av-slideshow-ui av-control-hidden av-no-slider-navigation av-hide-nav-arrows av-slideshow-manual av-loop-once av-loop-manual-endless av-default-height-applied   avia-slideshow-1' data-slideshow-options=\"{&quot;animation&quot;:&quot;slide&quot;,&quot;autoplay&quot;:false,&quot;loop_autoplay&quot;:&quot;once&quot;,&quot;interval&quot;:5,&quot;loop_manual&quot;:&quot;manual-endless&quot;,&quot;autoplay_stopper&quot;:false,&quot;noNavigation&quot;:true,&quot;bg_slider&quot;:false,&quot;keep_padding&quot;:false,&quot;hoverpause&quot;:false,&quot;show_slide_delay&quot;:0}\"  itemprop=\"image\" itemscope=\"itemscope\" itemtype=\"https:\/\/schema.org\/ImageObject\" ><ul class='avia-slideshow-inner ' style='padding-bottom: 32.291666666667%;'><li  class='avia-slideshow-slide av-lkicau9a-f626b6917c5abcddb90b7f17bcee68c8__0  av-single-slide slide-1 slide-odd'><div data-rel='slideshow-1' class='avia-slide-wrap '   ><img decoding=\"async\" fetchpriority=\"high\" class=\"wp-image-4842 avia-img-lazy-loading-not-4842\"  src=\"https:\/\/www.domaine-valinches.fr\/wp-content\/uploads\/2023\/08\/valinche-20230629-022.jpg\" width=\"1920\" height=\"620\" title='valinche-20230629-022' alt=''  itemprop=\"thumbnailUrl\" srcset=\"https:\/\/www.domaine-valinches.fr\/wp-content\/uploads\/2023\/08\/valinche-20230629-022.jpg 1920w, https:\/\/www.domaine-valinches.fr\/wp-content\/uploads\/2023\/08\/valinche-20230629-022-300x97.jpg 300w, https:\/\/www.domaine-valinches.fr\/wp-content\/uploads\/2023\/08\/valinche-20230629-022-1030x333.jpg 1030w, https:\/\/www.domaine-valinches.fr\/wp-content\/uploads\/2023\/08\/valinche-20230629-022-768x248.jpg 768w, https:\/\/www.domaine-valinches.fr\/wp-content\/uploads\/2023\/08\/valinche-20230629-022-1536x496.jpg 1536w, https:\/\/www.domaine-valinches.fr\/wp-content\/uploads\/2023\/08\/valinche-20230629-022-1500x484.jpg 1500w, https:\/\/www.domaine-valinches.fr\/wp-content\/uploads\/2023\/08\/valinche-20230629-022-705x228.jpg 705w\" sizes=\"(max-width: 1920px) 100vw, 1920px\" \/><\/div><\/li><\/ul><\/div><\/div><div id='after_full_slider_1'  class='main_color av_default_container_wrap container_wrap fullsize'  ><div class='container av-section-cont-open' ><div class='template-page content  av-content-full alpha units'><div class='post-entry post-entry-type-page post-entry-3441'><div class='entry-content-wrapper clearfix'>\n\n<style type=\"text\/css\" data-created_by=\"avia_inline_auto\" id=\"style-css-av-3m7sao-e596ff1523350eb1833b4b2fdb399ea8\">\n.flex_column.av-3m7sao-e596ff1523350eb1833b4b2fdb399ea8{\n-webkit-border-radius:0px 0px 0px 0px;\n-moz-border-radius:0px 0px 0px 0px;\nborder-radius:0px 0px 0px 0px;\npadding:0px 0px 0px 0px;\n}\n<\/style>\n<div  class='flex_column av-3m7sao-e596ff1523350eb1833b4b2fdb399ea8 av_one_full  avia-builder-el-1  el_after_av_slideshow_full  el_before_av_one_full  avia-builder-el-first  first flex_column_div av-zero-column-padding  '     ><section  class='av_textblock_section av-3ewrxk-fd246d90f806f27ea55872d14f769f96 '   itemscope=\"itemscope\" itemtype=\"https:\/\/schema.org\/CreativeWork\" ><div class='avia_textblock'  itemprop=\"text\" ><h1 style=\"text-align: center;\">Die Park- und Schlossanlage von Valinches:<\/h1>\n<h2 style=\"text-align: center;\">gr\u00fcne Umgebung f\u00fcr gr\u00fcne Werte.<\/h2>\n<p style=\"text-align: center;\"><em><strong>\u00ab Die Zeit des Mitgef\u00fchls ist also gekommen, um die Art und Weise, wie wir die Erde bewohnen, zu \u00fcberdenken, um das Leben auf ihr wiederherzustellen \u00bb (Dala\u00ef lama)<\/strong><\/em><\/p>\n<\/div><\/section><br \/>\n\n<style type=\"text\/css\" data-created_by=\"avia_inline_auto\" id=\"style-css-av-38tro8-2914b820f79b37301e3962a08160f569\">\n#top .hr.hr-invisible.av-38tro8-2914b820f79b37301e3962a08160f569{\nheight:10px;\n}\n<\/style>\n<div  class='hr av-38tro8-2914b820f79b37301e3962a08160f569 hr-invisible  avia-builder-el-3  el_after_av_textblock  el_before_av_textblock '><span class='hr-inner '><span class=\"hr-inner-style\"><\/span><\/span><\/div><br \/>\n<section  class='av_textblock_section av-32hqkg-02058b0b1a190650b4e9c262f756eb3f '   itemscope=\"itemscope\" itemtype=\"https:\/\/schema.org\/CreativeWork\" ><div class='avia_textblock'  itemprop=\"text\" ><p>Wenn man die Parkanlage von Valinches mit zwei Worten beschreiben m\u00fcsste, <strong>w\u00fcrden Natur und Kulturerbe<\/strong> eine hervorragende Zusammenfassung bilden. Natur, weil das Anwesen im Herzen der Hochebene \u201eMonts du Forez\u201c liegt, inmitten einer idyllischen Umgebung mit einem 15 Hektar gro\u00dfen Park, majest\u00e4tischen B\u00e4umen und einem bezaubernden Teich; Kulturerbe, weil das Schloss von Valinches eines der kulturellen Schmuckst\u00fccke des mittelalterlichen Dorfes Marols ist, das 2022 zum sch\u00f6nsten Dorf des Departements der Loire erkl\u00e4rt wurde.<\/p>\n<p>Die Park- und Schlossanlage von Valinches hat sich schon sehr fr\u00fch selbstverst\u00e4ndlich und bewusst f\u00fcr die Erhaltung des Architektur- und Naturerbes entschieden. Dieser Wunsch nach einer fr\u00fchzeitigen, \u00f6kologisch verantwortlichen Entwicklung hat weder etwas mit einer CSR-Nachhaltigkeitspflicht noch mit einem Modeph\u00e4nomen zu tun: Es ist die aufrichtige und tiefe \u00dcberzeugung der neuen Eigent\u00fcmer Muriel und Bruno. Sie wollten aus dem <strong>Hotel und dem Schloss von Valinche<\/strong>s eine Wohlf\u00fchloase machen, die den Charme der Tradition mit seinen alten Gem\u00e4uern, den Komfort der Moderne mit hochwertigen Dienstleistungen und den Respekt vor der Umwelt mit dem Lokavorismus in Einklang bringt.<\/p>\n<\/div><\/section><\/p><\/div>\n<div class='flex_column_table av-2w19qo-abf8801261d35c2e30c68412458cf69a sc-av_one_full av-equal-height-column-flextable'><div  class='flex_column av-2w19qo-abf8801261d35c2e30c68412458cf69a av_one_full  avia-builder-el-5  el_after_av_one_full  el_before_av_four_fifth  first flex_column_table_cell av-equal-height-column av-align-top  column-top-margin'     ><section  class='av_textblock_section av-9vdh4-d2b41e4099d4131ead1a1f74719431c7 '   itemscope=\"itemscope\" itemtype=\"https:\/\/schema.org\/CreativeWork\" ><div class='avia_textblock'  itemprop=\"text\" ><h3>Die Park- und Schlossanlage von Valinches: Natur genie\u00dfen!<\/h3>\n<\/div><\/section><br \/>\n\n<style type=\"text\/css\" data-created_by=\"avia_inline_auto\" id=\"style-css-av-2mrq0w-5d8e5b32a41f858f1e2468753893036b\">\n#top .hr.hr-invisible.av-2mrq0w-5d8e5b32a41f858f1e2468753893036b{\nheight:25px;\n}\n<\/style>\n<div  class='hr av-2mrq0w-5d8e5b32a41f858f1e2468753893036b hr-invisible  avia-builder-el-7  el_after_av_textblock  el_before_av_slideshow_accordion  avia-builder-el-last '><span class='hr-inner '><span class=\"hr-inner-style\"><\/span><\/span><\/div><br \/>\n\n<style type=\"text\/css\" data-created_by=\"avia_inline_auto\" id=\"style-css-av-2f2ly0-c851037fb9f48b0e4c6b4bf8a6e0469a\">\n.avia-accordion.av-2f2ly0-c851037fb9f48b0e4c6b4bf8a6e0469a{\nmax-height:630px;\n}\n.avia-accordion.av-2f2ly0-c851037fb9f48b0e4c6b4bf8a6e0469a .aviaccordion-preview{\nwidth:25.1%;\n}\n.avia-accordion .aviaccordion-slide.av-2f2ly0-c851037fb9f48b0e4c6b4bf8a6e0469a__0{\nleft:0%;\n}\n.avia-accordion .aviaccordion-slide.av-2f2ly0-c851037fb9f48b0e4c6b4bf8a6e0469a__1{\nleft:25%;\n}\n.avia-accordion .aviaccordion-slide.av-2f2ly0-c851037fb9f48b0e4c6b4bf8a6e0469a__2{\nleft:50%;\n}\n.avia-accordion .aviaccordion-slide.av-2f2ly0-c851037fb9f48b0e4c6b4bf8a6e0469a__3{\nleft:75%;\n}\n<\/style>\n<div  id=\"accordion_slider_1\"  class='aviaccordion avia-accordion av-2f2ly0-c851037fb9f48b0e4c6b4bf8a6e0469a aviaccordion-title-inactive av-slideshow-manual av-loop-once ' data-slideshow-options=\"{&quot;interval&quot;:5,&quot;autoplay&quot;:false,&quot;loop_autoplay&quot;:&quot;once&quot;}\"  itemscope=\"itemscope\" itemtype=\"https:\/\/schema.org\/Blog\" ><ul class=\"aviaccordion-inner\"><li class='aviaccordion-slide av-2f2ly0-c851037fb9f48b0e4c6b4bf8a6e0469a__0 aviaccordion-slide-1' data-av-left='0'  itemscope=\"itemscope\" itemtype=\"https:\/\/schema.org\/CreativeWork\" ><a class='aviaccordion-slide-link noHover' href=\"https:\/\/www.domaine-valinches.fr\/wp-content\/uploads\/2023\/07\/env_slide_1-1030x555.jpg\" data-srcset=\"https:\/\/www.domaine-valinches.fr\/wp-content\/uploads\/2023\/07\/env_slide_1-1030x555.jpg 1030w, https:\/\/www.domaine-valinches.fr\/wp-content\/uploads\/2023\/07\/env_slide_1-300x162.jpg 300w, https:\/\/www.domaine-valinches.fr\/wp-content\/uploads\/2023\/07\/env_slide_1-768x414.jpg 768w, https:\/\/www.domaine-valinches.fr\/wp-content\/uploads\/2023\/07\/env_slide_1-1536x827.jpg 1536w, https:\/\/www.domaine-valinches.fr\/wp-content\/uploads\/2023\/07\/env_slide_1-1500x808.jpg 1500w, https:\/\/www.domaine-valinches.fr\/wp-content\/uploads\/2023\/07\/env_slide_1-705x380.jpg 705w, https:\/\/www.domaine-valinches.fr\/wp-content\/uploads\/2023\/07\/env_slide_1.jpg 2048w\" data-sizes=\"(max-width: 1030px) 100vw, 1030px\"  title=\"env_slide_1\" ><div class='aviaccordion-preview '><\/div><img loading=\"lazy\" decoding=\"async\" width=\"1500\" height=\"630\" src=\"https:\/\/www.domaine-valinches.fr\/wp-content\/uploads\/2023\/07\/env_slide_1-1500x630.jpg\" class=\"aviaccordion-image\" alt=\"\" \/><\/a><\/li><li class='aviaccordion-slide av-2f2ly0-c851037fb9f48b0e4c6b4bf8a6e0469a__1 aviaccordion-slide-2' data-av-left='25'  itemscope=\"itemscope\" itemtype=\"https:\/\/schema.org\/CreativeWork\" ><a class='aviaccordion-slide-link noHover' href=\"https:\/\/www.domaine-valinches.fr\/wp-content\/uploads\/2023\/07\/env_slide_2-1030x555.jpg\" data-srcset=\"https:\/\/www.domaine-valinches.fr\/wp-content\/uploads\/2023\/07\/env_slide_2-1030x555.jpg 1030w, https:\/\/www.domaine-valinches.fr\/wp-content\/uploads\/2023\/07\/env_slide_2-300x162.jpg 300w, https:\/\/www.domaine-valinches.fr\/wp-content\/uploads\/2023\/07\/env_slide_2-768x414.jpg 768w, https:\/\/www.domaine-valinches.fr\/wp-content\/uploads\/2023\/07\/env_slide_2-1536x827.jpg 1536w, https:\/\/www.domaine-valinches.fr\/wp-content\/uploads\/2023\/07\/env_slide_2-1500x808.jpg 1500w, https:\/\/www.domaine-valinches.fr\/wp-content\/uploads\/2023\/07\/env_slide_2-705x380.jpg 705w, https:\/\/www.domaine-valinches.fr\/wp-content\/uploads\/2023\/07\/env_slide_2.jpg 2048w\" data-sizes=\"(max-width: 1030px) 100vw, 1030px\"  title=\"env_slide_2\" ><div class='aviaccordion-preview '><\/div><img loading=\"lazy\" decoding=\"async\" width=\"1500\" height=\"630\" src=\"https:\/\/www.domaine-valinches.fr\/wp-content\/uploads\/2023\/07\/env_slide_2-1500x630.jpg\" class=\"aviaccordion-image\" alt=\"\" \/><\/a><\/li><li class='aviaccordion-slide av-2f2ly0-c851037fb9f48b0e4c6b4bf8a6e0469a__2 aviaccordion-slide-3' data-av-left='50'  itemscope=\"itemscope\" itemtype=\"https:\/\/schema.org\/CreativeWork\" ><a class='aviaccordion-slide-link noHover' href=\"https:\/\/www.domaine-valinches.fr\/wp-content\/uploads\/2023\/07\/env_slide_4-1030x555.jpg\" data-srcset=\"https:\/\/www.domaine-valinches.fr\/wp-content\/uploads\/2023\/07\/env_slide_4-1030x555.jpg 1030w, https:\/\/www.domaine-valinches.fr\/wp-content\/uploads\/2023\/07\/env_slide_4-300x162.jpg 300w, https:\/\/www.domaine-valinches.fr\/wp-content\/uploads\/2023\/07\/env_slide_4-768x414.jpg 768w, https:\/\/www.domaine-valinches.fr\/wp-content\/uploads\/2023\/07\/env_slide_4-1536x827.jpg 1536w, https:\/\/www.domaine-valinches.fr\/wp-content\/uploads\/2023\/07\/env_slide_4-1500x808.jpg 1500w, https:\/\/www.domaine-valinches.fr\/wp-content\/uploads\/2023\/07\/env_slide_4-705x380.jpg 705w, https:\/\/www.domaine-valinches.fr\/wp-content\/uploads\/2023\/07\/env_slide_4.jpg 2048w\" data-sizes=\"(max-width: 1030px) 100vw, 1030px\"  title=\"env_slide_4\" ><div class='aviaccordion-preview '><\/div><img loading=\"lazy\" decoding=\"async\" width=\"1500\" height=\"630\" src=\"https:\/\/www.domaine-valinches.fr\/wp-content\/uploads\/2023\/07\/env_slide_4-1500x630.jpg\" class=\"aviaccordion-image\" alt=\"\" \/><\/a><\/li><li class='aviaccordion-slide av-2f2ly0-c851037fb9f48b0e4c6b4bf8a6e0469a__3 aviaccordion-slide-4' data-av-left='75'  itemscope=\"itemscope\" itemtype=\"https:\/\/schema.org\/CreativeWork\" ><a class='aviaccordion-slide-link noHover' href=\"https:\/\/www.domaine-valinches.fr\/wp-content\/uploads\/2023\/07\/env_slide_3-1030x555.jpg\" data-srcset=\"https:\/\/www.domaine-valinches.fr\/wp-content\/uploads\/2023\/07\/env_slide_3-1030x555.jpg 1030w, https:\/\/www.domaine-valinches.fr\/wp-content\/uploads\/2023\/07\/env_slide_3-300x162.jpg 300w, https:\/\/www.domaine-valinches.fr\/wp-content\/uploads\/2023\/07\/env_slide_3-768x414.jpg 768w, https:\/\/www.domaine-valinches.fr\/wp-content\/uploads\/2023\/07\/env_slide_3-1536x827.jpg 1536w, https:\/\/www.domaine-valinches.fr\/wp-content\/uploads\/2023\/07\/env_slide_3-1500x808.jpg 1500w, https:\/\/www.domaine-valinches.fr\/wp-content\/uploads\/2023\/07\/env_slide_3-705x380.jpg 705w, https:\/\/www.domaine-valinches.fr\/wp-content\/uploads\/2023\/07\/env_slide_3.jpg 2048w\" data-sizes=\"(max-width: 1030px) 100vw, 1030px\"  title=\"env_slide_3\" ><div class='aviaccordion-preview '><\/div><img loading=\"lazy\" decoding=\"async\" width=\"1500\" height=\"630\" src=\"https:\/\/www.domaine-valinches.fr\/wp-content\/uploads\/2023\/07\/env_slide_3-1500x630.jpg\" class=\"aviaccordion-image\" alt=\"\" \/><\/a><\/li><\/ul><div class='aviaccordion-spacer' style='padding-bottom:42%'><\/div><\/div><\/p><\/div><\/div><!--close column table wrapper. Autoclose: 1 -->\n<div class='flex_column_table av-1j0e8w-b67bb239f9e8bb301b5d246699310d14 sc-av_four_fifth av-equal-height-column-flextable'><div  class='flex_column av-1j0e8w-b67bb239f9e8bb301b5d246699310d14 av_four_fifth  avia-builder-el-9  el_after_av_one_full  el_before_av_one_fifth  first flex_column_table_cell av-equal-height-column av-align-middle  column-top-margin'     ><section  class='av_textblock_section av-4vl94-3d6337e8e22c06e52cccc1928454f743 '   itemscope=\"itemscope\" itemtype=\"https:\/\/schema.org\/CreativeWork\" ><div class='avia_textblock'  itemprop=\"text\" ><ul>\n<li>15 Hektar reinste Natur und majest\u00e4tische, zweihundertj\u00e4hrige B\u00e4ume<\/li>\n<li>In den Vordergrund ger\u00fcckte, \u00f6kologische Verantwortung und Achtung der nachhaltigen Entwicklung<\/li>\n<li>Achtung und Schutz der Natur<\/li>\n<li>Aufwertung der Tier- und Pflanzenwelt<\/li>\n<li>Entwicklung eines Gem\u00fcsegartens vor Ort<\/li>\n<li>Alle Fahrten auf dem Landgut werden mit Elektrofahrzeugen oder Tiergespannwagen durchgef\u00fchrt<\/li>\n<li>Elektrisches Wartungsmaterial\/ kein Einsatz von Pestiziden oder Chemikalien \/ nat\u00fcrliche Unkrautbek\u00e4mpfung<\/li>\n<li>Ein BBC(Niedrigenergie)-Ziel f\u00fcr alle Renovierungen<\/li>\n<li>Erdw\u00e4rmeheizung f\u00fcr alle Geb\u00e4ude<\/li>\n<li>Entwicklung von Aktivit\u00e4ten in der freien Natur<\/li>\n<li>Aufwertung eines Trimm-Dich-Pfads und der Vorteile sportlicher Aktivit\u00e4ten<\/li>\n<\/ul>\n<\/div><\/section><\/div>\n<div class='av-flex-placeholder'><\/div><div  class='flex_column av-bf5yo-76506513ff5c49cabcfebc96a6ee3e59 av_one_fifth  avia-builder-el-11  el_after_av_four_fifth  el_before_av_one_full  flex_column_table_cell av-equal-height-column av-align-middle  column-top-margin'     ><section  class='av_textblock_section av-lkgwab2u-8b9f4dd87a93bf97210df62857edc42c '   itemscope=\"itemscope\" itemtype=\"https:\/\/schema.org\/CreativeWork\" ><div class='avia_textblock'  itemprop=\"text\" ><div id=\"attachment_2317\" style=\"width: 163px\" class=\"wp-caption alignright\"><img loading=\"lazy\" decoding=\"async\" aria-describedby=\"caption-attachment-2317\" class=\"wp-image-2317 size-full\" src=\"https:\/\/www.domaine-valinches.fr\/wp-content\/uploads\/2022\/01\/ademe2.png\" alt=\"ADEME\" width=\"153\" height=\"180\" \/><p id=\"caption-attachment-2317\" class=\"wp-caption-text\">Finanziert von Ademe<\/p><\/div>\n<\/div><\/section><\/div><\/div><!--close column table wrapper. Autoclose: 1 --><div  class='flex_column av-18pn0w-1b376701c93e437f46a64bcfab121756 av_one_full  avia-builder-el-13  el_after_av_one_fifth  el_before_av_hr  first flex_column_div  column-top-margin'     ><section  class='av_textblock_section av-13rhg0-53445be1148ee79cef2e8081dfbd18ba '   itemscope=\"itemscope\" itemtype=\"https:\/\/schema.org\/CreativeWork\" ><div class='avia_textblock'  itemprop=\"text\" ><h2 style=\"text-align: center;\">Die Park- und Schlossanlage sch\u00fctzt unsere Umwelt<\/h2>\n<\/div><\/section><br \/>\n\n<style type=\"text\/css\" data-created_by=\"avia_inline_auto\" id=\"style-css-av-vlpts-50ecaf0c88f55d162c8a83950740d66a\">\n#top .hr.hr-invisible.av-vlpts-50ecaf0c88f55d162c8a83950740d66a{\nheight:10px;\n}\n<\/style>\n<div  class='hr av-vlpts-50ecaf0c88f55d162c8a83950740d66a hr-invisible  avia-builder-el-15  el_after_av_textblock  el_before_av_image '><span class='hr-inner '><span class=\"hr-inner-style\"><\/span><\/span><\/div><br \/>\n\n<style type=\"text\/css\" data-created_by=\"avia_inline_auto\" id=\"style-css-av-s9tgw-67e414648b2d6913a452e5ea565e0ef1\">\n.avia-image-container.av-s9tgw-67e414648b2d6913a452e5ea565e0ef1 img.avia_image{\n-webkit-box-shadow:none;\n-moz-box-shadow:none;\nbox-shadow:none;\n}\n.avia-image-container.av-s9tgw-67e414648b2d6913a452e5ea565e0ef1 .av-image-caption-overlay-center{\ncolor:#ffffff;\n}\n<\/style>\n<div  class='avia-image-container av-s9tgw-67e414648b2d6913a452e5ea565e0ef1 av-styling- avia-align-center  avia-builder-el-16  el_after_av_hr  el_before_av_hr '   itemprop=\"image\" itemscope=\"itemscope\" itemtype=\"https:\/\/schema.org\/ImageObject\" ><div class=\"avia-image-container-inner\"><div class=\"avia-image-overlay-wrap\"><img decoding=\"async\" fetchpriority=\"high\" class='wp-image-4838 avia-img-lazy-loading-not-4838 avia_image ' src=\"https:\/\/www.domaine-valinches.fr\/wp-content\/uploads\/2023\/08\/valinche-20230629-114.jpg\" alt='' title='valinche-20230629-114'  height=\"1200\" width=\"2048\"  itemprop=\"thumbnailUrl\" srcset=\"https:\/\/www.domaine-valinches.fr\/wp-content\/uploads\/2023\/08\/valinche-20230629-114.jpg 2048w, https:\/\/www.domaine-valinches.fr\/wp-content\/uploads\/2023\/08\/valinche-20230629-114-300x176.jpg 300w, https:\/\/www.domaine-valinches.fr\/wp-content\/uploads\/2023\/08\/valinche-20230629-114-1030x604.jpg 1030w, https:\/\/www.domaine-valinches.fr\/wp-content\/uploads\/2023\/08\/valinche-20230629-114-768x450.jpg 768w, https:\/\/www.domaine-valinches.fr\/wp-content\/uploads\/2023\/08\/valinche-20230629-114-1536x900.jpg 1536w, https:\/\/www.domaine-valinches.fr\/wp-content\/uploads\/2023\/08\/valinche-20230629-114-1500x879.jpg 1500w, https:\/\/www.domaine-valinches.fr\/wp-content\/uploads\/2023\/08\/valinche-20230629-114-705x413.jpg 705w\" sizes=\"(max-width: 2048px) 100vw, 2048px\" \/><\/div><\/div><\/div><br \/>\n\n<style type=\"text\/css\" data-created_by=\"avia_inline_auto\" id=\"style-css-av-kh4j4-9de5eab59d6513c7da28a92ef46d986a\">\n#top .hr.hr-invisible.av-kh4j4-9de5eab59d6513c7da28a92ef46d986a{\nheight:10px;\n}\n<\/style>\n<div  class='hr av-kh4j4-9de5eab59d6513c7da28a92ef46d986a hr-invisible  avia-builder-el-17  el_after_av_image  el_before_av_textblock '><span class='hr-inner '><span class=\"hr-inner-style\"><\/span><\/span><\/div><br \/>\n<section  class='av_textblock_section av-1off4-c750605f5a487fed04551539fc676e9d '   itemscope=\"itemscope\" itemtype=\"https:\/\/schema.org\/CreativeWork\" ><div class='avia_textblock'  itemprop=\"text\" ><p>Biodiversit\u00e4t, Energie, Wasser, Abfallverwertung, biologisch Einkaufen, Vermeidung von Verschwendung: Die gesamte Verwaltung der Parkanlage von Valinches ist Teil eines<strong> \u00f6kologisch verantwortungsvollen Ansatzes zur nachhaltigen Entwicklung<\/strong>. So hat das Schloss von Valinches zum Heizen und K\u00fchlen der R\u00e4umlichkeiten die gr\u00f6\u00dfte Erdw\u00e4rmeanlage des Departements entwickelt und verfolgt gleichzeitig weiter sein <strong>BBC(Niedrigenergie)-Ziel<\/strong> f\u00fcr alle Renovierungen. Damit wird sichergestellt, von einer vollst\u00e4ndig kohlenstofffreien, erneuerbaren Energie zu profitieren, ohne dabei auf den Komfort der modernen Welt mit einem hohen Qualit\u00e4tsniveau verzichten zu m\u00fcssen.<\/p>\n<p>Dieselbe Idee wie bei der Aufwertung des Kulturerbes und der Erhaltung der Umwelt verfolgt die Park- und Schlossanlage von Valinches, wenn sie versucht sowohl bei den Produkten als auch bei den Dienstleistungen <strong>lokale Eink\u00e4ufe zu bevorzugen<\/strong>.<\/p>\n<p>So werden f\u00fcr Wartungs- oder Renovierungsarbeiten systematisch lokale Unternehmen ausgew\u00e4hlt, w\u00e4hrend alle Fahrten auf dem Gut mit <strong>Elektrofahrzeugen<\/strong> durchgef\u00fchrt werden. Neben dem \u00f6kologischen Aspekt hat diese Entscheidung auch dazu gef\u00fchrt, dass das Schloss dank des Know-hows und der Leidenschaft erfahrener, lokaler Handwerker im Einklang mit den lokalen Traditionen renoviert werden konnte.<\/p>\n<p>In den Hotelzimmern sind die Bettw\u00e4sche und s\u00e4mtliche Haushaltsw\u00e4sche garantiert <strong>made in France<\/strong>, w\u00e4hrend die Hygiene- und Reinigungsprodukte alle mit einem Umweltsiegel versehen sind. F\u00fcr die Renovierung der Badezimmer wurde europ\u00e4isches Akazienholz bevorzugt, um die traditionellen Teak- oder Ip\u00e9-H\u00f6lzer mit ihrer katastrophalen \u00d6kobilanz zu untersagen. <strong>Einweg-Plastikflachen wurden von der gesamten Anlage verbannt<\/strong> und daf\u00fcr wiederverwendbare oder recycelbare Materialien eingesetzt.<\/p>\n<p>F\u00fcr das Restaurant \u201eL&#8217;Instant Pr\u00e9sent\u201c wollen der K\u00fcchenchef und sein Team einen eigenen Gem\u00fcsegarten einrichten: <strong>Unkraut wird dort mit kochendem Wasser gej\u00e4tet<\/strong>, genau wie auf der restlichen Anlage, und die Sch\u00e4dlingsbek\u00e4mpfung erfolgt nach den Grunds\u00e4tzen des biologischen Landbaus (z. B. Behandlung mit Schmierseife).<\/p>\n<p><strong>Kein Zweifel: Auf der Park- und Schlossanlage von Valinches ist Gr\u00fcn nicht nur im Park und im Garten zu finden! Es ist \u00fcberall pr\u00e4sent, von den Zimmern des Hotels bis zu den Tellern des Restaurants!<\/strong><\/p>\n<\/div><\/section><\/p><\/div><\/p>\n\n<style type=\"text\/css\" data-created_by=\"avia_inline_auto\" id=\"style-css-av-9tj48-8a4d293bb319e46b65b93f84f0e5bf9b\">\n#top .hr.hr-invisible.av-9tj48-8a4d293bb319e46b65b93f84f0e5bf9b{\nheight:20px;\n}\n<\/style>\n<div  class='hr av-9tj48-8a4d293bb319e46b65b93f84f0e5bf9b hr-invisible  avia-builder-el-19  el_after_av_one_full  el_before_av_textblock '><span class='hr-inner '><span class=\"hr-inner-style\"><\/span><\/span><\/div>\n<section  class='av_textblock_section av-ao3fc-fb4ace7715444668a84a75ee8623ee57 '   itemscope=\"itemscope\" itemtype=\"https:\/\/schema.org\/CreativeWork\" ><div class='avia_textblock'  itemprop=\"text\" ><div  class='flex_column av-ip67p0-6e94b67120d47fe84bf5ff659811d136 av_one_full first flex_column_div  '     ><p>\n<style type=\"text\/css\" data-created_by=\"avia_inline_auto\" id=\"style-css-av-hxludw-e6ce77107f7d2a0d156b5f309c6f0f2d\">\n#top .hr.hr-invisible.av-hxludw-e6ce77107f7d2a0d156b5f309c6f0f2d{\nheight:70px;\n}\n<\/style>\n<div  class='hr av-hxludw-e6ce77107f7d2a0d156b5f309c6f0f2d hr-invisible'><span class='hr-inner '><span class=\"hr-inner-style\"><\/span><\/span><\/div><br \/>\n<section  class='av_textblock_section av-f6b644-60de20d871553016541992880b69bef2 '   itemscope=\"itemscope\" itemtype=\"https:\/\/schema.org\/CreativeWork\" ><div class='avia_textblock testititle'  itemprop=\"text\" ><h2 class=\"rr\">T\u00e9moignages<\/h2>\n<\/div><\/section><br \/>\n\n<style type=\"text\/css\" data-created_by=\"avia_inline_auto\" id=\"style-css-av-dlwrz8-e10ebf93ce5291406e5ea686c11ace87\">\n#top .av-slideshow-ui.av-dlwrz8-e10ebf93ce5291406e5ea686c11ace87 .avia-slideshow-arrows a{\ncolor:#321921;\n}\n#top .av-slideshow-ui.av-dlwrz8-e10ebf93ce5291406e5ea686c11ace87 .avia-slideshow-arrows a.avia-svg-icon svg:first-child{\nstroke:#321921 !important;\nfill:#321921 !important;\n}\n<\/style>\n<div  class='avia-testimonial-wrapper av-dlwrz8-e10ebf93ce5291406e5ea686c11ace87 avia-slider-testimonials avia-slider-2-testimonials avia_animate_when_almost_visible cktestis av-large-testimonial-slider av-slideshow-ui av-control-default av-nav-arrows-visible av-no-slider-navigation av-slider-hover-pause av-slideshow-autoplay av-loop-endless av-loop-manual-endless' data-slideshow-options=\"{&quot;animation&quot;:&quot;fade&quot;,&quot;autoplay&quot;:true,&quot;loop_autoplay&quot;:&quot;endless&quot;,&quot;interval&quot;:5,&quot;loop_manual&quot;:&quot;manual-endless&quot;,&quot;autoplay_stopper&quot;:false,&quot;noNavigation&quot;:false,&quot;bg_slider&quot;:false,&quot;keep_padding&quot;:&quot;&quot;,&quot;hoverpause&quot;:true,&quot;show_slide_delay&quot;:0}\">\n<section class=\"avia-testimonial-row\"><div class='avia-testimonial av-lzl0nav6-8a6ee81d9bc8ec69b6ff1ed78abcf5ce avia-testimonial-row-1 avia-first-testimonial flex_column no_margin av_one_half'><div class='avia-testimonial_inner'  itemscope=\"itemscope\" itemtype=\"https:\/\/schema.org\/CreativeWork\" ><div class='avia-testimonial-content '><div class='avia-testimonial-markup-entry-content'  itemprop=\"text\" ><p>Nous sommes arriv\u00e9s chez vous par hasard et qu&#8217;elle magnifique surprise. Le lieu est splendide. Le ch\u00e2teau est magnifiquement bien r\u00e9nov\u00e9 \u00e9norm\u00e9ment de go\u00fbt . Les chambres tr\u00e8s belles et tr\u00e8s agr\u00e9ables. La literie est parfaite. La table est savoureuse. Le petit d\u00e9jeuner parfait copieux et des produits de qualit\u00e9. En plus le personnel est charmant disponible attentif et agr\u00e9able. L ext\u00e9rieur du ch\u00e2teau est magnifique es tr\u00e8s bien entretenu. Pour r\u00e9sum\u00e9 tout est parfait. Je reconseille cet \u00e9tablissement.<\/p>\n<\/div><\/div><div class=\"avia-testimonial-meta\"><div class=\"avia-testimonial-arrow-wrap\"><div class=\"avia-arrow\"><\/div><\/div><div class='avia-testimonial-meta-mini'  itemprop=\"author\" itemscope=\"itemscope\" itemtype=\"https:\/\/schema.org\/Person\" ><strong  class='avia-testimonial-name'  itemprop=\"name\" >Rodolphe<\/strong><\/div><\/div><\/div><\/div>\n<div class='avia-testimonial av-lzl0mo61-0bd1ef4f137c5b06794234e0698e2876 avia-testimonial-row-1 flex_column no_margin av_one_half'><div class='avia-testimonial_inner'  itemscope=\"itemscope\" itemtype=\"https:\/\/schema.org\/CreativeWork\" ><div class='avia-testimonial-content '><div class='avia-testimonial-markup-entry-content'  itemprop=\"text\" ><p>Lors de mon repas ce dimanche apr\u00e8s midi, j&#8217;ai pass\u00e9 un agr\u00e9able moment. Les plats sont succulents, le service y est joyeux et agr\u00e9able. Le parc est vraiment tr\u00e8s beau : des chemins \u00e0 travers la for\u00eat d&#8217;une longueur d&#8217;environ 2km proposent une balade tr\u00e8s agr\u00e9able. Des terrains de p\u00e9tanque et un terrain de golf sont \u00e0 disposition. Cette exp\u00e9rience \u00e9tait vraiment super, je recommande vivement ! A midi le magret de canard et le fondant au chocolat \u00e9taient d\u00e9licieux !<\/p>\n<\/div><\/div><div class=\"avia-testimonial-meta\"><div class=\"avia-testimonial-arrow-wrap\"><div class=\"avia-arrow\"><\/div><\/div><div class='avia-testimonial-meta-mini'  itemprop=\"author\" itemscope=\"itemscope\" itemtype=\"https:\/\/schema.org\/Person\" ><strong  class='avia-testimonial-name'  itemprop=\"name\" >Famille Insardi<\/strong><\/div><\/div><\/div><\/div>\n<div class='avia-testimonial av-lq3hmjst-48d9261471e4679d37148195ee86a980 avia-testimonial-row-1 flex_column no_margin av_one_half'><div class='avia-testimonial_inner'  itemscope=\"itemscope\" itemtype=\"https:\/\/schema.org\/CreativeWork\" ><div class='avia-testimonial-content '><div class='avia-testimonial-markup-entry-content'  itemprop=\"text\" ><p style=\"font-weight: 400;\">C\u2019est toujours un r\u00e9el plaisir de d\u00e9jeuner au Domaine.<\/p>\n<p style=\"font-weight: 400;\">Tout est parfait !<\/p>\n<p style=\"font-weight: 400;\">Au plaisir d\u2019un nouvel \u00e9v\u00e8nement \u00e0 organiser au sein de votre \u00e9tablissement.<\/p>\n<p>(Journ\u00e9e d&#8217;\u00e9tude, d\u00e9cembre 2023).<\/p>\n<\/div><\/div><div class=\"avia-testimonial-meta\"><div class=\"avia-testimonial-arrow-wrap\"><div class=\"avia-arrow\"><\/div><\/div><div class='avia-testimonial-meta-mini'  itemprop=\"author\" itemscope=\"itemscope\" itemtype=\"https:\/\/schema.org\/Person\" ><strong  class='avia-testimonial-name'  itemprop=\"name\" >Eiffage<\/strong><\/div><\/div><\/div><\/div>\n<div class='avia-testimonial av-lq3hr2ui-a75fb0367fc9a7abb13c94f84d84ea9b avia-testimonial-row-1 flex_column no_margin av_one_half'><div class='avia-testimonial_inner'  itemscope=\"itemscope\" itemtype=\"https:\/\/schema.org\/CreativeWork\" ><div class='avia-testimonial-content '><div class='avia-testimonial-markup-entry-content'  itemprop=\"text\" ><p style=\"font-weight: 400;\">Lieu tr\u00e8s agr\u00e9able et calme, parfait pour un s\u00e9minaire r\u00e9sidentiel (salles de r\u00e9union, chambres, repas et pauses, tout est de qualit\u00e9).<\/p>\n<p>(S\u00e9minaire r\u00e9sidentiel, novembre 2023).<\/p>\n<\/div><\/div><div class=\"avia-testimonial-meta\"><div class=\"avia-testimonial-arrow-wrap\"><div class=\"avia-arrow\"><\/div><\/div><div class='avia-testimonial-meta-mini'  itemprop=\"author\" itemscope=\"itemscope\" itemtype=\"https:\/\/schema.org\/Person\" ><strong  class='avia-testimonial-name'  itemprop=\"name\" >Boehringer Ingelheim<\/strong><\/div><\/div><\/div><\/div>\n<div class='avia-testimonial av-lzl0krcw-dbfdb18b9aecbd344281218b5c2fd14d avia-testimonial-row-1 flex_column no_margin av_one_half'><div class='avia-testimonial_inner'  itemscope=\"itemscope\" itemtype=\"https:\/\/schema.org\/CreativeWork\" ><div class='avia-testimonial-content '><div class='avia-testimonial-markup-entry-content'  itemprop=\"text\" ><p>Nous avons d\u00e9gust\u00e9 le menu du jour avec grand plaisir. Le cadre est tr\u00e8s beau . Le service est impeccable. Merci pour ce bon moment que nous renouvellerons.<\/p>\n<\/div><\/div><div class=\"avia-testimonial-meta\"><div class=\"avia-testimonial-arrow-wrap\"><div class=\"avia-arrow\"><\/div><\/div><div class='avia-testimonial-meta-mini'  itemprop=\"author\" itemscope=\"itemscope\" itemtype=\"https:\/\/schema.org\/Person\" ><strong  class='avia-testimonial-name'  itemprop=\"name\" >Famille Merle<\/strong><\/div><\/div><\/div><\/div>\n<div class='avia-testimonial av-lzl0luw2-dd043cff912af73143041f009ce82c2e avia-testimonial-row-1 flex_column no_margin av_one_half'><div class='avia-testimonial_inner'  itemscope=\"itemscope\" itemtype=\"https:\/\/schema.org\/CreativeWork\" ><div class='avia-testimonial-content '><div class='avia-testimonial-markup-entry-content'  itemprop=\"text\" ><p>Bravo aux chefs et aux serveurs jeunes, souriants et dynamiques du restaurant l&#8217;instant pr\u00e9sent. Nous avons r\u00e9serv\u00e9 par GRoupon et cela nous a permis de connaitre les superbes lieux que nous avons dans notre r\u00e9gion. Bravo aux g\u00e9rants pour avoir redonn\u00e9 naissance \u00e0 ce superbe lieu.<\/p>\n<\/div><\/div><div class=\"avia-testimonial-meta\"><div class=\"avia-testimonial-arrow-wrap\"><div class=\"avia-arrow\"><\/div><\/div><div class='avia-testimonial-meta-mini'  itemprop=\"author\" itemscope=\"itemscope\" itemtype=\"https:\/\/schema.org\/Person\" ><strong  class='avia-testimonial-name'  itemprop=\"name\" >Ortenza<\/strong><\/div><\/div><\/div><\/div>\n<div class='avia-testimonial av-37zwxg-048b3241fc63f673b4bd343b9bc66bd7 avia-testimonial-row-1 flex_column no_margin av_one_half'><div class='avia-testimonial_inner'  itemscope=\"itemscope\" itemtype=\"https:\/\/schema.org\/CreativeWork\" ><div class='avia-testimonial-content '><div class='avia-testimonial-markup-entry-content'  itemprop=\"text\" ><p>Accueil parfait, dans un cadre d&#8217;exception et avec un professionnalisme de tr\u00e8s haut standing ! Encore merci.<\/p>\n<p>(S\u00e9minaire r\u00e9sidentiel, janvier 2023).<\/p>\n<\/div><\/div><div class=\"avia-testimonial-meta\"><div class=\"avia-testimonial-arrow-wrap\"><div class=\"avia-arrow\"><\/div><\/div><div class='avia-testimonial-meta-mini'  itemprop=\"author\" itemscope=\"itemscope\" itemtype=\"https:\/\/schema.org\/Person\" ><strong  class='avia-testimonial-name'  itemprop=\"name\" >GRDF<\/strong><\/div><\/div><\/div><\/div>\n<div class='avia-testimonial av-lzl0ozt7-8be563dd7adec19c82d21a6c0b01b70f avia-testimonial-row-1 flex_column no_margin av_one_half'><div class='avia-testimonial_inner'  itemscope=\"itemscope\" itemtype=\"https:\/\/schema.org\/CreativeWork\" ><div class='avia-testimonial-content '><div class='avia-testimonial-markup-entry-content'  itemprop=\"text\" ><p>Lieu magique, accueil exceptionnel. Un joyau \u00e0 d\u00e9couvrir dans le Forez. Nous rajoutons cette adresse incontournable pour notre retour annuel dans notre r\u00e9gion d&#8217;origine<\/p>\n<\/div><\/div><div class=\"avia-testimonial-meta\"><div class=\"avia-testimonial-arrow-wrap\"><div class=\"avia-arrow\"><\/div><\/div><div class='avia-testimonial-meta-mini'  itemprop=\"author\" itemscope=\"itemscope\" itemtype=\"https:\/\/schema.org\/Person\" ><strong  class='avia-testimonial-name'  itemprop=\"name\" >Sylvain<\/strong><\/div><\/div><\/div><\/div>\n<div class='avia-testimonial av-c9giro-7c789dfd9fe07161c7e6cceb783ba055 avia-testimonial-row-1 flex_column no_margin av_one_half'><div class='avia-testimonial_inner'  itemscope=\"itemscope\" itemtype=\"https:\/\/schema.org\/CreativeWork\" ><div class='avia-testimonial-content '><div class='avia-testimonial-markup-entry-content'  itemprop=\"text\" ><p>Nous venons vous remercier pour l&#8217;accueil sympathique et chaleureux le 12 juillet dans un salon mis \u00e0 notre disposition pour partager un repas avec nos enfants , petits enfants et conjoints , dans un cadre agr\u00e9able , un repas d\u00e9licieux et tr\u00e8s abordable ; le parc est reposant et a permis de mettre en m\u00e9moire de tr\u00e8s bons souvenirs \u00e0 notre famille.<\/p>\n<\/div><\/div><div class=\"avia-testimonial-meta\"><div class=\"avia-testimonial-arrow-wrap\"><div class=\"avia-arrow\"><\/div><\/div><div class='avia-testimonial-meta-mini'  itemprop=\"author\" itemscope=\"itemscope\" itemtype=\"https:\/\/schema.org\/Person\" ><strong  class='avia-testimonial-name'  itemprop=\"name\" >Marie-Jos\u00e9e<\/strong><\/div><\/div><\/div><\/div>\n<div class='avia-testimonial av-bdph2s-081bffb50eb721d6c38650a4d3b9abca avia-testimonial-row-1 flex_column no_margin av_one_half'><div class='avia-testimonial_inner'  itemscope=\"itemscope\" itemtype=\"https:\/\/schema.org\/CreativeWork\" ><div class='avia-testimonial-content '><div class='avia-testimonial-markup-entry-content'  itemprop=\"text\" ><p>L&#8217;accueil est chaleureux, les chambres sont tr\u00e8s bien. Nous avons din\u00e9 plusieurs soir au restaurant de l&#8217;h\u00f4tel, nous nous sommes r\u00e9gal\u00e9. Bref, un beau s\u00e9jour dans un cadre unique et reposant. Que du bonheur.<\/p>\n<\/div><\/div><div class=\"avia-testimonial-meta\"><div class=\"avia-testimonial-arrow-wrap\"><div class=\"avia-arrow\"><\/div><\/div><div class='avia-testimonial-meta-mini'  itemprop=\"author\" itemscope=\"itemscope\" itemtype=\"https:\/\/schema.org\/Person\" ><strong  class='avia-testimonial-name'  itemprop=\"name\" >Jean-R\u00e9my<\/strong><\/div><\/div><\/div><\/div>\n<div class='avia-testimonial av-9osegk-43defe3d4c38b17497503c7975bf70de avia-testimonial-row-1 flex_column no_margin av_one_half'><div class='avia-testimonial_inner'  itemscope=\"itemscope\" itemtype=\"https:\/\/schema.org\/CreativeWork\" ><div class='avia-testimonial-content '><div class='avia-testimonial-markup-entry-content'  itemprop=\"text\" ><p>Exceptionnel, nous sommes venus d\u00e9jeuner au restaurant ce midi, une \u00e9quipe dynamique, souriante, aimable et un service irr\u00e9prochable. La cuisine \u00e9tait raffin\u00e9e. Je reviendrai sans h\u00e9sitation.<\/p>\n<\/div><\/div><div class=\"avia-testimonial-meta\"><div class=\"avia-testimonial-arrow-wrap\"><div class=\"avia-arrow\"><\/div><\/div><div class='avia-testimonial-meta-mini'  itemprop=\"author\" itemscope=\"itemscope\" itemtype=\"https:\/\/schema.org\/Person\" ><strong  class='avia-testimonial-name'  itemprop=\"name\" >Jodie<\/strong><\/div><\/div><\/div><\/div>\n<div class='avia-testimonial av-7jxc9g-174eb5adba0591eba9b74d5587882b3e avia-testimonial-row-1 flex_column no_margin av_one_half'><div class='avia-testimonial_inner'  itemscope=\"itemscope\" itemtype=\"https:\/\/schema.org\/CreativeWork\" ><div class='avia-testimonial-content '><div class='avia-testimonial-markup-entry-content'  itemprop=\"text\" ><p>Un cadre magique, un repas exceptionnel, le personnel est magnifique, agr\u00e9able, souriant. Un tr\u00e8s bon moment dans ce tr\u00e8s beau ch\u00e2teau.<\/p>\n<\/div><\/div><div class=\"avia-testimonial-meta\"><div class=\"avia-testimonial-arrow-wrap\"><div class=\"avia-arrow\"><\/div><\/div><div class='avia-testimonial-meta-mini'  itemprop=\"author\" itemscope=\"itemscope\" itemtype=\"https:\/\/schema.org\/Person\" ><strong  class='avia-testimonial-name'  itemprop=\"name\" >Ben<\/strong><\/div><\/div><\/div><\/div>\n<div class='avia-testimonial av-5am66c-df7b1a7f9cbb611edfbb6d996b35c6b3 avia-testimonial-row-1 flex_column no_margin av_one_half'><div class='avia-testimonial_inner'  itemscope=\"itemscope\" itemtype=\"https:\/\/schema.org\/CreativeWork\" ><div class='avia-testimonial-content '><div class='avia-testimonial-markup-entry-content'  itemprop=\"text\" ><p>Tr\u00e8s bel endroit, havre de paix pour r\u00e9ceptions, s\u00e9minaires, etc. Dans un beau parc avec un joli parcours de golf.<\/p>\n<\/div><\/div><div class=\"avia-testimonial-meta\"><div class=\"avia-testimonial-arrow-wrap\"><div class=\"avia-arrow\"><\/div><\/div><div class='avia-testimonial-meta-mini'  itemprop=\"author\" itemscope=\"itemscope\" itemtype=\"https:\/\/schema.org\/Person\" ><strong  class='avia-testimonial-name'  itemprop=\"name\" >Catherine<\/strong><\/div><\/div><\/div><\/div>\n<div class='avia-testimonial av-g3dmc-d780b64b3b612b55c3e6c8c2bf8d45e0 avia-testimonial-row-1 flex_column no_margin av_one_half'><div class='avia-testimonial_inner'  itemscope=\"itemscope\" itemtype=\"https:\/\/schema.org\/CreativeWork\" ><div class='avia-testimonial-content '><div class='avia-testimonial-markup-entry-content'  itemprop=\"text\" ><p>Nous souhaitions vous dire un grand merci pour notre repas d&#8217;hier. Le repas \u00e9tait d\u00e9licieux, le cadre magnifique, le ma\u00eetre d&#8217;h\u00f4tel tr\u00e8s disponible et \u00e0 l&#8217;\u00e9coute. Tout \u00e9tait parfait. Nous reviendrons sans h\u00e9sitation. Encore merci pour tout.<\/p>\n<\/div><\/div><div class=\"avia-testimonial-meta\"><div class=\"avia-testimonial-arrow-wrap\"><div class=\"avia-arrow\"><\/div><\/div><div class='avia-testimonial-meta-mini'  itemprop=\"author\" itemscope=\"itemscope\" itemtype=\"https:\/\/schema.org\/Person\" ><strong  class='avia-testimonial-name'  itemprop=\"name\" >Lydie et c\u00e9dric<\/strong><\/div><\/div><\/div><\/div>\n<div class='avia-testimonial av-lsx3xx80-b391dfb5dd02d39ec169c00559774fdb avia-testimonial-row-1 flex_column no_margin av_one_half'><div class='avia-testimonial_inner'  itemscope=\"itemscope\" itemtype=\"https:\/\/schema.org\/CreativeWork\" ><div class='avia-testimonial-content '><div class='avia-testimonial-markup-entry-content'  itemprop=\"text\" ><p>Un lieu splendide pour l&#8217;organisation d&#8217;un \u00e9v\u00e9nement avec une \u00e9quipe attentive aux d\u00e9tails et disponible. Un grand merci au ch\u00e2teau pour son accueil.<\/p>\n<\/div><\/div><div class=\"avia-testimonial-meta\"><div class=\"avia-testimonial-arrow-wrap\"><div class=\"avia-arrow\"><\/div><\/div><div class='avia-testimonial-meta-mini'  itemprop=\"author\" itemscope=\"itemscope\" itemtype=\"https:\/\/schema.org\/Person\" ><strong  class='avia-testimonial-name'  itemprop=\"name\" >Marina<\/strong><\/div><\/div><\/div><\/div>\n<\/section><div class='avia-slideshow-arrows avia-slideshow-controls' ><a href='#prev' class='prev-slide  avia-svg-icon avia-font-svg_entypo-fontello' data-av_svg_icon='left-open-big' data-av_iconset='svg_entypo-fontello' tabindex='-1' title=\"Zur\u00fcck\"><svg version=\"1.1\" xmlns=\"http:\/\/www.w3.org\/2000\/svg\" width=\"15\" height=\"32\" viewBox=\"0 0 15 32\" preserveAspectRatio=\"xMidYMid meet\" aria-labelledby='av-svg-title-1' aria-describedby='av-svg-desc-1' role=\"graphics-symbol\" aria-hidden=\"true\">\n<title id='av-svg-title-1'>Zur\u00fcck<\/title>\n<desc id='av-svg-desc-1'>Zur\u00fcck<\/desc>\n<path d=\"M14.464 27.84q0.832 0.832 0 1.536-0.832 0.832-1.536 0l-12.544-12.608q-0.768-0.768 0-1.6l12.544-12.608q0.704-0.832 1.536 0 0.832 0.704 0 1.536l-11.456 11.904z\"><\/path>\n<\/svg><span class='avia_hidden_link_text'>Zur\u00fcck<\/span><\/a><a href='#next' class='next-slide  avia-svg-icon avia-font-svg_entypo-fontello' data-av_svg_icon='right-open-big' data-av_iconset='svg_entypo-fontello' tabindex='-1' title=\"Weiter\"><svg version=\"1.1\" xmlns=\"http:\/\/www.w3.org\/2000\/svg\" width=\"15\" height=\"32\" viewBox=\"0 0 15 32\" preserveAspectRatio=\"xMidYMid meet\" aria-labelledby='av-svg-title-2' aria-describedby='av-svg-desc-2' role=\"graphics-symbol\" aria-hidden=\"true\">\n<title id='av-svg-title-2'>Weiter<\/title>\n<desc id='av-svg-desc-2'>Weiter<\/desc>\n<path d=\"M0.416 27.84l11.456-11.84-11.456-11.904q-0.832-0.832 0-1.536 0.832-0.832 1.536 0l12.544 12.608q0.768 0.832 0 1.6l-12.544 12.608q-0.704 0.832-1.536 0-0.832-0.704 0-1.536z\"><\/path>\n<\/svg><span class='avia_hidden_link_text'>Weiter<\/span><\/a><\/div><\/div><\/p><\/div>\n\n<\/div><\/section>\n","protected":false},"excerpt":{"rendered":"","protected":false},"author":1,"featured_media":0,"parent":0,"menu_order":0,"comment_status":"closed","ping_status":"closed","template":"","meta":{"_acf_changed":false,"footnotes":""},"class_list":["post-3441","page","type-page","status-publish","hentry"],"acf":[],"aioseo_notices":[],"_links":{"self":[{"href":"https:\/\/www.domaine-valinches.fr\/de\/wp-json\/wp\/v2\/pages\/3441","targetHints":{"allow":["GET"]}}],"collection":[{"href":"https:\/\/www.domaine-valinches.fr\/de\/wp-json\/wp\/v2\/pages"}],"about":[{"href":"https:\/\/www.domaine-valinches.fr\/de\/wp-json\/wp\/v2\/types\/page"}],"author":[{"embeddable":true,"href":"https:\/\/www.domaine-valinches.fr\/de\/wp-json\/wp\/v2\/users\/1"}],"replies":[{"embeddable":true,"href":"https:\/\/www.domaine-valinches.fr\/de\/wp-json\/wp\/v2\/comments?post=3441"}],"version-history":[{"count":4,"href":"https:\/\/www.domaine-valinches.fr\/de\/wp-json\/wp\/v2\/pages\/3441\/revisions"}],"predecessor-version":[{"id":4970,"href":"https:\/\/www.domaine-valinches.fr\/de\/wp-json\/wp\/v2\/pages\/3441\/revisions\/4970"}],"wp:attachment":[{"href":"https:\/\/www.domaine-valinches.fr\/de\/wp-json\/wp\/v2\/media?parent=3441"}],"curies":[{"name":"wp","href":"https:\/\/api.w.org\/{rel}","templated":true}]}}